{"id":4217,"date":"2021-05-04T14:22:27","date_gmt":"2021-05-04T12:22:27","guid":{"rendered":"https:\/\/www.campingesplanade.fr\/accommodatie\/"},"modified":"2026-03-26T16:06:28","modified_gmt":"2026-03-26T15:06:28","slug":"stacaravans-corsica","status":"publish","type":"page","link":"https:\/\/www.campingesplanade.fr\/nl\/stacaravans-corsica\/","title":{"rendered":"Locaties"},"content":{"rendered":"\n<figure class=\"wp-block-image alignfull size-full section_banniere\"><img width=\"1920\" height=\"1280\" src=\"https:\/\/www.campingesplanade.fr\/wp-content\/uploads\/2021\/08\/IMG_1682.jpg\" alt=\"Camping L'esplanade : Afbeelding 1682\" class=\"wp-image-920\" srcset=\"https:\/\/www.campingesplanade.fr\/wp-content\/uploads\/2021\/08\/IMG_1682.jpg 1920w, https:\/\/www.campingesplanade.fr\/wp-content\/uploads\/2021\/08\/IMG_1682-300x200.jpg 300w, https:\/\/www.campingesplanade.fr\/wp-content\/uploads\/2021\/08\/IMG_1682-1024x683.jpg 1024w, https:\/\/www.campingesplanade.fr\/wp-content\/uploads\/2021\/08\/IMG_1682-768x512.jpg 768w, https:\/\/www.campingesplanade.fr\/wp-content\/uploads\/2021\/08\/IMG_1682-1536x1024.jpg 1536w\" sizes=\"(max-width: 1920px) 100vw, 1920px\" \/><\/figure>\n\n\n\n<div class=\"wp-block-group section_recherche-resa\"><div class=\"wp-block-group__inner-container\">\n<ctv-searchbar><\/ctv-searchbar>\n\n\n\n<p><\/p>\n\n\n\n<p class=\"has-text-align-center\">U kunt ons bereiken via e-mail op <a href=\"mailto:campingesplanade@gmail.com\" target=\"_blank\" rel=\"noreferrer noopener\">campingesplanade@gmail.com<\/a> of telefonisch op <a itemprop=\"telephone\" href=\"tel:+334 95 76 05 03\">04 95 76 05 03<\/a>.<\/p>\n<\/div><\/div>\n\n\n\n<div class=\"wp-block-group section_introduction\"><div class=\"wp-block-group__inner-container\">\n<h1 class=\"has-text-align-left titi-toto\">Verhuur van stacaravans in Propriano<\/h1>\n\n\n\n<p>Wil je op vakantie en alles ontdekken wat Corsica-du-Sud te bieden heeft?<br>Onze <a href=\"https:\/\/www.campingesplanade.fr\/nl\/\" target=\"_blank\" rel=\"noreferrer noopener\">camping in Propriano <\/a>is de ideale plek voor jou. Op de<strong> 4-sterrencamping <\/strong>l&#8217;Esplanade in een <strong>van onze stacaravans in Propriano<\/strong>. L&#8217;Esplanade ligt op slechts 9 kilometer van de stad Propriano.  <\/p>\n\n\n\n<div class=\"wp-block-columns\">\n<div class=\"wp-block-column\">\n<h2>Kamperen in Corsica aan zee<\/h2>\n\n\n\n<p>De<strong> camping biedt rechtstreeks toegang tot het strand van Campitellu<\/strong>. In feite ligt de camping aan zee en elke huuraccommodatie in <strong>een stacaravan in Propriano<\/strong> biedt een subliem uitzicht op de omgeving, ideaal voor vakantiegangers. We bieden onze klanten een breed<a href=\"https:\/\/www.campingesplanade.fr\/nl\/diensten\/\" target=\"_blank\" rel=\"noreferrer noopener\"> scala aan 4-sterren<\/a> diensten, waaronder gratis Wi-Fi (Wi-Fi-zone in de buurt van het restaurant en het zwembad), directe toegang tot de zee, en een restaurant met afhaalmaaltijden en catering ter plaatse.  <\/p>\n\n\n\n<p class=\"has-text-align-left\">In het hoogseizoen (juli\/augustus) bieden we op onze<strong> camping in Corse-du-Sud<\/strong> elke dag tal van activiteiten en animaties voor kinderen en ouders. Als je je <strong>stacaravan in Propriano<\/strong> huurt, kun je bij ons lakens en handdoeken huren.  Elke accommodatie heeft een genummerde parkeerplaats. Het voertuig hoeft niet naast de accommodatie geparkeerd te worden.<\/p>\n\n\n\n<p class=\"has-text-align-left mise-en-avant\">We nodigen je uit om ons <strong>online reserveringssysteem te gebruiken<\/strong> om je verblijf in een <strong>stacaravan in Corse-du-Sud <\/strong>te organiseren.<\/p>\n\n\n<a href=\"https:\/\/www.campingesplanade.fr\/wp-content\/uploads\/2021\/04\/plan-esplanade-2026-scaled.jpg\" target=\"_blank\" rel=\"noopener\">Plattegrond van de camping<\/a>\n<\/div>\n<\/div>\n\n\n\n<p><\/p>\n<\/div><\/div>\n\n\n\n<div class=\"wp-block-columns section_texte-photo\">\n<div class=\"wp-block-column\">\n<ctv-product data-product-id=\"144511\"><\/ctv-product>\n\n\n\n<ctv-product data-product-id=\"144510\"><\/ctv-product>\n\n\n\n<ctv-product data-product-id=\"83094\"><\/ctv-product>\n\n\n\n<ctv-product data-product-id=\"83105\"><\/ctv-product>\n\n\n\n<ctv-product data-product-id=\"58858\"><\/ctv-product>\n\n\n\n<ctv-product data-product-id=\"83097\"><\/ctv-product>\n<\/div>\n\n\n\n<div class=\"wp-block-column\">\n<ctv-product data-product-id=\"83099\"><\/ctv-product>\n\n\n\n<ctv-product data-product-id=\"115929\"><\/ctv-product>\n\n\n\n<ctv-product data-product-id=\"83095\"><\/ctv-product>\n\n\n\n<ctv-product data-product-id=\"83106\"><\/ctv-product>\n\n\n\n<ctv-product data-product-id=\"83096\"><\/ctv-product>\n\n\n\n<ctv-product data-product-id=\"88763\"><\/ctv-product>\n\n\n\n<ctv-product data-product-id=\"83108\"><\/ctv-product>\n<\/div>\n<\/div>\n\n\n\n<div class=\"wp-block-group alignwide section_introduction\"><div class=\"wp-block-group__inner-container\">\n<p class=\"has-text-align-center mise-en-avant\">Geniet in 2026 van een comfortabel verblijf in onze<strong> stacaravan met 1 slaapkamer in een &#8220;stopover&#8221; <\/strong>pakket inclusief linnengoed en schoonmaak, of ontdek onze <strong>gloednieuwe stacaravans met 3 slaapkamers <\/strong>die plaats bieden aan maximaal 6 personen, voor een charmante en gezellige vakantie met familie of vrienden.<\/p>\n<\/div><\/div>\n\n\n\n<div class=\"wp-block-columns section_texte-photo\" id=\"appartement\">\n<div class=\"wp-block-column is-vertically-aligned-center\">\n<h2>Flat type F3 50m\u00b2 (verhuurd van zaterdag tot zaterdag of zondag)<\/h2>\n\n\n\n<p>Profiteer van onze<strong> nieuwe huuraccommodatie: <\/strong>een appartement met airconditioning boven de receptie van de camping. Deze nieuwe accommodatie heeft 2 slaapkamers (1 tweepersoonsbed in 160 en 1 trio-bed &#8220;bed 140 + bed 90), een volledig uitgeruste keuken (met serviesgoed voor 5 personen, een elektrisch koffiezetapparaat, een magnetron, een vaatwasser, een wasmachine en een koelkast). Accommodatie met airconditioning<\/p>\n\n\n\n<p class=\"mise-en-avant\">Voor nog meer privacy bieden we een volledig <strong>uitgeruste badkamer<\/strong>, evenals een grote woon\/eetkamer en een terras met <strong>uitzicht op de golf van Valinco-Propriano<\/strong>.<\/p>\n\n\n\n<div class=\"wp-block-buttons\">\n<div class=\"wp-block-button bouton-reservation\"><a class=\"wp-block-button__link\">  Simuleer je verblijf<\/a><\/div>\n<\/div>\n<\/div>\n\n\n\n<div class=\"wp-block-column\">\n<figure class=\"wp-block-gallery columns-3 is-cropped section_diaporama\"><ul class=\"blocks-gallery-grid\"><li class=\"blocks-gallery-item\"><figure><img width=\"2048\" height=\"1152\" src=\"https:\/\/www.campingesplanade.fr\/wp-content\/uploads\/2024\/06\/IMG_3844-scaled.jpeg\" alt=\"Camping L'esplanade : Afbeelding 5505\" data-id=\"5603\" data-link=\"https:\/\/www.campingesplanade.fr\/hebergements\/img_3844\/\" class=\"wp-image-5603\" srcset=\"https:\/\/www.campingesplanade.fr\/wp-content\/uploads\/2024\/06\/IMG_3844-scaled.jpeg 2048w, https:\/\/www.campingesplanade.fr\/wp-content\/uploads\/2024\/06\/IMG_3844-300x169.jpeg 300w, https:\/\/www.campingesplanade.fr\/wp-content\/uploads\/2024\/06\/IMG_3844-1024x576.jpeg 1024w, https:\/\/www.campingesplanade.fr\/wp-content\/uploads\/2024\/06\/IMG_3844-768x432.jpeg 768w, https:\/\/www.campingesplanade.fr\/wp-content\/uploads\/2024\/06\/IMG_3844-1536x864.jpeg 1536w\" sizes=\"(max-width: 2048px) 100vw, 2048px\" \/><\/figure><\/li><li class=\"blocks-gallery-item\"><figure><img width=\"2048\" height=\"1152\" src=\"https:\/\/www.campingesplanade.fr\/wp-content\/uploads\/2024\/06\/IMG_3930-scaled.jpeg\" alt=\"Camping L'esplanade : Uitzicht vanaf het terras\" data-id=\"5888\" data-full-url=\"https:\/\/www.campingesplanade.fr\/wp-content\/uploads\/2024\/06\/IMG_3930-scaled.jpeg\" data-link=\"https:\/\/www.campingesplanade.fr\/hebergements\/img_3930\/\" class=\"wp-image-5888\" srcset=\"https:\/\/www.campingesplanade.fr\/wp-content\/uploads\/2024\/06\/IMG_3930-scaled.jpeg 2048w, https:\/\/www.campingesplanade.fr\/wp-content\/uploads\/2024\/06\/IMG_3930-300x169.jpeg 300w, https:\/\/www.campingesplanade.fr\/wp-content\/uploads\/2024\/06\/IMG_3930-1024x576.jpeg 1024w, https:\/\/www.campingesplanade.fr\/wp-content\/uploads\/2024\/06\/IMG_3930-768x432.jpeg 768w, https:\/\/www.campingesplanade.fr\/wp-content\/uploads\/2024\/06\/IMG_3930-1536x864.jpeg 1536w\" sizes=\"(max-width: 2048px) 100vw, 2048px\" \/><\/figure><\/li><li class=\"blocks-gallery-item\"><figure><img width=\"2048\" height=\"1152\" src=\"https:\/\/www.campingesplanade.fr\/wp-content\/uploads\/2024\/06\/IMG_3839-scaled.jpeg\" alt=\"Camping L'esplanade : Afbeelding 5503\" data-id=\"5608\" data-link=\"https:\/\/www.campingesplanade.fr\/hebergements\/img_3839\/\" class=\"wp-image-5608\" srcset=\"https:\/\/www.campingesplanade.fr\/wp-content\/uploads\/2024\/06\/IMG_3839-scaled.jpeg 2048w, https:\/\/www.campingesplanade.fr\/wp-content\/uploads\/2024\/06\/IMG_3839-300x169.jpeg 300w, https:\/\/www.campingesplanade.fr\/wp-content\/uploads\/2024\/06\/IMG_3839-1024x576.jpeg 1024w, https:\/\/www.campingesplanade.fr\/wp-content\/uploads\/2024\/06\/IMG_3839-768x432.jpeg 768w, https:\/\/www.campingesplanade.fr\/wp-content\/uploads\/2024\/06\/IMG_3839-1536x864.jpeg 1536w\" sizes=\"(max-width: 2048px) 100vw, 2048px\" \/><\/figure><\/li><li class=\"blocks-gallery-item\"><figure><img width=\"2048\" height=\"1152\" src=\"https:\/\/www.campingesplanade.fr\/wp-content\/uploads\/2024\/06\/IMG_3835-scaled.jpeg\" alt=\"Camping L'esplanade : Afbeelding 5504\" data-id=\"5613\" data-link=\"https:\/\/www.campingesplanade.fr\/hebergements\/img_3835\/\" class=\"wp-image-5613\" srcset=\"https:\/\/www.campingesplanade.fr\/wp-content\/uploads\/2024\/06\/IMG_3835-scaled.jpeg 2048w, https:\/\/www.campingesplanade.fr\/wp-content\/uploads\/2024\/06\/IMG_3835-300x169.jpeg 300w, https:\/\/www.campingesplanade.fr\/wp-content\/uploads\/2024\/06\/IMG_3835-1024x576.jpeg 1024w, https:\/\/www.campingesplanade.fr\/wp-content\/uploads\/2024\/06\/IMG_3835-768x432.jpeg 768w, https:\/\/www.campingesplanade.fr\/wp-content\/uploads\/2024\/06\/IMG_3835-1536x864.jpeg 1536w\" sizes=\"(max-width: 2048px) 100vw, 2048px\" \/><\/figure><\/li><li class=\"blocks-gallery-item\"><figure><img width=\"2048\" height=\"1152\" src=\"https:\/\/www.campingesplanade.fr\/wp-content\/uploads\/2024\/06\/IMG_3827-scaled.jpeg\" alt=\"Camping L'esplanade : Afbeelding 5509\" data-id=\"5633\" data-link=\"https:\/\/www.campingesplanade.fr\/hebergements\/img_3827\/\" class=\"wp-image-5633\" srcset=\"https:\/\/www.campingesplanade.fr\/wp-content\/uploads\/2024\/06\/IMG_3827-scaled.jpeg 2048w, https:\/\/www.campingesplanade.fr\/wp-content\/uploads\/2024\/06\/IMG_3827-300x169.jpeg 300w, https:\/\/www.campingesplanade.fr\/wp-content\/uploads\/2024\/06\/IMG_3827-1024x576.jpeg 1024w, https:\/\/www.campingesplanade.fr\/wp-content\/uploads\/2024\/06\/IMG_3827-768x432.jpeg 768w, https:\/\/www.campingesplanade.fr\/wp-content\/uploads\/2024\/06\/IMG_3827-1536x864.jpeg 1536w\" sizes=\"(max-width: 2048px) 100vw, 2048px\" \/><\/figure><\/li><li class=\"blocks-gallery-item\"><figure><img width=\"2048\" height=\"1152\" src=\"https:\/\/www.campingesplanade.fr\/wp-content\/uploads\/2024\/06\/IMG_3818-1-scaled.jpeg\" alt=\"Camping L'esplanade : Afbeelding 5507\" data-id=\"5623\" data-link=\"https:\/\/www.campingesplanade.fr\/hebergements\/img_3818-1\/\" class=\"wp-image-5623\" srcset=\"https:\/\/www.campingesplanade.fr\/wp-content\/uploads\/2024\/06\/IMG_3818-1-scaled.jpeg 2048w, https:\/\/www.campingesplanade.fr\/wp-content\/uploads\/2024\/06\/IMG_3818-1-300x169.jpeg 300w, https:\/\/www.campingesplanade.fr\/wp-content\/uploads\/2024\/06\/IMG_3818-1-1024x576.jpeg 1024w, https:\/\/www.campingesplanade.fr\/wp-content\/uploads\/2024\/06\/IMG_3818-1-768x432.jpeg 768w, https:\/\/www.campingesplanade.fr\/wp-content\/uploads\/2024\/06\/IMG_3818-1-1536x864.jpeg 1536w\" sizes=\"(max-width: 2048px) 100vw, 2048px\" \/><\/figure><\/li><li class=\"blocks-gallery-item\"><figure><img width=\"2048\" height=\"1152\" src=\"https:\/\/www.campingesplanade.fr\/wp-content\/uploads\/2024\/06\/IMG_3822-scaled.jpeg\" alt=\"Camping L'esplanade : Img 9277\" data-id=\"5628\" data-link=\"https:\/\/www.campingesplanade.fr\/hebergements\/img_3822\/\" class=\"wp-image-5628\" srcset=\"https:\/\/www.campingesplanade.fr\/wp-content\/uploads\/2024\/06\/IMG_3822-scaled.jpeg 2048w, https:\/\/www.campingesplanade.fr\/wp-content\/uploads\/2024\/06\/IMG_3822-300x169.jpeg 300w, https:\/\/www.campingesplanade.fr\/wp-content\/uploads\/2024\/06\/IMG_3822-1024x576.jpeg 1024w, https:\/\/www.campingesplanade.fr\/wp-content\/uploads\/2024\/06\/IMG_3822-768x432.jpeg 768w, https:\/\/www.campingesplanade.fr\/wp-content\/uploads\/2024\/06\/IMG_3822-1536x864.jpeg 1536w\" sizes=\"(max-width: 2048px) 100vw, 2048px\" \/><\/figure><\/li><li class=\"blocks-gallery-item\"><figure><img width=\"2048\" height=\"1152\" src=\"https:\/\/www.campingesplanade.fr\/wp-content\/uploads\/2024\/06\/IMG_3830-scaled.jpeg\" alt=\"Camping L'esplanade : Afbeelding 5508 Gedraaid.jpg\" data-id=\"5638\" data-link=\"https:\/\/www.campingesplanade.fr\/hebergements\/img_3830\/\" class=\"wp-image-5638\" srcset=\"https:\/\/www.campingesplanade.fr\/wp-content\/uploads\/2024\/06\/IMG_3830-scaled.jpeg 2048w, https:\/\/www.campingesplanade.fr\/wp-content\/uploads\/2024\/06\/IMG_3830-300x169.jpeg 300w, https:\/\/www.campingesplanade.fr\/wp-content\/uploads\/2024\/06\/IMG_3830-1024x576.jpeg 1024w, https:\/\/www.campingesplanade.fr\/wp-content\/uploads\/2024\/06\/IMG_3830-768x432.jpeg 768w, https:\/\/www.campingesplanade.fr\/wp-content\/uploads\/2024\/06\/IMG_3830-1536x864.jpeg 1536w\" sizes=\"(max-width: 2048px) 100vw, 2048px\" \/><\/figure><\/li><li class=\"blocks-gallery-item\"><figure><img width=\"2048\" height=\"1152\" src=\"https:\/\/www.campingesplanade.fr\/wp-content\/uploads\/2024\/06\/IMG_3936-scaled.jpeg\" alt=\"Camping L'esplanade : Afbeelding 9280\" data-id=\"5883\" data-link=\"https:\/\/www.campingesplanade.fr\/hebergements\/img_3936\/\" class=\"wp-image-5883\" srcset=\"https:\/\/www.campingesplanade.fr\/wp-content\/uploads\/2024\/06\/IMG_3936-scaled.jpeg 2048w, https:\/\/www.campingesplanade.fr\/wp-content\/uploads\/2024\/06\/IMG_3936-300x169.jpeg 300w, https:\/\/www.campingesplanade.fr\/wp-content\/uploads\/2024\/06\/IMG_3936-1024x576.jpeg 1024w, https:\/\/www.campingesplanade.fr\/wp-content\/uploads\/2024\/06\/IMG_3936-768x432.jpeg 768w, https:\/\/www.campingesplanade.fr\/wp-content\/uploads\/2024\/06\/IMG_3936-1536x864.jpeg 1536w\" sizes=\"(max-width: 2048px) 100vw, 2048px\" \/><\/figure><\/li><\/ul><\/figure>\n<\/div>\n<\/div>\n\n\n\n<div class=\"wp-block-columns section_texte-photo\">\n<div class=\"wp-block-column\">\n<figure class=\"wp-block-gallery columns-3  section_diaporama\"><ul class=\"blocks-gallery-grid\"><li class=\"blocks-gallery-item\"><figure><img width=\"2048\" height=\"1536\" src=\"https:\/\/www.campingesplanade.fr\/wp-content\/uploads\/2024\/06\/IMG_20240616_112628-scaled.jpg\" alt=\"Camping L'esplanade : Img 20240616 112628\" data-id=\"5718\" data-full-url=\"https:\/\/www.campingesplanade.fr\/wp-content\/uploads\/2024\/06\/IMG_20240616_112628-scaled.jpg\" data-link=\"https:\/\/www.campingesplanade.fr\/hebergements\/img_20240616_112628\/\" class=\"wp-image-5718\" srcset=\"https:\/\/www.campingesplanade.fr\/wp-content\/uploads\/2024\/06\/IMG_20240616_112628-scaled.jpg 2048w, https:\/\/www.campingesplanade.fr\/wp-content\/uploads\/2024\/06\/IMG_20240616_112628-300x225.jpg 300w, https:\/\/www.campingesplanade.fr\/wp-content\/uploads\/2024\/06\/IMG_20240616_112628-1024x768.jpg 1024w, https:\/\/www.campingesplanade.fr\/wp-content\/uploads\/2024\/06\/IMG_20240616_112628-768x576.jpg 768w, https:\/\/www.campingesplanade.fr\/wp-content\/uploads\/2024\/06\/IMG_20240616_112628-1536x1152.jpg 1536w\" sizes=\"(max-width: 2048px) 100vw, 2048px\" \/><\/figure><\/li><li class=\"blocks-gallery-item\"><figure><img width=\"2048\" height=\"1538\" src=\"https:\/\/www.campingesplanade.fr\/wp-content\/uploads\/2024\/06\/IMG_20240616_113255-scaled.jpg\" alt=\"Camping L'esplanade : Img 7185\" data-id=\"5738\" data-full-url=\"https:\/\/www.campingesplanade.fr\/wp-content\/uploads\/2024\/06\/IMG_20240616_113255-scaled.jpg\" data-link=\"https:\/\/www.campingesplanade.fr\/hebergements\/img_20240616_113255\/\" class=\"wp-image-5738\" srcset=\"https:\/\/www.campingesplanade.fr\/wp-content\/uploads\/2024\/06\/IMG_20240616_113255-scaled.jpg 2048w, https:\/\/www.campingesplanade.fr\/wp-content\/uploads\/2024\/06\/IMG_20240616_113255-300x225.jpg 300w, https:\/\/www.campingesplanade.fr\/wp-content\/uploads\/2024\/06\/IMG_20240616_113255-1024x769.jpg 1024w, https:\/\/www.campingesplanade.fr\/wp-content\/uploads\/2024\/06\/IMG_20240616_113255-768x577.jpg 768w, https:\/\/www.campingesplanade.fr\/wp-content\/uploads\/2024\/06\/IMG_20240616_113255-1536x1154.jpg 1536w\" sizes=\"(max-width: 2048px) 100vw, 2048px\" \/><\/figure><\/li><li class=\"blocks-gallery-item\"><figure><img width=\"2048\" height=\"1152\" src=\"https:\/\/www.campingesplanade.fr\/wp-content\/uploads\/2024\/06\/IMG_3893-scaled.jpeg\" alt=\"Camping L'esplanade : Img 7728\" data-id=\"5877\" data-full-url=\"https:\/\/www.campingesplanade.fr\/wp-content\/uploads\/2024\/06\/IMG_3893-scaled.jpeg\" data-link=\"https:\/\/www.campingesplanade.fr\/hebergements\/img_3893\/\" class=\"wp-image-5877\" srcset=\"https:\/\/www.campingesplanade.fr\/wp-content\/uploads\/2024\/06\/IMG_3893-scaled.jpeg 2048w, https:\/\/www.campingesplanade.fr\/wp-content\/uploads\/2024\/06\/IMG_3893-300x169.jpeg 300w, https:\/\/www.campingesplanade.fr\/wp-content\/uploads\/2024\/06\/IMG_3893-1024x576.jpeg 1024w, https:\/\/www.campingesplanade.fr\/wp-content\/uploads\/2024\/06\/IMG_3893-768x432.jpeg 768w, https:\/\/www.campingesplanade.fr\/wp-content\/uploads\/2024\/06\/IMG_3893-1536x864.jpeg 1536w\" sizes=\"(max-width: 2048px) 100vw, 2048px\" \/><\/figure><\/li><li class=\"blocks-gallery-item\"><figure><img width=\"713\" height=\"475\" src=\"https:\/\/www.campingesplanade.fr\/wp-content\/uploads\/2024\/06\/chalet-plein-air_03.jpg\" alt=\"Camping L'esplanade : Img 7723\" data-id=\"5728\" data-full-url=\"https:\/\/www.campingesplanade.fr\/wp-content\/uploads\/2024\/06\/chalet-plein-air_03.jpg\" data-link=\"https:\/\/www.campingesplanade.fr\/hebergements\/chalet-plein-air_03\/\" class=\"wp-image-5728\" srcset=\"https:\/\/www.campingesplanade.fr\/wp-content\/uploads\/2024\/06\/chalet-plein-air_03.jpg 713w, https:\/\/www.campingesplanade.fr\/wp-content\/uploads\/2024\/06\/chalet-plein-air_03-300x200.jpg 300w\" sizes=\"(max-width: 713px) 100vw, 713px\" \/><\/figure><\/li><li class=\"blocks-gallery-item\"><figure><img width=\"2048\" height=\"1152\" src=\"https:\/\/www.campingesplanade.fr\/wp-content\/uploads\/2024\/06\/IMG_3807-scaled.jpeg\" alt=\"Camping L'esplanade : Img 8737\" data-id=\"5713\" data-full-url=\"https:\/\/www.campingesplanade.fr\/wp-content\/uploads\/2024\/06\/IMG_3807-scaled.jpeg\" data-link=\"https:\/\/www.campingesplanade.fr\/hebergements\/img_3807\/\" class=\"wp-image-5713\" srcset=\"https:\/\/www.campingesplanade.fr\/wp-content\/uploads\/2024\/06\/IMG_3807-scaled.jpeg 2048w, https:\/\/www.campingesplanade.fr\/wp-content\/uploads\/2024\/06\/IMG_3807-300x169.jpeg 300w, https:\/\/www.campingesplanade.fr\/wp-content\/uploads\/2024\/06\/IMG_3807-1024x576.jpeg 1024w, https:\/\/www.campingesplanade.fr\/wp-content\/uploads\/2024\/06\/IMG_3807-768x432.jpeg 768w, https:\/\/www.campingesplanade.fr\/wp-content\/uploads\/2024\/06\/IMG_3807-1536x864.jpeg 1536w\" sizes=\"(max-width: 2048px) 100vw, 2048px\" \/><\/figure><\/li><li class=\"blocks-gallery-item\"><figure><img width=\"2048\" height=\"1536\" src=\"https:\/\/www.campingesplanade.fr\/wp-content\/uploads\/2024\/06\/vue-Chalet-Stella-scaled.jpg\" alt=\"Camping L'esplanade : Bungalows Stella\" data-id=\"5708\" data-full-url=\"https:\/\/www.campingesplanade.fr\/wp-content\/uploads\/2024\/06\/vue-Chalet-Stella-scaled.jpg\" data-link=\"https:\/\/www.campingesplanade.fr\/hebergements\/vue-chalet-stella\/\" class=\"wp-image-5708\" srcset=\"https:\/\/www.campingesplanade.fr\/wp-content\/uploads\/2024\/06\/vue-Chalet-Stella-scaled.jpg 2048w, https:\/\/www.campingesplanade.fr\/wp-content\/uploads\/2024\/06\/vue-Chalet-Stella-300x225.jpg 300w, https:\/\/www.campingesplanade.fr\/wp-content\/uploads\/2024\/06\/vue-Chalet-Stella-1024x768.jpg 1024w, https:\/\/www.campingesplanade.fr\/wp-content\/uploads\/2024\/06\/vue-Chalet-Stella-768x576.jpg 768w, https:\/\/www.campingesplanade.fr\/wp-content\/uploads\/2024\/06\/vue-Chalet-Stella-1536x1152.jpg 1536w\" sizes=\"(max-width: 2048px) 100vw, 2048px\" \/><\/figure><\/li><li class=\"blocks-gallery-item\"><figure><img width=\"1536\" height=\"2048\" src=\"https:\/\/www.campingesplanade.fr\/wp-content\/uploads\/2024\/06\/Chalet-Stella-scaled.jpg\" alt=\"Camping L'esplanade : Bungalows Stella 02\" data-id=\"5703\" data-full-url=\"https:\/\/www.campingesplanade.fr\/wp-content\/uploads\/2024\/06\/Chalet-Stella-scaled.jpg\" data-link=\"https:\/\/www.campingesplanade.fr\/hebergements\/chalet-stella-2\/\" class=\"wp-image-5703\" srcset=\"https:\/\/www.campingesplanade.fr\/wp-content\/uploads\/2024\/06\/Chalet-Stella-scaled.jpg 1536w, https:\/\/www.campingesplanade.fr\/wp-content\/uploads\/2024\/06\/Chalet-Stella-225x300.jpg 225w, https:\/\/www.campingesplanade.fr\/wp-content\/uploads\/2024\/06\/Chalet-Stella-768x1024.jpg 768w, https:\/\/www.campingesplanade.fr\/wp-content\/uploads\/2024\/06\/Chalet-Stella-1152x1536.jpg 1152w\" sizes=\"(max-width: 1536px) 100vw, 1536px\" \/><\/figure><\/li><li class=\"blocks-gallery-item\"><figure><img width=\"2048\" height=\"1152\" src=\"https:\/\/www.campingesplanade.fr\/wp-content\/uploads\/2024\/08\/IMG-20240825-WA0019-scaled.jpg\" alt=\"Camping L'esplanade : Afbeelding 8739\" data-id=\"6515\" data-full-url=\"https:\/\/www.campingesplanade.fr\/wp-content\/uploads\/2024\/08\/IMG-20240825-WA0019-scaled.jpg\" data-link=\"https:\/\/www.campingesplanade.fr\/hebergements\/img-20240825-wa0019\/\" class=\"wp-image-6515\" srcset=\"https:\/\/www.campingesplanade.fr\/wp-content\/uploads\/2024\/08\/IMG-20240825-WA0019-scaled.jpg 2048w, https:\/\/www.campingesplanade.fr\/wp-content\/uploads\/2024\/08\/IMG-20240825-WA0019-300x169.jpg 300w, https:\/\/www.campingesplanade.fr\/wp-content\/uploads\/2024\/08\/IMG-20240825-WA0019-1024x576.jpg 1024w, https:\/\/www.campingesplanade.fr\/wp-content\/uploads\/2024\/08\/IMG-20240825-WA0019-768x432.jpg 768w, https:\/\/www.campingesplanade.fr\/wp-content\/uploads\/2024\/08\/IMG-20240825-WA0019-1536x864.jpg 1536w\" sizes=\"(max-width: 2048px) 100vw, 2048px\" \/><\/figure><\/li><li class=\"blocks-gallery-item\"><figure><img width=\"2048\" height=\"1152\" src=\"https:\/\/www.campingesplanade.fr\/wp-content\/uploads\/2024\/08\/IMG-20240825-WA0001-scaled.jpg\" alt=\"Camping L'esplanade : Img 9327\" data-id=\"6509\" data-full-url=\"https:\/\/www.campingesplanade.fr\/wp-content\/uploads\/2024\/08\/IMG-20240825-WA0001-scaled.jpg\" data-link=\"https:\/\/www.campingesplanade.fr\/hebergements\/img-20240825-wa0001\/\" class=\"wp-image-6509\" srcset=\"https:\/\/www.campingesplanade.fr\/wp-content\/uploads\/2024\/08\/IMG-20240825-WA0001-scaled.jpg 2048w, https:\/\/www.campingesplanade.fr\/wp-content\/uploads\/2024\/08\/IMG-20240825-WA0001-300x169.jpg 300w, https:\/\/www.campingesplanade.fr\/wp-content\/uploads\/2024\/08\/IMG-20240825-WA0001-1024x576.jpg 1024w, https:\/\/www.campingesplanade.fr\/wp-content\/uploads\/2024\/08\/IMG-20240825-WA0001-768x432.jpg 768w, https:\/\/www.campingesplanade.fr\/wp-content\/uploads\/2024\/08\/IMG-20240825-WA0001-1536x864.jpg 1536w\" sizes=\"(max-width: 2048px) 100vw, 2048px\" \/><\/figure><\/li><\/ul><\/figure>\n\n\n\n<p><\/p>\n<\/div>\n\n\n\n<div class=\"wp-block-column is-vertically-aligned-center\">\n<h2>Ontdek onze chalets<\/h2>\n\n\n\n<p>Naast het verhuren <strong>van stacaravans in Propriano<\/strong>, bieden we ook verschillende soorten chalets aan, zodat je zeker de juiste accommodatie voor jou vindt. Van 2 personen tot meer dan 6 personen, je vindt zeker wat je zoekt in ons aanbod van chalets op<a href=\"https:\/\/www.campingesplanade.fr\/camping-propriano\/\" target=\"_blank\" rel=\"noreferrer noopener\"> onze 4-sterren camping in Propriano<\/a>.  Alle huisjes profiteren van veel natuurlijk licht en blijven aangenaam tijdens je vakantie. <\/p>\n\n\n\n<p>Wakker worden met de geur van zeelucht op je gezicht terwijl je van je eigen koffie nipt op je terras, dat is het comfort dat onze <strong>camping tussen Olmeto en Propriano belooft<\/strong>. Verblijf in een van onze chalets van verschillende reeksen: classic, Noum\u00e9a, Stella, Toronto.  Je vindt het chalet dat bij je past, met een volledig uitgeruste keuken, badkamer en overdekt terras.  <\/p>\n\n\n\n<div class=\"wp-block-buttons\">\n<div class=\"wp-block-button bouton-reservation\"><a class=\"wp-block-button__link\">  Simuleer je verblijf<\/a><\/div>\n<\/div>\n<\/div>\n<\/div>\n\n\n\n<div class=\"wp-block-columns section_texte-photo\" id=\"appartement\">\n<div class=\"wp-block-column is-vertically-aligned-center\">\n<h2> Stacaravans met uitzonderlijk uitzicht in Propriano <\/h2>\n\n\n\n<p>Je kunt dus profiteren van onze beste aanbiedingen voor <strong>stacaravans tussen Olmeto en Propriano in Corse-du-Sud<\/strong>. Er zijn twee oplossingen, afhankelijk van de grootte van je familie of vriendengroep. Ohara Confort stacaravans zijn uitgerust voor 4 personen met 2 slaapkamers of 6 personen met 3 slaapkamers. <\/p>\n\n\n\n<p>Elke slaapkamer is uitgerust met kwaliteitsbedden voor optimaal comfort. <strong>De terrassen van 8 tot 15 m\u00b2 zijn halfoverdekt<\/strong>. Airconditioning daarentegen is omkeerbaar en kan worden gebruikt als het erg warm is of als het &#8216;s ochtends koel is. <\/p>\n\n\n\n<p class=\"mise-en-avant\">Voor nog meer privacy bieden we een<strong> eigen badkamer <\/strong>en een grote woonkamer met een volledig uitgeruste keuken. <\/p>\n\n\n\n<div class=\"wp-block-buttons\">\n<div class=\"wp-block-button bouton-reservation\"><a class=\"wp-block-button__link\">  Simuleer je verblijf<\/a><\/div>\n<\/div>\n<\/div>\n\n\n\n<div class=\"wp-block-column\">\n<figure class=\"wp-block-gallery columns-3  section_diaporama\"><ul class=\"blocks-gallery-grid\"><li class=\"blocks-gallery-item\"><figure><img width=\"2048\" height=\"1536\" src=\"https:\/\/www.campingesplanade.fr\/wp-content\/uploads\/2024\/06\/IMG_20240616_111730-scaled.jpg\" alt=\"Camping L'esplanade : M01 Uitzicht\" data-id=\"5652\" data-link=\"https:\/\/www.campingesplanade.fr\/hebergements\/img_20240616_111730\/\" class=\"wp-image-5652\" srcset=\"https:\/\/www.campingesplanade.fr\/wp-content\/uploads\/2024\/06\/IMG_20240616_111730-scaled.jpg 2048w, https:\/\/www.campingesplanade.fr\/wp-content\/uploads\/2024\/06\/IMG_20240616_111730-300x225.jpg 300w, https:\/\/www.campingesplanade.fr\/wp-content\/uploads\/2024\/06\/IMG_20240616_111730-1024x768.jpg 1024w, https:\/\/www.campingesplanade.fr\/wp-content\/uploads\/2024\/06\/IMG_20240616_111730-768x576.jpg 768w, https:\/\/www.campingesplanade.fr\/wp-content\/uploads\/2024\/06\/IMG_20240616_111730-1536x1152.jpg 1536w\" sizes=\"(max-width: 2048px) 100vw, 2048px\" \/><\/figure><\/li><li class=\"blocks-gallery-item\"><figure><img width=\"1280\" height=\"960\" src=\"https:\/\/www.campingesplanade.fr\/wp-content\/uploads\/2024\/06\/IMG_20240615_174505-Photoroom.png\" alt=\"Camping L'esplanade : Img 20240615 174505 Photoroom\" data-id=\"5691\" data-full-url=\"https:\/\/www.campingesplanade.fr\/wp-content\/uploads\/2024\/06\/IMG_20240615_174505-Photoroom.png\" data-link=\"https:\/\/www.campingesplanade.fr\/hebergements\/img_20240615_174505-photoroom\/\" class=\"wp-image-5691\" srcset=\"https:\/\/www.campingesplanade.fr\/wp-content\/uploads\/2024\/06\/IMG_20240615_174505-Photoroom.png 1280w, https:\/\/www.campingesplanade.fr\/wp-content\/uploads\/2024\/06\/IMG_20240615_174505-Photoroom-300x225.png 300w, https:\/\/www.campingesplanade.fr\/wp-content\/uploads\/2024\/06\/IMG_20240615_174505-Photoroom-1024x768.png 1024w, https:\/\/www.campingesplanade.fr\/wp-content\/uploads\/2024\/06\/IMG_20240615_174505-Photoroom-768x576.png 768w\" sizes=\"(max-width: 1280px) 100vw, 1280px\" \/><\/figure><\/li><li class=\"blocks-gallery-item\"><figure><img width=\"960\" height=\"1280\" src=\"https:\/\/www.campingesplanade.fr\/wp-content\/uploads\/2024\/06\/Mobil-home-M39-Photoroom.png\" alt=\"Camping L'esplanade : Mobil Home M39 Photoroom\" data-id=\"5685\" data-full-url=\"https:\/\/www.campingesplanade.fr\/wp-content\/uploads\/2024\/06\/Mobil-home-M39-Photoroom.png\" data-link=\"https:\/\/www.campingesplanade.fr\/hebergements\/mobil-home-m39-photoroom\/\" class=\"wp-image-5685\" srcset=\"https:\/\/www.campingesplanade.fr\/wp-content\/uploads\/2024\/06\/Mobil-home-M39-Photoroom.png 960w, https:\/\/www.campingesplanade.fr\/wp-content\/uploads\/2024\/06\/Mobil-home-M39-Photoroom-225x300.png 225w, https:\/\/www.campingesplanade.fr\/wp-content\/uploads\/2024\/06\/Mobil-home-M39-Photoroom-768x1024.png 768w\" sizes=\"(max-width: 960px) 100vw, 960px\" \/><\/figure><\/li><li class=\"blocks-gallery-item\"><figure><img width=\"2048\" height=\"1536\" src=\"https:\/\/www.campingesplanade.fr\/wp-content\/uploads\/2024\/06\/IMG_20240615_175306-scaled.jpg\" alt=\"Camping L'esplanade : Img 20240615 175306\" data-id=\"5647\" data-link=\"https:\/\/www.campingesplanade.fr\/hebergements\/img_20240615_175306\/\" class=\"wp-image-5647\" srcset=\"https:\/\/www.campingesplanade.fr\/wp-content\/uploads\/2024\/06\/IMG_20240615_175306-scaled.jpg 2048w, https:\/\/www.campingesplanade.fr\/wp-content\/uploads\/2024\/06\/IMG_20240615_175306-300x225.jpg 300w, https:\/\/www.campingesplanade.fr\/wp-content\/uploads\/2024\/06\/IMG_20240615_175306-1024x768.jpg 1024w, https:\/\/www.campingesplanade.fr\/wp-content\/uploads\/2024\/06\/IMG_20240615_175306-768x576.jpg 768w, https:\/\/www.campingesplanade.fr\/wp-content\/uploads\/2024\/06\/IMG_20240615_175306-1536x1152.jpg 1536w\" sizes=\"(max-width: 2048px) 100vw, 2048px\" \/><\/figure><\/li><li class=\"blocks-gallery-item\"><figure><img width=\"2048\" height=\"1152\" src=\"https:\/\/www.campingesplanade.fr\/wp-content\/uploads\/2024\/06\/m08_terasse-scaled.jpeg\" alt=\"Camping L'esplanade : M08 Terasse\" data-id=\"5667\" data-full-url=\"https:\/\/www.campingesplanade.fr\/wp-content\/uploads\/2024\/06\/m08_terasse-scaled.jpeg\" data-link=\"https:\/\/www.campingesplanade.fr\/hebergements\/m08_terasse\/\" class=\"wp-image-5667\" srcset=\"https:\/\/www.campingesplanade.fr\/wp-content\/uploads\/2024\/06\/m08_terasse-scaled.jpeg 2048w, https:\/\/www.campingesplanade.fr\/wp-content\/uploads\/2024\/06\/m08_terasse-300x169.jpeg 300w, https:\/\/www.campingesplanade.fr\/wp-content\/uploads\/2024\/06\/m08_terasse-1024x576.jpeg 1024w, https:\/\/www.campingesplanade.fr\/wp-content\/uploads\/2024\/06\/m08_terasse-768x432.jpeg 768w, https:\/\/www.campingesplanade.fr\/wp-content\/uploads\/2024\/06\/m08_terasse-1536x864.jpeg 1536w\" sizes=\"(max-width: 2048px) 100vw, 2048px\" \/><\/figure><\/li><\/ul><\/figure>\n<\/div>\n<\/div>\n\n\n\n<div class=\"wp-block-columns section_texte-photo\">\n<div class=\"wp-block-column\">\n<figure class=\"wp-block-gallery columns-3 is-cropped section_diaporama\"><ul class=\"blocks-gallery-grid\"><li class=\"blocks-gallery-item\"><figure><img width=\"1280\" height=\"1052\" src=\"https:\/\/www.campingesplanade.fr\/wp-content\/uploads\/2025\/09\/chambre.webp\" alt=\"Camping L'esplanade : Bekijk Tent Loge\" data-id=\"8078\" data-link=\"https:\/\/www.campingesplanade.fr\/accueil\/chambre\/\" class=\"wp-image-8078\" srcset=\"https:\/\/www.campingesplanade.fr\/wp-content\/uploads\/2025\/09\/chambre.webp 1280w, https:\/\/www.campingesplanade.fr\/wp-content\/uploads\/2025\/09\/chambre-300x247.webp 300w, https:\/\/www.campingesplanade.fr\/wp-content\/uploads\/2025\/09\/chambre-1024x842.webp 1024w, https:\/\/www.campingesplanade.fr\/wp-content\/uploads\/2025\/09\/chambre-768x631.webp 768w\" sizes=\"(max-width: 1280px) 100vw, 1280px\" \/><\/figure><\/li><li class=\"blocks-gallery-item\"><figure><img width=\"1280\" height=\"892\" src=\"https:\/\/www.campingesplanade.fr\/wp-content\/uploads\/2025\/09\/cuisine.webp\" alt=\"Camping L'esplanade : Keuken\" data-id=\"8133\" data-link=\"https:\/\/www.campingesplanade.fr\/mobil-home-propriano\/cuisine-2\/\" class=\"wp-image-8133\" srcset=\"https:\/\/www.campingesplanade.fr\/wp-content\/uploads\/2025\/09\/cuisine.webp 1280w, https:\/\/www.campingesplanade.fr\/wp-content\/uploads\/2025\/09\/cuisine-300x209.webp 300w, https:\/\/www.campingesplanade.fr\/wp-content\/uploads\/2025\/09\/cuisine-1024x714.webp 1024w, https:\/\/www.campingesplanade.fr\/wp-content\/uploads\/2025\/09\/cuisine-768x535.webp 768w\" sizes=\"(max-width: 1280px) 100vw, 1280px\" \/><\/figure><\/li><li class=\"blocks-gallery-item\"><figure><img width=\"1280\" height=\"852\" src=\"https:\/\/www.campingesplanade.fr\/wp-content\/uploads\/2025\/09\/salle.webp\" alt=\"Camping L'esplanade : Salle\" data-id=\"8138\" data-link=\"https:\/\/www.campingesplanade.fr\/mobil-home-propriano\/salle\/\" class=\"wp-image-8138\" srcset=\"https:\/\/www.campingesplanade.fr\/wp-content\/uploads\/2025\/09\/salle.webp 1280w, https:\/\/www.campingesplanade.fr\/wp-content\/uploads\/2025\/09\/salle-300x200.webp 300w, https:\/\/www.campingesplanade.fr\/wp-content\/uploads\/2025\/09\/salle-1024x682.webp 1024w, https:\/\/www.campingesplanade.fr\/wp-content\/uploads\/2025\/09\/salle-768x511.webp 768w\" sizes=\"(max-width: 1280px) 100vw, 1280px\" \/><\/figure><\/li><li class=\"blocks-gallery-item\"><figure><img width=\"1280\" height=\"960\" src=\"https:\/\/www.campingesplanade.fr\/wp-content\/uploads\/2025\/09\/vue-exterieure.webp\" alt=\"Camping L'esplanade : Buitenaanzicht\" data-id=\"8143\" data-full-url=\"https:\/\/www.campingesplanade.fr\/wp-content\/uploads\/2025\/09\/vue-exterieure.webp\" data-link=\"https:\/\/www.campingesplanade.fr\/mobil-home-propriano\/vue-exterieure\/\" class=\"wp-image-8143\" srcset=\"https:\/\/www.campingesplanade.fr\/wp-content\/uploads\/2025\/09\/vue-exterieure.webp 1280w, https:\/\/www.campingesplanade.fr\/wp-content\/uploads\/2025\/09\/vue-exterieure-300x225.webp 300w, https:\/\/www.campingesplanade.fr\/wp-content\/uploads\/2025\/09\/vue-exterieure-1024x768.webp 1024w, https:\/\/www.campingesplanade.fr\/wp-content\/uploads\/2025\/09\/vue-exterieure-768x576.webp 768w\" sizes=\"(max-width: 1280px) 100vw, 1280px\" \/><\/figure><\/li><\/ul><\/figure>\n<\/div>\n\n\n\n<div class=\"wp-block-column is-vertically-aligned-center\">\n<h2>Stacaravan \u00c9tape 1 slaapkamer &#8211; de ideale tussenstop<\/h2>\n\n\n\n<p>Voor een comfortabele tussenstop in het hart van de maquis en op een steenworp afstand van de zee biedt onze stacaravan met 1 slaapkamer alle charme en gezelligheid van kamperen, met het comfort van een hotelovernachting. De stacaravan is ontworpen voor \u00e9\u00e9n nacht en combineert flexibiliteit en welzijn dankzij het &#8220;\u00e9tape&#8221; pakket, dat huishoudlinnen (lakens en handdoeken) en een schoonmaakdienst omvat. Reis licht en geniet van een stressvrije tussenstop!<br>  <\/p>\n\n\n\n<p>Zodra je je ge\u00efnstalleerd hebt, laat je je verleiden door de uitzonderlijke natuurlijke omgeving en maak je gebruik van de diensten en faciliteiten van de camping: depot voor vers brood, kleine kruidenierswinkel en restaurant geopend van mei tot september, verwarmd overloopzwembad, sportfaciliteiten, en niet te vergeten onze persoonlijke tips om de streek te ontdekken met onze lokale partners.<\/p>\n\n\n\n<p>Een verblijf in hotelstijl&#8230; in een uitzonderlijke natuurlijke omgeving in het hart van de maquis en aan zee!<\/p>\n\n\n\n<div class=\"wp-block-buttons\">\n<div class=\"wp-block-button bouton-reservation\"><a class=\"wp-block-button__link\">  Simuleer je verblijf<\/a><\/div>\n<\/div>\n<\/div>\n<\/div>\n\n\n\n<div class=\"wp-block-columns section_texte-photo\">\n<div class=\"wp-block-column is-vertically-aligned-center\">\n<h2> Lodgetent voor een gezinsvakantie bij Propriano <\/h2>\n\n\n\n<p>Naast onze<strong> stacaravans in Propriano<\/strong> bieden we ook <strong>&#8220;Victoria&#8221; lodgetente<\/strong>n, die 5 personen kunnen herbergen in hun 2 ruime slaapkamers.<\/p>\n\n\n\n<p>Deze tenten hebben <strong>een oppervlakte van 30 m\u00b2<\/strong>, zodat je comfortabel kunt leven met je vrienden of familie. Ze hebben overdekte terrassen en alle benodigdheden die je nodig kunt hebben tijdens je verblijf (servies, tafel, stoelen, bed, koelkast, enz.).<\/p>\n\n\n\n<div class=\"wp-block-buttons\">\n<div class=\"wp-block-button bouton-reservation\"><a class=\"wp-block-button__link\">  Simuleer je verblijf<\/a><\/div>\n<\/div>\n<\/div>\n\n\n\n<div class=\"wp-block-column\">\n<figure class=\"wp-block-gallery aligncenter columns-3  section_diaporama\"><ul class=\"blocks-gallery-grid\"><li class=\"blocks-gallery-item\"><figure><img width=\"1024\" height=\"574\" src=\"https:\/\/www.campingesplanade.fr\/wp-content\/uploads\/2024\/06\/IMG_20240531_171129-1024x574.jpg\" alt=\"Camping L'esplanade : Img 20240531 171129\" data-id=\"5765\" data-full-url=\"https:\/\/www.campingesplanade.fr\/wp-content\/uploads\/2024\/06\/IMG_20240531_171129-scaled.jpg\" data-link=\"https:\/\/www.campingesplanade.fr\/hebergements\/img_20240531_171129-2\/\" class=\"wp-image-5765\" srcset=\"https:\/\/www.campingesplanade.fr\/wp-content\/uploads\/2024\/06\/IMG_20240531_171129-1024x574.jpg 1024w, https:\/\/www.campingesplanade.fr\/wp-content\/uploads\/2024\/06\/IMG_20240531_171129-300x168.jpg 300w, https:\/\/www.campingesplanade.fr\/wp-content\/uploads\/2024\/06\/IMG_20240531_171129-768x431.jpg 768w, https:\/\/www.campingesplanade.fr\/wp-content\/uploads\/2024\/06\/IMG_20240531_171129-1536x862.jpg 1536w, https:\/\/www.campingesplanade.fr\/wp-content\/uploads\/2024\/06\/IMG_20240531_171129-scaled.jpg 2048w\" sizes=\"(max-width: 1024px) 100vw, 1024px\" \/><\/figure><\/li><li class=\"blocks-gallery-item\"><figure><img width=\"1024\" height=\"576\" src=\"https:\/\/www.campingesplanade.fr\/wp-content\/uploads\/2024\/06\/IMG_20240531_171211-1024x576.jpg\" alt=\"Camping L'esplanade : Img 20240531 171211\" data-id=\"5780\" data-full-url=\"https:\/\/www.campingesplanade.fr\/wp-content\/uploads\/2024\/06\/IMG_20240531_171211-scaled.jpg\" data-link=\"https:\/\/www.campingesplanade.fr\/hebergements\/img_20240531_171211-2\/\" class=\"wp-image-5780\" srcset=\"https:\/\/www.campingesplanade.fr\/wp-content\/uploads\/2024\/06\/IMG_20240531_171211-1024x576.jpg 1024w, https:\/\/www.campingesplanade.fr\/wp-content\/uploads\/2024\/06\/IMG_20240531_171211-300x169.jpg 300w, https:\/\/www.campingesplanade.fr\/wp-content\/uploads\/2024\/06\/IMG_20240531_171211-768x432.jpg 768w, https:\/\/www.campingesplanade.fr\/wp-content\/uploads\/2024\/06\/IMG_20240531_171211-1536x864.jpg 1536w, https:\/\/www.campingesplanade.fr\/wp-content\/uploads\/2024\/06\/IMG_20240531_171211-scaled.jpg 2048w\" sizes=\"(max-width: 1024px) 100vw, 1024px\" \/><\/figure><\/li><li class=\"blocks-gallery-item\"><figure><img width=\"713\" height=\"475\" src=\"https:\/\/www.campingesplanade.fr\/wp-content\/uploads\/2021\/08\/categg_3_6.jpg\" alt=\"Camping L'esplanade : Categg 3 6\" data-id=\"1131\" data-link=\"https:\/\/www.campingesplanade.fr\/?attachment_id=1131\" class=\"wp-image-1131\" srcset=\"https:\/\/www.campingesplanade.fr\/wp-content\/uploads\/2021\/08\/categg_3_6.jpg 713w, https:\/\/www.campingesplanade.fr\/wp-content\/uploads\/2021\/08\/categg_3_6-300x200.jpg 300w\" sizes=\"(max-width: 713px) 100vw, 713px\" \/><\/figure><\/li><li class=\"blocks-gallery-item\"><figure><img width=\"1024\" height=\"576\" src=\"https:\/\/www.campingesplanade.fr\/wp-content\/uploads\/2024\/06\/IMG_20240602_111359-1024x576.jpg\" alt=\"Camping L'esplanade : Img 20240602 111359\" data-id=\"5775\" data-full-url=\"https:\/\/www.campingesplanade.fr\/wp-content\/uploads\/2024\/06\/IMG_20240602_111359-scaled.jpg\" data-link=\"https:\/\/www.campingesplanade.fr\/hebergements\/img_20240602_111359\/\" class=\"wp-image-5775\" srcset=\"https:\/\/www.campingesplanade.fr\/wp-content\/uploads\/2024\/06\/IMG_20240602_111359-1024x576.jpg 1024w, https:\/\/www.campingesplanade.fr\/wp-content\/uploads\/2024\/06\/IMG_20240602_111359-300x169.jpg 300w, https:\/\/www.campingesplanade.fr\/wp-content\/uploads\/2024\/06\/IMG_20240602_111359-768x432.jpg 768w, https:\/\/www.campingesplanade.fr\/wp-content\/uploads\/2024\/06\/IMG_20240602_111359-1536x864.jpg 1536w, https:\/\/www.campingesplanade.fr\/wp-content\/uploads\/2024\/06\/IMG_20240602_111359-scaled.jpg 2048w\" sizes=\"(max-width: 1024px) 100vw, 1024px\" \/><\/figure><\/li><li class=\"blocks-gallery-item\"><figure><img width=\"1024\" height=\"460\" src=\"https:\/\/www.campingesplanade.fr\/wp-content\/uploads\/2024\/06\/IMG_20240529_091530-1024x460.jpg\" alt=\"Camping L'esplanade : Img 20240529 091530\" data-id=\"5770\" data-full-url=\"https:\/\/www.campingesplanade.fr\/wp-content\/uploads\/2024\/06\/IMG_20240529_091530-scaled.jpg\" data-link=\"https:\/\/www.campingesplanade.fr\/hebergements\/img_20240529_091530\/\" class=\"wp-image-5770\" srcset=\"https:\/\/www.campingesplanade.fr\/wp-content\/uploads\/2024\/06\/IMG_20240529_091530-1024x460.jpg 1024w, https:\/\/www.campingesplanade.fr\/wp-content\/uploads\/2024\/06\/IMG_20240529_091530-300x135.jpg 300w, https:\/\/www.campingesplanade.fr\/wp-content\/uploads\/2024\/06\/IMG_20240529_091530-768x345.jpg 768w, https:\/\/www.campingesplanade.fr\/wp-content\/uploads\/2024\/06\/IMG_20240529_091530-1536x689.jpg 1536w, https:\/\/www.campingesplanade.fr\/wp-content\/uploads\/2024\/06\/IMG_20240529_091530-scaled.jpg 2048w\" sizes=\"(max-width: 1024px) 100vw, 1024px\" \/><\/figure><\/li><\/ul><\/figure>\n\n\n\n<p><\/p>\n<\/div>\n<\/div>\n\n\n\n<div class=\"wp-block-group section_redactionnel\"><div class=\"wp-block-group__inner-container\">\n<h2 class=\"has-text-align-center\">Gemoedsrust voor uw gezinsvakantie<\/h2>\n\n\n\n<div class=\"wp-block-columns\">\n<div class=\"wp-block-column\" style=\"flex-basis:66.66%\">\n<p>Geniet met familie of vrienden van een ruim en comfortabel verblijf in<strong> onze 6-persoons appartementen.<\/strong> <strong>Met hun 3 slaapkamers<\/strong> bieden ze genoeg ruimte voor iedereen en de mogelijkheid om gezellige momenten te delen.<\/p>\n\n\n\n<p>Voor liefhebbers van het buitenleven hebben onze <strong>Chalets Plein-Air<\/strong> een prachtig uitzicht op <strong>zee en een ideale indeling<\/strong> met<strong> 2 tweepersoonsbedden en 2 eenpersoonsbedden.<\/strong><\/p>\n\n\n\n<p>Onze<strong> stacaravans met 3 slaapkamers<\/strong> (M01, M06, M08, M10, M16, M20, M32, M38, M39 en M40) <strong>hebben een tweepersoonsbed en 4 eenpersoonsbedden.<\/strong> Afhankelijk van je voorkeuren kun je kiezen voor een staanplaats dicht bij zee, met uitzicht op <strong>zee of bij het zwembad.<\/strong> <\/p>\n\n\n\n<p>De perfecte combinatie van comfort, functionaliteit en een uitzonderlijke omgeving voor een geslaagde gezinsvakantie.<\/p>\n<\/div>\n\n\n\n<div class=\"wp-block-column is-vertically-aligned-center\" style=\"flex-basis:33.33%\">\n<div class=\"wp-block-buttons is-content-justification-center\">\n<div class=\"wp-block-button bouton-reservation\"><a class=\"wp-block-button__link\">  Simuleer je verblijf<\/a><\/div>\n<\/div>\n<\/div>\n<\/div>\n<\/div><\/div>\n\n\n\n<div class=\"wp-block-group section_redactionnel\"><div class=\"wp-block-group__inner-container\">\n<h2>Ontdek Propriano en Corse-du-Sud vanuit je stacaravan<\/h2>\n\n\n\n<div class=\"wp-block-columns\">\n<div class=\"wp-block-column\" style=\"flex-basis:100%\">\n<p>Vanuit uw <strong>huuraccommodatie in een stacaravan in Corse-du-Sud<\/strong>, in het hart van Corsica, onthult de mysterieuze<a href=\"https:\/\/www.campingesplanade.fr\/nl\/visit-corsica\/golfe-de-valinco-propriano\/\" target=\"_blank\" rel=\"noreferrer noopener\"> Golf van Valinco-Propriano <\/a>geleidelijk zijn schatten, met een uitzonderlijke kustlijn en smaragdgroen water op slechts 200 meter van onze camping in Corse-du-Sud. Deze bestemming <strong>nodigt je uit om Corsica<\/strong>, de beroemde Golf van Valinco en de prachtige stranden te ontdekken. <\/p>\n\n\n\n<p>De Golf van Valinco, omzoomd met baaien en badend in het zonlicht, is de thuisbasis van enkele van de beste stranden ter wereld en nodigt je uit om te ontspannen en tot rust te komen. Naast de iconische stranden zijn er ook een aantal minder bekende juweeltjes die het ontdekken waard zijn. Baracci, bijvoorbeeld, valt op door zijn fijne zand en transparante water, en biedt een weelderig panorama op de bergen. Verder weg ligt het strand van Puraja, een goed bewaard geheim voor wie op zoek is naar authenticiteit. Het Lidostrand is ondertussen favoriet bij watersportliefhebbers en biedt een ideaal speelterrein voor surfen en zeilen.<\/p>\n\n\n\n<p>De steile, rotsachtige bergen bieden een uitdaging voor ervaren wandelaars, terwijl de hellingen natuurlijke en historische schatten herbergen. De beboste heuvels van Olmeto, omringd door weelderig groen, nodigen je uit om op ontdekkingstocht te gaan. Dit land, rijk aan geschiedenis en legendes, kronkelt zich tussen eiken en kastanjebomen en onthult een intiem Corsica vanuit het comfort van je h<strong>uuraccommodatie in een stacaravan in Propriano<\/strong>.<\/p>\n<\/div>\n<\/div>\n<\/div><\/div>\n","protected":false},"excerpt":{"rendered":"<p>U kunt ons bereiken via e-mail op campingesplanade@gmail.com of telefonisch op . Verhuur van stacaravans in Propriano Wil je op vakantie en alles ontdekken wat Corsica-du-Sud te bieden heeft?Onze camping in Propriano is de ideale plek voor jou. Op de 4-sterrencamping l&#8217;Esplanade in een van onze stacaravans in Propriano. L&#8217;Esplanade ligt op slechts 9 kilometer [&hellip;]<\/p>\n","protected":false},"author":1,"featured_media":5719,"parent":0,"menu_order":0,"comment_status":"closed","ping_status":"closed","template":"","meta":[],"yoast_head":"<!-- This site is optimized with the Yoast SEO plugin v17.2.1 - https:\/\/yoast.com\/wordpress\/plugins\/seo\/ -->\n<title>Omgeving mobil-home Propriano | Camping en Corse-du-Sud<\/title>\n<meta name=\"description\" content=\"Reserveer uw stacaravan in Propriano op 4 sterren camping L&#039;Esplanade in Corsica-du-Sud, met directe toegang tot de zee en uitzicht op de Golf van Valinco.\" \/>\n<meta name=\"robots\" content=\"index, follow, max-snippet:-1, max-image-preview:large, max-video-preview:-1\" \/>\n<link rel=\"canonical\" href=\"https:\/\/www.campingesplanade.fr\/nl\/stacaravans-corsica\/\" \/>\n<meta property=\"og:locale\" content=\"nl_NL\" \/>\n<meta property=\"og:type\" content=\"article\" \/>\n<meta property=\"og:title\" content=\"Omgeving mobil-home Propriano | Camping en Corse-du-Sud\" \/>\n<meta property=\"og:description\" content=\"Reserveer uw stacaravan in Propriano op 4 sterren camping L&#039;Esplanade in Corsica-du-Sud, met directe toegang tot de zee en uitzicht op de Golf van Valinco.\" \/>\n<meta property=\"og:url\" content=\"https:\/\/www.campingesplanade.fr\/nl\/stacaravans-corsica\/\" \/>\n<meta property=\"og:site_name\" content=\"Camping l&#039;Esplanade\" \/>\n<meta property=\"article:modified_time\" content=\"2026-03-26T15:06:28+00:00\" \/>\n<meta property=\"og:image\" content=\"https:\/\/www.campingesplanade.fr\/wp-content\/uploads\/2024\/06\/IMG_20240616_112628-scaled.jpg\" \/>\n\t<meta property=\"og:image:width\" content=\"2048\" \/>\n\t<meta property=\"og:image:height\" content=\"1536\" \/>\n<meta name=\"twitter:card\" content=\"summary_large_image\" \/>\n<meta name=\"twitter:label1\" content=\"Est. reading time\" \/>\n\t<meta name=\"twitter:data1\" content=\"12 minutes\" \/>\n<script type=\"application\/ld+json\" class=\"yoast-schema-graph\">{\"@context\":\"https:\/\/schema.org\",\"@graph\":[{\"@type\":\"WebSite\",\"@id\":\"https:\/\/www.campingesplanade.fr\/#website\",\"url\":\"https:\/\/www.campingesplanade.fr\/\",\"name\":\"Camping l'Esplanade\",\"description\":\"3-sterren camping in Corsica\",\"potentialAction\":[{\"@type\":\"SearchAction\",\"target\":{\"@type\":\"EntryPoint\",\"urlTemplate\":\"https:\/\/www.campingesplanade.fr\/?s={search_term_string}\"},\"query-input\":\"required name=search_term_string\"}],\"inLanguage\":\"nl-NL\"},{\"@type\":\"ImageObject\",\"@id\":\"https:\/\/www.campingesplanade.fr\/nl\/stacaravans-corsica\/#primaryimage\",\"inLanguage\":\"nl-NL\",\"url\":\"https:\/\/www.campingesplanade.fr\/wp-content\/uploads\/2024\/06\/IMG_20240616_112628-scaled.jpg\",\"contentUrl\":\"https:\/\/www.campingesplanade.fr\/wp-content\/uploads\/2024\/06\/IMG_20240616_112628-scaled.jpg\",\"width\":2048,\"height\":1536,\"caption\":\"Mobil-home en Corse-du-Sud - Camping Corse du Sud l'Esplanade\"},{\"@type\":\"WebPage\",\"@id\":\"https:\/\/www.campingesplanade.fr\/nl\/stacaravans-corsica\/#webpage\",\"url\":\"https:\/\/www.campingesplanade.fr\/nl\/stacaravans-corsica\/\",\"name\":\"Omgeving mobil-home Propriano | Camping en Corse-du-Sud\",\"isPartOf\":{\"@id\":\"https:\/\/www.campingesplanade.fr\/#website\"},\"primaryImageOfPage\":{\"@id\":\"https:\/\/www.campingesplanade.fr\/nl\/stacaravans-corsica\/#primaryimage\"},\"datePublished\":\"2021-05-04T12:22:27+00:00\",\"dateModified\":\"2026-03-26T15:06:28+00:00\",\"description\":\"Reserveer uw stacaravan in Propriano op 4 sterren camping L'Esplanade in Corsica-du-Sud, met directe toegang tot de zee en uitzicht op de Golf van Valinco.\",\"breadcrumb\":{\"@id\":\"https:\/\/www.campingesplanade.fr\/nl\/stacaravans-corsica\/#breadcrumb\"},\"inLanguage\":\"nl-NL\",\"potentialAction\":[{\"@type\":\"ReadAction\",\"target\":[\"https:\/\/www.campingesplanade.fr\/nl\/stacaravans-corsica\/\"]}]},{\"@type\":\"BreadcrumbList\",\"@id\":\"https:\/\/www.campingesplanade.fr\/nl\/stacaravans-corsica\/#breadcrumb\",\"itemListElement\":[{\"@type\":\"ListItem\",\"position\":1,\"name\":\"Accueil\",\"item\":\"https:\/\/www.campingesplanade.fr\/nl\/\"},{\"@type\":\"ListItem\",\"position\":2,\"name\":\"Locaties\"}]}]}<\/script>\n<!-- \/ Yoast SEO plugin. -->","yoast_head_json":{"title":"Omgeving mobil-home Propriano | Camping en Corse-du-Sud","description":"Reserveer uw stacaravan in Propriano op 4 sterren camping L'Esplanade in Corsica-du-Sud, met directe toegang tot de zee en uitzicht op de Golf van Valinco.","robots":{"index":"index","follow":"follow","max-snippet":"max-snippet:-1","max-image-preview":"max-image-preview:large","max-video-preview":"max-video-preview:-1"},"canonical":"https:\/\/www.campingesplanade.fr\/nl\/stacaravans-corsica\/","og_locale":"nl_NL","og_type":"article","og_title":"Omgeving mobil-home Propriano | Camping en Corse-du-Sud","og_description":"Reserveer uw stacaravan in Propriano op 4 sterren camping L'Esplanade in Corsica-du-Sud, met directe toegang tot de zee en uitzicht op de Golf van Valinco.","og_url":"https:\/\/www.campingesplanade.fr\/nl\/stacaravans-corsica\/","og_site_name":"Camping l'Esplanade","article_modified_time":"2026-03-26T15:06:28+00:00","og_image":[{"width":2048,"height":1536,"url":"https:\/\/www.campingesplanade.fr\/wp-content\/uploads\/2024\/06\/IMG_20240616_112628-scaled.jpg","path":"\/home\/esplanade\/public_html\/wp-content\/uploads\/2024\/06\/IMG_20240616_112628-scaled.jpg","size":"full","id":5719,"alt":"Mobil-home en Corse-du-Sud - Camping Corse du Sud l'Esplanade","pixels":3145728,"type":"image\/jpeg"}],"twitter_card":"summary_large_image","twitter_misc":{"Est. reading time":"12 minutes"},"schema":{"@context":"https:\/\/schema.org","@graph":[{"@type":"WebSite","@id":"https:\/\/www.campingesplanade.fr\/#website","url":"https:\/\/www.campingesplanade.fr\/","name":"Camping l'Esplanade","description":"3-sterren camping in Corsica","potentialAction":[{"@type":"SearchAction","target":{"@type":"EntryPoint","urlTemplate":"https:\/\/www.campingesplanade.fr\/?s={search_term_string}"},"query-input":"required name=search_term_string"}],"inLanguage":"nl-NL"},{"@type":"ImageObject","@id":"https:\/\/www.campingesplanade.fr\/nl\/stacaravans-corsica\/#primaryimage","inLanguage":"nl-NL","url":"https:\/\/www.campingesplanade.fr\/wp-content\/uploads\/2024\/06\/IMG_20240616_112628-scaled.jpg","contentUrl":"https:\/\/www.campingesplanade.fr\/wp-content\/uploads\/2024\/06\/IMG_20240616_112628-scaled.jpg","width":2048,"height":1536,"caption":"Mobil-home en Corse-du-Sud - Camping Corse du Sud l'Esplanade"},{"@type":"WebPage","@id":"https:\/\/www.campingesplanade.fr\/nl\/stacaravans-corsica\/#webpage","url":"https:\/\/www.campingesplanade.fr\/nl\/stacaravans-corsica\/","name":"Omgeving mobil-home Propriano | Camping en Corse-du-Sud","isPartOf":{"@id":"https:\/\/www.campingesplanade.fr\/#website"},"primaryImageOfPage":{"@id":"https:\/\/www.campingesplanade.fr\/nl\/stacaravans-corsica\/#primaryimage"},"datePublished":"2021-05-04T12:22:27+00:00","dateModified":"2026-03-26T15:06:28+00:00","description":"Reserveer uw stacaravan in Propriano op 4 sterren camping L'Esplanade in Corsica-du-Sud, met directe toegang tot de zee en uitzicht op de Golf van Valinco.","breadcrumb":{"@id":"https:\/\/www.campingesplanade.fr\/nl\/stacaravans-corsica\/#breadcrumb"},"inLanguage":"nl-NL","potentialAction":[{"@type":"ReadAction","target":["https:\/\/www.campingesplanade.fr\/nl\/stacaravans-corsica\/"]}]},{"@type":"BreadcrumbList","@id":"https:\/\/www.campingesplanade.fr\/nl\/stacaravans-corsica\/#breadcrumb","itemListElement":[{"@type":"ListItem","position":1,"name":"Accueil","item":"https:\/\/www.campingesplanade.fr\/nl\/"},{"@type":"ListItem","position":2,"name":"Locaties"}]}]}},"_links":{"self":[{"href":"https:\/\/www.campingesplanade.fr\/nl\/wp-json\/wp\/v2\/pages\/4217"}],"collection":[{"href":"https:\/\/www.campingesplanade.fr\/nl\/wp-json\/wp\/v2\/pages"}],"about":[{"href":"https:\/\/www.campingesplanade.fr\/nl\/wp-json\/wp\/v2\/types\/page"}],"author":[{"embeddable":true,"href":"https:\/\/www.campingesplanade.fr\/nl\/wp-json\/wp\/v2\/users\/1"}],"replies":[{"embeddable":true,"href":"https:\/\/www.campingesplanade.fr\/nl\/wp-json\/wp\/v2\/comments?post=4217"}],"version-history":[{"count":6,"href":"https:\/\/www.campingesplanade.fr\/nl\/wp-json\/wp\/v2\/pages\/4217\/revisions"}],"predecessor-version":[{"id":8920,"href":"https:\/\/www.campingesplanade.fr\/nl\/wp-json\/wp\/v2\/pages\/4217\/revisions\/8920"}],"wp:featuredmedia":[{"embeddable":true,"href":"https:\/\/www.campingesplanade.fr\/nl\/wp-json\/wp\/v2\/media\/5719"}],"wp:attachment":[{"href":"https:\/\/www.campingesplanade.fr\/nl\/wp-json\/wp\/v2\/media?parent=4217"}],"curies":[{"name":"wp","href":"https:\/\/api.w.org\/{rel}","templated":true}]}}