{"id":2031,"date":"2021-07-07T17:19:28","date_gmt":"2021-07-07T15:19:28","guid":{"rendered":"https:\/\/www.campingesplanade.fr\/domande-frequenti\/"},"modified":"2025-06-09T17:01:30","modified_gmt":"2025-06-09T15:01:30","slug":"domande-frequenti","status":"publish","type":"page","link":"https:\/\/www.campingesplanade.fr\/it\/domande-frequenti\/","title":{"rendered":"Domande frequenti"},"content":{"rendered":"\n<figure class=\"wp-block-image alignfull size-full section_banniere\"><img width=\"1920\" height=\"1280\" src=\"https:\/\/www.campingesplanade.fr\/wp-content\/uploads\/2021\/08\/IMG_1725.jpg\" alt=\"Campeggio L'Esplanade: immagine 1725\" class=\"wp-image-896\" srcset=\"https:\/\/www.campingesplanade.fr\/wp-content\/uploads\/2021\/08\/IMG_1725.jpg 1920w, https:\/\/www.campingesplanade.fr\/wp-content\/uploads\/2021\/08\/IMG_1725-300x200.jpg 300w, https:\/\/www.campingesplanade.fr\/wp-content\/uploads\/2021\/08\/IMG_1725-1024x683.jpg 1024w, https:\/\/www.campingesplanade.fr\/wp-content\/uploads\/2021\/08\/IMG_1725-768x512.jpg 768w, https:\/\/www.campingesplanade.fr\/wp-content\/uploads\/2021\/08\/IMG_1725-1536x1024.jpg 1536w\" sizes=\"(max-width: 1920px) 100vw, 1920px\" \/><\/figure>\n\n\n\n<div class=\"wp-block-group section_introduction\"><div class=\"wp-block-group__inner-container\">\n<h1>Domande frequenti<\/h1>\n\n\n\n<p>Preparatevi al vostro arrivo consultando le nostre FAQ e il nostro <a href=\"https:\/\/www.campingesplanade.fr\/wp-content\/uploads\/2025\/06\/250609_livret_accueil_EN_compressed.pdf\">welcome booklet<\/a>. SE non riesci a trovare le informazioni che stai cercando, <br>senti libero di <a href=\"https:\/\/www.campingesplanade.fr\/it\/contatti\/\">contattarci<\/a> o dai un&#8217;occhiata alla nostra <a href=\"https:\/\/www.campingesplanade.fr\/it\/informazioni\/\">pagina di informazioni pratiche<\/a>.<\/p>\n\n\n\n<p class=\"has-text-align-center section_redactionnel\"> <i class=\"fal fa-question-circle\"><\/i> <\/p>\n<\/div><\/div>\n\n\n\n<div class=\"wp-block-columns section_listing\">\n<div class=\"wp-block-column contenu\" style=\"flex-basis:100%\">\n<div class=\"wp-block-columns\">\n<div class=\"wp-block-column is-vertically-aligned-center\" style=\"flex-basis:33.33%\">\n<p><strong>Come si effettua una prenotazione?<\/strong><\/p>\n<\/div>\n\n\n\n<div class=\"wp-block-column\" style=\"flex-basis:66.66%\">\n<p>\u00c8 possibile prenotare direttamente sul sito web.<br>Sar\u00e0 richiesto un deposito pari al 40% dell&#8217;importo totale dell&#8217;affitto. Il saldo \u00e8 dovuto 30 giorni prima della data di arrivo.<\/p>\n<\/div>\n<\/div>\n<\/div>\n<\/div>\n\n\n\n<div class=\"wp-block-columns section_listing\">\n<div class=\"wp-block-column contenu\" style=\"flex-basis:100%\">\n<div class=\"wp-block-columns\">\n<div class=\"wp-block-column is-vertically-aligned-center\" style=\"flex-basis:33.33%\">\n<p><strong>Ho letto che l\u2019alloggio<\/strong><br><strong>sar\u00e0 disponibile solo a partire dalle ore 16:00.<br>Posso arrivare prima?<\/strong><\/p>\n\n\n\n<p><\/p>\n<\/div>\n\n\n\n<div class=\"wp-block-column is-vertically-aligned-center\" style=\"flex-basis:66.66%\">\n<p>S\u00ec, \u00e8 assolutamente possibile, in modo da poter usufruire della piscina, del bar\/ristorante e dell&#8217;accesso alla spiaggia.<br>Se nel frattempo il vostro appartamento sar\u00e0 pronto, potrete trasferirvi. Altrimenti, dovrete aspettare fino alle 16:00.<\/p>\n<\/div>\n<\/div>\n<\/div>\n<\/div>\n\n\n\n<div class=\"wp-block-columns section_listing\">\n<div class=\"wp-block-column contenu\" style=\"flex-basis:100%\">\n<div class=\"wp-block-columns\">\n<div class=\"wp-block-column is-vertically-aligned-center\" style=\"flex-basis:33.33%\">\n<p><strong>All\u2019arrivo occorre lasciare una cauzione? <\/strong><\/p>\n\n\n\n<p><\/p>\n<\/div>\n\n\n\n<div class=\"wp-block-column is-vertically-aligned-center\" style=\"flex-basis:66.66%\">\n<p>S\u00ec! Per gli affitti, vi verr\u00e0 richiesto un deposito di 300\u20ac pagabile con carta per garantire il rispetto dell&#8217;alloggio affittato e la pulizia dell&#8217;alloggio alla vostra partenza. Il campeggio controller\u00e0 il vostro alloggio dopo la vostra partenza. I numeri delle carte di credito saranno cancellati automaticamente, al netto di eventuali detrazioni per oggetti mancanti, costi di danni e\/o spese di pulizia, per le quali \u00e8 previsto un prezzo fisso di 80\u20ac.<\/p>\n\n\n\n<p>Per le piazzole \u00e8 richiesto un deposito di 20 euro per il badge di accesso, che verr\u00e0 restituito alla partenza una volta riconsegnato. Se noleggiate un frigorifero per la vostra piazzola, dovrete versare una cauzione di 50 euro.<\/p>\n<\/div>\n<\/div>\n<\/div>\n<\/div>\n\n\n\n<div class=\"wp-block-columns section_listing\">\n<div class=\"wp-block-column contenu\" style=\"flex-basis:100%\">\n<div class=\"wp-block-columns\">\n<div class=\"wp-block-column is-vertically-aligned-center\" style=\"flex-basis:33.33%\">\n<p><strong>\u00c8 necessario comunicare la partenza?<\/strong><\/p>\n\n\n\n<p><\/p>\n<\/div>\n\n\n\n<div class=\"wp-block-column is-vertically-aligned-center\" style=\"flex-basis:66.66%\">\n<p>Il check-out degli affitti viene effettuato dal nostro personale di pulizia al momento della partenza. Si prega di prendere appuntamento alla reception il giorno prima della partenza. In ogni caso, il check-out deve essere effettuato entro le ore 10:00 del mattino.<\/p>\n<\/div>\n<\/div>\n<\/div>\n<\/div>\n\n\n\n<div class=\"wp-block-columns section_listing\">\n<div class=\"wp-block-column contenu\" style=\"flex-basis:100%\">\n<div class=\"wp-block-columns\">\n<div class=\"wp-block-column is-vertically-aligned-center\" style=\"flex-basis:33.33%\">\n<p><strong>Sono forniti lenzuola e asciugamenti?<\/strong><\/p>\n\n\n\n<p><\/p>\n<\/div>\n\n\n\n<div class=\"wp-block-column is-vertically-aligned-center\" style=\"flex-basis:66.66%\">\n<p>Le lenzuola e gli asciugamani non sono forniti. Tuttavia, possiamo fornire questo servizio per voi:<\/p>\n\n\n\n<ul><li>Kit per letto matrimoniale (1 lenzuolo + 2 federe): 12\u20ac<\/li><li>Kit per letto singolo (1 lenzuolo + 1 federa): 10\u20ac<\/li><li>Asciugamano grande: 4\u20ac<\/li><li>Asciugamano piccolo o tappeto da bagno: 3\u20ac<\/li><\/ul>\n<\/div>\n<\/div>\n\n\n\n<p><\/p>\n<\/div>\n<\/div>\n\n\n\n<div class=\"wp-block-columns section_listing\">\n<div class=\"wp-block-column contenu\" style=\"flex-basis:100%\">\n<div class=\"wp-block-columns\">\n<div class=\"wp-block-column is-vertically-aligned-center\" style=\"flex-basis:33.33%\">\n<p><strong>\u00c8 possibile noleggiare <br>culle e\/o seggioloni per bambini?<\/strong><\/p>\n\n\n\n<p><\/p>\n<\/div>\n\n\n\n<div class=\"wp-block-column is-vertically-aligned-center\" style=\"flex-basis:66.66%\">\n<p>S\u00ec, per 2\u20ac al giorno per il letto. Si consiglia vivamente di prenotare in anticipo!<br>Non abbiamo seggioloni disponibili per il noleggio.<\/p>\n<\/div>\n<\/div>\n<\/div>\n<\/div>\n\n\n\n<div class=\"wp-block-columns section_listing\">\n<div class=\"wp-block-column contenu\" style=\"flex-basis:100%\">\n<div class=\"wp-block-columns\">\n<div class=\"wp-block-column is-vertically-aligned-center\" style=\"flex-basis:33.33%\">\n<p><strong>Le piazzole per <\/strong><br><strong>furgoni, camper e roulotte<br>sono situate lungo la spiaggia?<\/strong><\/p>\n\n\n\n<p><\/p>\n<\/div>\n\n\n\n<div class=\"wp-block-column is-vertically-aligned-center\" style=\"flex-basis:66.66%\">\n<p>Poich\u00e9 il terreno \u00e8 scosceso, i furgoni \/ camper \/ roulotte non possono circolare nella parte bassa del campeggio. Le piazzole riservate sono contrassegnate dalla lettera &#8220;V&#8221; sulla mappa del campeggio.<\/p>\n<\/div>\n<\/div>\n<\/div>\n<\/div>\n\n\n\n<div class=\"wp-block-columns section_listing\">\n<div class=\"wp-block-column contenu\" style=\"flex-basis:100%\">\n<div class=\"wp-block-columns\">\n<div class=\"wp-block-column is-vertically-aligned-center\" style=\"flex-basis:33.33%\">\n<p><strong>Il campeggio \u00e8 accessibile <br>alle persone con mobilit\u00e0 ridotta?<\/strong><\/p>\n\n\n\n<p><\/p>\n<\/div>\n\n\n\n<div class=\"wp-block-column is-vertically-aligned-center\" style=\"flex-basis:66.66%\">\n<p>Il campeggio \u00e8 stato organizzato per consentire alle persone con disabilit\u00e0 di soggiornare nel campeggio. Tuttavia, il terreno \u00e8 ripido e non tutte le piazzole e gli affitti sono accessibili ai disabili. La spiaggia \u00e8 raggiungibile attraverso un sentiero ripido. Le persone con disabilit\u00e0 sono pregate di contattare il campeggio via e-mail o telefono prima di effettuare una prenotazione.<\/p>\n<\/div>\n<\/div>\n<\/div>\n<\/div>\n\n\n\n<hr class=\"wp-block-separator has-text-color has-background has-primaire-background-color has-primaire-color\"\/>\n\n\n\n<div style=\"height:40px\" aria-hidden=\"true\" class=\"wp-block-spacer\"><\/div>\n\n\n\n<div class=\"wp-block-columns section_listing\">\n<div class=\"wp-block-column contenu\" style=\"flex-basis:100%\">\n<div class=\"wp-block-columns\">\n<div class=\"wp-block-column is-vertically-aligned-center\" style=\"flex-basis:33.33%\">\n<p><strong>Gli alloggi sono dotati di TV?<\/strong><\/p>\n\n\n\n<p><\/p>\n<\/div>\n\n\n\n<div class=\"wp-block-column is-vertically-aligned-center\" style=\"flex-basis:66.66%\">\n<p>No, gli affitti non sono dotati di televisione, ad eccezione degli chalet Plein Air e del nostro appartamento.<\/p>\n<\/div>\n<\/div>\n<\/div>\n<\/div>\n\n\n\n<div class=\"wp-block-columns section_listing\">\n<div class=\"wp-block-column contenu\" style=\"flex-basis:100%\">\n<div class=\"wp-block-columns\">\n<div class=\"wp-block-column is-vertically-aligned-center\" style=\"flex-basis:33.33%\">\n<p><strong>Gli alloggi sono dotati di<br>climatizzazione o riscaldamento?<\/strong><\/p>\n\n\n\n<p><\/p>\n<\/div>\n\n\n\n<div class=\"wp-block-column is-vertically-aligned-center\" style=\"flex-basis:66.66%\">\n<p>Alcuni alloggi sono dotati di aria condizionata reversibile, per raffreddare o riscaldare l&#8217;alloggio:<\/p>\n\n\n\n<ul><li>Mobile-Homes<\/li><li>Chalet NOUMEA<\/li><li>Chalet TORONTO<\/li><li>Chalet STELLA<\/li><li>Chalet PLEIN AIR<\/li><\/ul>\n\n\n\n<p>Gli chalet &#8220;Classique&#8221; e &#8220;Classique plus&#8221; non sono dotati di aria condizionata o riscaldamento.<\/p>\n<\/div>\n<\/div>\n<\/div>\n<\/div>\n\n\n\n<div class=\"wp-block-columns section_listing\">\n<div class=\"wp-block-column contenu\" style=\"flex-basis:100%\">\n<div class=\"wp-block-columns\">\n<div class=\"wp-block-column is-vertically-aligned-center\" style=\"flex-basis:33.33%\">\n<p><strong>I cani sono ammessi<br>?&nbsp;<\/strong><\/p>\n\n\n\n<p><\/p>\n<\/div>\n\n\n\n<div class=\"wp-block-column is-vertically-aligned-center\" style=\"flex-basis:66.66%\">\n<p>S\u00ec, con una tassa di 5\u20ac al giorno e a condizione che il cane non sia classificato come razza 1 o 2, ovvero cane da attacco. Inoltre, deve essere tenuto al guinzaglio all&#8217;interno del campeggio e accompagnato fuori per fare i suoi bisogni. Il cane non deve essere lasciato incustodito in nessun caso. I cani non sono autorizzati nell&#8217;area della piscina.<\/p>\n<\/div>\n<\/div>\n<\/div>\n<\/div>\n\n\n\n<div class=\"wp-block-columns section_listing\">\n<div class=\"wp-block-column contenu\" style=\"flex-basis:100%\">\n<div class=\"wp-block-columns\">\n<div class=\"wp-block-column is-vertically-aligned-center\" style=\"flex-basis:33.33%\">\n<p><strong>\u00c8 possibile installare la tenda <br>a lato dell\u2019alloggio?<\/strong><\/p>\n\n\n\n<p><\/p>\n<\/div>\n\n\n\n<div class=\"wp-block-column is-vertically-aligned-center\" style=\"flex-basis:66.66%\">\n<p>No, questo \u00e8 severamente vietato.<\/p>\n\n\n\n<p>\u00c8 possibile prenotare una piazzola per roulotte o per tenda.<\/p>\n<\/div>\n<\/div>\n<\/div>\n<\/div>\n\n\n\n<div class=\"wp-block-columns section_listing\">\n<div class=\"wp-block-column contenu\" style=\"flex-basis:100%\">\n<div class=\"wp-block-columns\">\n<div class=\"wp-block-column is-vertically-aligned-center\" style=\"flex-basis:33.33%\">\n<p><strong>I barbecue sono consentiti?<\/strong><\/p>\n\n\n\n<p><\/p>\n<\/div>\n\n\n\n<div class=\"wp-block-column is-vertically-aligned-center\" style=\"flex-basis:66.66%\">\n<p>Sono autorizzati solo i barbecue a gas. Sono severamente vietati i barbecue a legna e tutti i dispositivi di cottura elettrici (barbecue, planchas, ecc.) non forniti dal campeggio. Offriamo il noleggio di barbecue gaz a 8\u20ac al giorno o a 50\u20ac a settimana.<\/p>\n<\/div>\n<\/div>\n<\/div>\n<\/div>\n\n\n\n<hr class=\"wp-block-separator has-text-color has-background has-primaire-background-color has-primaire-color is-style-default\"\/>\n\n\n\n<div style=\"height:40px\" aria-hidden=\"true\" class=\"wp-block-spacer\"><\/div>\n\n\n\n<div class=\"wp-block-columns section_listing\">\n<div class=\"wp-block-column contenu\" style=\"flex-basis:100%\">\n<div class=\"wp-block-columns\">\n<div class=\"wp-block-column is-vertically-aligned-center\" style=\"flex-basis:33.33%\">\n<p><strong>Quali sono gli orari di <br>apertura della piscina?<\/strong><\/p>\n\n\n\n<p><\/p>\n<\/div>\n\n\n\n<div class=\"wp-block-column is-vertically-aligned-center\" style=\"flex-basis:66.66%\">\n<p>La piscina \u00e8 aperta tutti i giorni dalle ore 10:00 alle 19:00.<\/p>\n\n\n\n<p>Nei mesi di luglio e agosto, la piscina \u00e8 aperta dalle ore 10:00 alle 20:00.<\/p>\n<\/div>\n<\/div>\n<\/div>\n<\/div>\n\n\n\n<div class=\"wp-block-columns section_listing\">\n<div class=\"wp-block-column contenu\" style=\"flex-basis:100%\">\n<div class=\"wp-block-columns\">\n<div class=\"wp-block-column is-vertically-aligned-center\" style=\"flex-basis:33.33%\">\n<p><strong>La piscina \u00e8 riscaldata?<\/strong><\/p>\n\n\n\n<p><\/p>\n<\/div>\n\n\n\n<div class=\"wp-block-column is-vertically-aligned-center\" style=\"flex-basis:66.66%\">\n<p>La piscina \u00e8 riscaldata per tutto il periodo di apertura.<\/p>\n<\/div>\n<\/div>\n<\/div>\n<\/div>\n\n\n\n<div class=\"wp-block-columns section_listing\">\n<div class=\"wp-block-column contenu\" style=\"flex-basis:100%\">\n<div class=\"wp-block-columns\">\n<div class=\"wp-block-column is-vertically-aligned-center\" style=\"flex-basis:33.33%\">\n<p><strong>\u00c8 possibile usare i bermuda in piscina?<\/strong><\/p>\n\n\n\n<p><\/p>\n<\/div>\n\n\n\n<div class=\"wp-block-column is-vertically-aligned-center\" style=\"flex-basis:66.66%\">\n<p>No. Per motivi igienici, in piscina sono ammessi solo costumi da bagno\/pantaloncini da bagno.<\/p>\n<\/div>\n<\/div>\n<\/div>\n<\/div>\n\n\n\n<div class=\"wp-block-columns section_listing\">\n<div class=\"wp-block-column contenu\" style=\"flex-basis:100%\">\n<div class=\"wp-block-columns\">\n<div class=\"wp-block-column is-vertically-aligned-center\" style=\"flex-basis:33.33%\">\n<p><strong>La piscina \u00e8 sorvegliata?<\/strong><\/p>\n\n\n\n<p><\/p>\n<\/div>\n\n\n\n<div class=\"wp-block-column is-vertically-aligned-center\" style=\"flex-basis:66.66%\">\n<p>No, non c&#8217;\u00e8 nessun bagnino. Tuttavia, nei mesi di luglio e agosto \u00e8 presente un responsabile della piscina.<\/p>\n<\/div>\n<\/div>\n<\/div>\n<\/div>\n\n\n\n<div class=\"wp-block-columns section_listing\">\n<div class=\"wp-block-column contenu\" style=\"flex-basis:100%\">\n<div class=\"wp-block-columns\">\n<div class=\"wp-block-column is-vertically-aligned-center\" style=\"flex-basis:33.33%\">\n<p><strong>\u00c8 possibile entrare nel <\/strong><br><strong>perimetro della piscina indossando le scarpe?<\/strong><\/p>\n\n\n\n<p><\/p>\n<\/div>\n\n\n\n<div class=\"wp-block-column is-vertically-aligned-center\" style=\"flex-basis:66.66%\">\n<p>\u00c8 necessario passare attraverso il pediluvio. All&#8217;ingresso della piscina c&#8217;\u00e8 un posto dove lasciare le scarpe. \u00c8 possibile portare le scarpe nell&#8217;area della piscina se conservate in un sacchetto.<\/p>\n<\/div>\n<\/div>\n<\/div>\n<\/div>\n\n\n\n<hr class=\"wp-block-separator has-text-color has-background has-primaire-background-color has-primaire-color is-style-default\"\/>\n\n\n\n<div style=\"height:40px\" aria-hidden=\"true\" class=\"wp-block-spacer\"><\/div>\n\n\n\n<div class=\"wp-block-columns section_listing\">\n<div class=\"wp-block-column contenu\" style=\"flex-basis:100%\">\n<div class=\"wp-block-columns\">\n<div class=\"wp-block-column is-vertically-aligned-center\" style=\"flex-basis:33.33%\">\n<p><strong>Le animazioni <br>si svolgono tutta la stagione?<\/strong><\/p>\n\n\n\n<p><\/p>\n<\/div>\n\n\n\n<div class=\"wp-block-column is-vertically-aligned-center\" style=\"flex-basis:66.66%\">\n<p>Offriamo attivit\u00e0 solo in luglio e agosto. Sono pensate per un pubblico di giovani e meno giovani!!!<\/p>\n<\/div>\n<\/div>\n<\/div>\n<\/div>\n\n\n\n<div class=\"wp-block-columns section_listing\">\n<div class=\"wp-block-column contenu\" style=\"flex-basis:100%\">\n<div class=\"wp-block-columns\">\n<div class=\"wp-block-column is-vertically-aligned-center\" style=\"flex-basis:33.33%\">\n<p><strong>C\u2019\u00e8 un mini-club nel campeggio?<\/strong><\/p>\n\n\n\n<p><\/p>\n<\/div>\n\n\n\n<div class=\"wp-block-column is-vertically-aligned-center\" style=\"flex-basis:66.66%\">\n<p>No, ma c&#8217;\u00e8 un&#8217;area giochi per bambini e un campo polisportivo.<\/p>\n<\/div>\n<\/div>\n<\/div>\n<\/div>\n\n\n\n<div class=\"wp-block-columns section_listing\">\n<div class=\"wp-block-column contenu\" style=\"flex-basis:100%\">\n<div class=\"wp-block-columns\">\n<div class=\"wp-block-column is-vertically-aligned-center\" style=\"flex-basis:33.33%\">\n<p><strong>Come si accede alla spiaggia?<\/strong><\/p>\n\n\n\n<p><\/p>\n<\/div>\n\n\n\n<div class=\"wp-block-column is-vertically-aligned-center\" style=\"flex-basis:66.66%\">\n<p>Il Camping L&#8217;Esplanade offre un accesso diretto alla spiaggia di Campitello. \u00c8 possibile raggiungerla a piedi dalle piazzole. Gli affitti situati nella parte bassa del campeggio sono molto vicini alla spiaggia, mentre quelli nella parte alta distano circa 500 metri dalla spiaggia.<\/p>\n<\/div>\n<\/div>\n<\/div>\n<\/div>\n\n\n\n<div class=\"wp-block-columns section_listing\">\n<div class=\"wp-block-column contenu\" style=\"flex-basis:100%\">\n<div class=\"wp-block-columns\">\n<div class=\"wp-block-column is-vertically-aligned-center\" style=\"flex-basis:33.33%\">\n<p><strong>Quali articoli vende il negozio di alimentari? <\/strong><br><strong>C\u2019\u00e8 un supermercato in zona?<\/strong><\/p>\n\n\n\n<p><\/p>\n<\/div>\n\n\n\n<div class=\"wp-block-column is-vertically-aligned-center\" style=\"flex-basis:66.66%\">\n<p>Il negozio fornisce beni di prima necessit\u00e0 per gli ospiti del campeggio, ma non pu\u00f2 sostituire un supermercato. Per una maggiore scelta, troverete dei supermercati a Propriano (10 minuti in auto).<\/p>\n<\/div>\n<\/div>\n<\/div>\n<\/div>\n\n\n\n<div class=\"wp-block-columns section_listing\">\n<div class=\"wp-block-column contenu\" style=\"flex-basis:100%\">\n<div class=\"wp-block-columns\">\n<div class=\"wp-block-column is-vertically-aligned-center\" style=\"flex-basis:33.33%\">\n<p><strong>Dove si possono compare pane e prodotti da forno?<\/strong><\/p>\n\n\n\n<p><\/p>\n<\/div>\n\n\n\n<div class=\"wp-block-column is-vertically-aligned-center\" style=\"flex-basis:66.66%\">\n<p>Abbiamo un servizio di pane fresco. Il pane e i dolci devono essere ordinati il giorno prima, entro le 18:00.<\/p>\n<\/div>\n<\/div>\n<\/div>\n<\/div>\n\n\n\n<div class=\"wp-block-columns section_listing\">\n<div class=\"wp-block-column contenu\" style=\"flex-basis:100%\">\n<div class=\"wp-block-columns\">\n<div class=\"wp-block-column is-vertically-aligned-center\" style=\"flex-basis:33.33%\">\n<p><strong>Esiste una lavanderia nel campeggio?<\/strong><\/p>\n\n\n\n<p><\/p>\n<\/div>\n\n\n\n<div class=\"wp-block-column is-vertically-aligned-center\" style=\"flex-basis:66.66%\">\n<p>S\u00ec, in ogni blocco sanitario \u00e8 presente una zona lavanderia.<\/p>\n\n\n\n<p>Alla reception \u00e8 possibile acquistare gettoni per le lavatrici con detersivo (6 \u20ac). \u00c8 possibile utilizzare il proprio detersivo, ma il gettone costa comunque 6 \u20ac. \u00c8 inoltre possibile acquistare gettoni per l&#8217;asciugatrice a 5 \u20ac.<\/p>\n<\/div>\n<\/div>\n<\/div>\n<\/div>\n\n\n\n<div class=\"wp-block-columns section_listing\">\n<div class=\"wp-block-column contenu\" style=\"flex-basis:100%\">\n<div class=\"wp-block-columns\">\n<div class=\"wp-block-column is-vertically-aligned-center\" style=\"flex-basis:33.33%\">\n<p><strong>Il campeggio ha un servizio Wi-Fi?<\/strong><\/p>\n\n\n\n<p><\/p>\n<\/div>\n\n\n\n<div class=\"wp-block-column is-vertically-aligned-center\" style=\"flex-basis:66.66%\">\n<p>Il wifi \u00e8 disponibile nell&#8217;area bar\/ristorante e nell&#8217;area della piscina del campeggio e il servizio \u00e8 gratuito.<\/p>\n<\/div>\n<\/div>\n<\/div>\n<\/div>\n\n\n\n<div style=\"height:100px\" aria-hidden=\"true\" class=\"wp-block-spacer\"><\/div>\n","protected":false},"excerpt":{"rendered":"<p>Domande frequenti Preparatevi al vostro arrivo consultando le nostre FAQ e il nostro welcome booklet. SE non riesci a trovare le informazioni che stai cercando, senti libero di contattarci o dai un&#8217;occhiata alla nostra pagina di informazioni pratiche. Come si effettua una prenotazione? \u00c8 possibile prenotare direttamente sul sito web.Sar\u00e0 richiesto un deposito pari al [&hellip;]<\/p>\n","protected":false},"author":1,"featured_media":8636,"parent":0,"menu_order":0,"comment_status":"closed","ping_status":"closed","template":"","meta":[],"yoast_head":"<!-- This site is optimized with the Yoast SEO plugin v17.2.1 - https:\/\/yoast.com\/wordpress\/plugins\/seo\/ -->\n<title>Domande frequenti - Campeggio l&#039;Esplanade<\/title>\n<meta name=\"description\" content=\"Avete una domanda da porre durante la preparazione della vostra vacanza in campeggio nella Corsica del Sud? Siamo qui per rispondere a tutte le vostre domande.\" \/>\n<meta name=\"robots\" content=\"index, follow, max-snippet:-1, max-image-preview:large, max-video-preview:-1\" \/>\n<link rel=\"canonical\" href=\"https:\/\/www.campingesplanade.fr\/it\/domande-frequenti\/\" \/>\n<meta property=\"og:locale\" content=\"it_IT\" \/>\n<meta property=\"og:type\" content=\"article\" \/>\n<meta property=\"og:title\" content=\"Domande frequenti - Campeggio l&#039;Esplanade\" \/>\n<meta property=\"og:description\" content=\"Avete una domanda da porre durante la preparazione della vostra vacanza in campeggio nella Corsica del Sud? Siamo qui per rispondere a tutte le vostre domande.\" \/>\n<meta property=\"og:url\" content=\"https:\/\/www.campingesplanade.fr\/it\/domande-frequenti\/\" \/>\n<meta property=\"og:site_name\" content=\"Campeggio l&#039;Esplanade\" \/>\n<meta property=\"article:modified_time\" content=\"2025-06-09T15:01:30+00:00\" \/>\n<meta property=\"og:image\" content=\"https:\/\/www.campingesplanade.fr\/wp-content\/uploads\/2021\/08\/IMG_1725.jpg\" \/>\n<meta name=\"twitter:card\" content=\"summary_large_image\" \/>\n<meta name=\"twitter:label1\" content=\"Tempo di lettura stimato\" \/>\n\t<meta name=\"twitter:data1\" content=\"5 minuti\" \/>\n<script type=\"application\/ld+json\" class=\"yoast-schema-graph\">{\"@context\":\"https:\/\/schema.org\",\"@graph\":[{\"@type\":\"WebSite\",\"@id\":\"https:\/\/www.campingesplanade.fr\/#website\",\"url\":\"https:\/\/www.campingesplanade.fr\/\",\"name\":\"Campeggio l'Esplanade\",\"description\":\"Campeggio 3 stelle in Corsica\",\"potentialAction\":[{\"@type\":\"SearchAction\",\"target\":{\"@type\":\"EntryPoint\",\"urlTemplate\":\"https:\/\/www.campingesplanade.fr\/?s={search_term_string}\"},\"query-input\":\"required name=search_term_string\"}],\"inLanguage\":\"it-IT\"},{\"@type\":\"ImageObject\",\"@id\":\"https:\/\/www.campingesplanade.fr\/it\/domande-frequenti\/#primaryimage\",\"inLanguage\":\"it-IT\",\"url\":\"https:\/\/www.campingesplanade.fr\/wp-content\/uploads\/2026\/01\/DJI_0009.webp\",\"contentUrl\":\"https:\/\/www.campingesplanade.fr\/wp-content\/uploads\/2026\/01\/DJI_0009.webp\",\"width\":1920,\"height\":1078,\"caption\":\"piscine camping corse-du-sud l'esplanade\"},{\"@type\":\"WebPage\",\"@id\":\"https:\/\/www.campingesplanade.fr\/it\/domande-frequenti\/#webpage\",\"url\":\"https:\/\/www.campingesplanade.fr\/it\/domande-frequenti\/\",\"name\":\"Domande frequenti - Campeggio l'Esplanade\",\"isPartOf\":{\"@id\":\"https:\/\/www.campingesplanade.fr\/#website\"},\"primaryImageOfPage\":{\"@id\":\"https:\/\/www.campingesplanade.fr\/it\/domande-frequenti\/#primaryimage\"},\"datePublished\":\"2021-07-07T15:19:28+00:00\",\"dateModified\":\"2025-06-09T15:01:30+00:00\",\"description\":\"Avete una domanda da porre durante la preparazione della vostra vacanza in campeggio nella Corsica del Sud? Siamo qui per rispondere a tutte le vostre domande.\",\"breadcrumb\":{\"@id\":\"https:\/\/www.campingesplanade.fr\/it\/domande-frequenti\/#breadcrumb\"},\"inLanguage\":\"it-IT\",\"potentialAction\":[{\"@type\":\"ReadAction\",\"target\":[\"https:\/\/www.campingesplanade.fr\/it\/domande-frequenti\/\"]}]},{\"@type\":\"BreadcrumbList\",\"@id\":\"https:\/\/www.campingesplanade.fr\/it\/domande-frequenti\/#breadcrumb\",\"itemListElement\":[{\"@type\":\"ListItem\",\"position\":1,\"name\":\"Accueil\",\"item\":\"https:\/\/www.campingesplanade.fr\/it\/\"},{\"@type\":\"ListItem\",\"position\":2,\"name\":\"Domande frequenti\"}]}]}<\/script>\n<!-- \/ Yoast SEO plugin. -->","yoast_head_json":{"title":"Domande frequenti - Campeggio l'Esplanade","description":"Avete una domanda da porre durante la preparazione della vostra vacanza in campeggio nella Corsica del Sud? Siamo qui per rispondere a tutte le vostre domande.","robots":{"index":"index","follow":"follow","max-snippet":"max-snippet:-1","max-image-preview":"max-image-preview:large","max-video-preview":"max-video-preview:-1"},"canonical":"https:\/\/www.campingesplanade.fr\/it\/domande-frequenti\/","og_locale":"it_IT","og_type":"article","og_title":"Domande frequenti - Campeggio l'Esplanade","og_description":"Avete una domanda da porre durante la preparazione della vostra vacanza in campeggio nella Corsica del Sud? Siamo qui per rispondere a tutte le vostre domande.","og_url":"https:\/\/www.campingesplanade.fr\/it\/domande-frequenti\/","og_site_name":"Campeggio l'Esplanade","article_modified_time":"2025-06-09T15:01:30+00:00","og_image":[{"url":"https:\/\/www.campingesplanade.fr\/wp-content\/uploads\/2021\/08\/IMG_1725.jpg"}],"twitter_card":"summary_large_image","twitter_misc":{"Tempo di lettura stimato":"5 minuti"},"schema":{"@context":"https:\/\/schema.org","@graph":[{"@type":"WebSite","@id":"https:\/\/www.campingesplanade.fr\/#website","url":"https:\/\/www.campingesplanade.fr\/","name":"Campeggio l'Esplanade","description":"Campeggio 3 stelle in Corsica","potentialAction":[{"@type":"SearchAction","target":{"@type":"EntryPoint","urlTemplate":"https:\/\/www.campingesplanade.fr\/?s={search_term_string}"},"query-input":"required name=search_term_string"}],"inLanguage":"it-IT"},{"@type":"ImageObject","@id":"https:\/\/www.campingesplanade.fr\/it\/domande-frequenti\/#primaryimage","inLanguage":"it-IT","url":"https:\/\/www.campingesplanade.fr\/wp-content\/uploads\/2026\/01\/DJI_0009.webp","contentUrl":"https:\/\/www.campingesplanade.fr\/wp-content\/uploads\/2026\/01\/DJI_0009.webp","width":1920,"height":1078,"caption":"piscine camping corse-du-sud l'esplanade"},{"@type":"WebPage","@id":"https:\/\/www.campingesplanade.fr\/it\/domande-frequenti\/#webpage","url":"https:\/\/www.campingesplanade.fr\/it\/domande-frequenti\/","name":"Domande frequenti - Campeggio l'Esplanade","isPartOf":{"@id":"https:\/\/www.campingesplanade.fr\/#website"},"primaryImageOfPage":{"@id":"https:\/\/www.campingesplanade.fr\/it\/domande-frequenti\/#primaryimage"},"datePublished":"2021-07-07T15:19:28+00:00","dateModified":"2025-06-09T15:01:30+00:00","description":"Avete una domanda da porre durante la preparazione della vostra vacanza in campeggio nella Corsica del Sud? Siamo qui per rispondere a tutte le vostre domande.","breadcrumb":{"@id":"https:\/\/www.campingesplanade.fr\/it\/domande-frequenti\/#breadcrumb"},"inLanguage":"it-IT","potentialAction":[{"@type":"ReadAction","target":["https:\/\/www.campingesplanade.fr\/it\/domande-frequenti\/"]}]},{"@type":"BreadcrumbList","@id":"https:\/\/www.campingesplanade.fr\/it\/domande-frequenti\/#breadcrumb","itemListElement":[{"@type":"ListItem","position":1,"name":"Accueil","item":"https:\/\/www.campingesplanade.fr\/it\/"},{"@type":"ListItem","position":2,"name":"Domande frequenti"}]}]}},"_links":{"self":[{"href":"https:\/\/www.campingesplanade.fr\/it\/wp-json\/wp\/v2\/pages\/2031"}],"collection":[{"href":"https:\/\/www.campingesplanade.fr\/it\/wp-json\/wp\/v2\/pages"}],"about":[{"href":"https:\/\/www.campingesplanade.fr\/it\/wp-json\/wp\/v2\/types\/page"}],"author":[{"embeddable":true,"href":"https:\/\/www.campingesplanade.fr\/it\/wp-json\/wp\/v2\/users\/1"}],"replies":[{"embeddable":true,"href":"https:\/\/www.campingesplanade.fr\/it\/wp-json\/wp\/v2\/comments?post=2031"}],"version-history":[{"count":7,"href":"https:\/\/www.campingesplanade.fr\/it\/wp-json\/wp\/v2\/pages\/2031\/revisions"}],"predecessor-version":[{"id":7652,"href":"https:\/\/www.campingesplanade.fr\/it\/wp-json\/wp\/v2\/pages\/2031\/revisions\/7652"}],"wp:featuredmedia":[{"embeddable":true,"href":"https:\/\/www.campingesplanade.fr\/it\/wp-json\/wp\/v2\/media\/8636"}],"wp:attachment":[{"href":"https:\/\/www.campingesplanade.fr\/it\/wp-json\/wp\/v2\/media?parent=2031"}],"curies":[{"name":"wp","href":"https:\/\/api.w.org\/{rel}","templated":true}]}}