{"id":2029,"date":"2021-07-07T17:19:28","date_gmt":"2021-07-07T15:19:28","guid":{"rendered":"https:\/\/www.campingesplanade.fr\/faq\/"},"modified":"2025-06-09T17:00:51","modified_gmt":"2025-06-09T15:00:51","slug":"faq","status":"publish","type":"page","link":"https:\/\/www.campingesplanade.fr\/de\/faq\/","title":{"rendered":"FAQ"},"content":{"rendered":"\n<figure class=\"wp-block-image alignfull size-full section_banniere\"><img width=\"1920\" height=\"1280\" src=\"https:\/\/www.campingesplanade.fr\/wp-content\/uploads\/2021\/08\/IMG_1725.jpg\" alt=\"Camping L'Esplanade : Img 1725\" class=\"wp-image-896\" srcset=\"https:\/\/www.campingesplanade.fr\/wp-content\/uploads\/2021\/08\/IMG_1725.jpg 1920w, https:\/\/www.campingesplanade.fr\/wp-content\/uploads\/2021\/08\/IMG_1725-300x200.jpg 300w, https:\/\/www.campingesplanade.fr\/wp-content\/uploads\/2021\/08\/IMG_1725-1024x683.jpg 1024w, https:\/\/www.campingesplanade.fr\/wp-content\/uploads\/2021\/08\/IMG_1725-768x512.jpg 768w, https:\/\/www.campingesplanade.fr\/wp-content\/uploads\/2021\/08\/IMG_1725-1536x1024.jpg 1536w\" sizes=\"(max-width: 1920px) 100vw, 1920px\" \/><\/figure>\n\n\n\n<div class=\"wp-block-group section_introduction\"><div class=\"wp-block-group__inner-container\">\n<h1>FAQ<\/h1>\n\n\n\n<p>Bereiten Sie sich auf Ihre Ankunft vor, indem Sie unsere FAQ und unser <a href=\"https:\/\/www.campingesplanade.fr\/wp-content\/uploads\/2025\/06\/250609_livret_accueil_EN_compressed.pdf\">welcome booklet<\/a> konsultieren. Wenn Sie die gesuchten Informationen nicht finden, z\u00f6gern Sie nicht, <a href=\"https:\/\/www.campingesplanade.fr\/de\/kontakt\/\">uns zu kontaktieren<\/a> oder werfen Sie einen Blick auf unsere <a href=\"https:\/\/www.campingesplanade.fr\/de\/informationen\/\">Seite mit praktischen Informationen<\/a>.<\/p>\n\n\n\n<p class=\"has-text-align-center section_redactionnel\"> <i class=\"fal fa-question-circle\"><\/i> <\/p>\n<\/div><\/div>\n\n\n\n<div class=\"wp-block-columns section_listing\">\n<div class=\"wp-block-column contenu\" style=\"flex-basis:100%\">\n<div class=\"wp-block-columns\">\n<div class=\"wp-block-column is-vertically-aligned-center\" style=\"flex-basis:33.33%\">\n<p><strong>Wie kann ich buchen?<\/strong><\/p>\n<\/div>\n\n\n\n<div class=\"wp-block-column\" style=\"flex-basis:66.66%\">\n<p>Sie k\u00f6nnen direkt \u00fcber die Website buchen.<br>Eine Anzahlung von 40 % des Gesamtmietpreises ist erforderlich. Der Restbetrag ist 30 Tage vor Ihrem Anreisedatum f\u00e4llig.<\/p>\n<\/div>\n<\/div>\n<\/div>\n<\/div>\n\n\n\n<div class=\"wp-block-columns section_listing\">\n<div class=\"wp-block-column contenu\" style=\"flex-basis:100%\">\n<div class=\"wp-block-columns\">\n<div class=\"wp-block-column is-vertically-aligned-center\" style=\"flex-basis:33.33%\">\n<p><strong>Ich habe verstanden, dass meine Mietunterkunft<\/strong><br><strong>erst ab 16:00 Uhr verf\u00fcgbar ist.<br>Kann ich trotzdem fr\u00fcher anreisen?<\/strong><\/p>\n\n\n\n<p><\/p>\n<\/div>\n\n\n\n<div class=\"wp-block-column is-vertically-aligned-center\" style=\"flex-basis:66.66%\">\n<p>Ja, das ist durchaus m\u00f6glich, damit Sie unseren Swimmingpool, die Bar\/Restaurant und den Strandzugang genie\u00dfen k\u00f6nnen.<br>Wenn Ihr Mietobjekt in der Zwischenzeit fertig ist, k\u00f6nnen Sie einziehen. Andernfalls m\u00fcssen Sie bis 16:00 Uhr warten.<\/p>\n<\/div>\n<\/div>\n\n\n\n<p><\/p>\n<\/div>\n<\/div>\n\n\n\n<div class=\"wp-block-columns section_listing\">\n<div class=\"wp-block-column contenu\" style=\"flex-basis:100%\">\n<div class=\"wp-block-columns\">\n<div class=\"wp-block-column is-vertically-aligned-center\" style=\"flex-basis:33.33%\">\n<p><strong>Muss ich bei meiner Ankunft eine Kaution hinterlegen? <\/strong><\/p>\n\n\n\n<p><\/p>\n<\/div>\n\n\n\n<div class=\"wp-block-column is-vertically-aligned-center\" style=\"flex-basis:66.66%\">\n<p> <\/p>\n\n\n\n<p>Ja! Bei der Anmietung m\u00fcssen Sie eine Kaution in H\u00f6he von 300 \u20ac hinterlegen, die per Karte zu zahlen ist, um die Einhaltung der Mietbedingungen und die Sauberkeit der Unterkunft bei Ihrer Abreise zu gew\u00e4hrleisten. Der Campingplatz wird Ihre Unterkunft nach Ihrer Abreise \u00fcberpr\u00fcfen. Die Kreditkartennummern werden automatisch gel\u00f6scht, abz\u00fcglich eines eventuellen Abzugs f\u00fcr fehlende Gegenst\u00e4nde, Sch\u00e4den und\/oder Reinigungskosten, f\u00fcr die ein Festpreis von 80 \u20ac vereinbart wird.<\/p>\n\n\n\n<p>F\u00fcr Campingpl\u00e4tze ist eine Kaution von 20 \u20ac f\u00fcr den Zugangsausweis zu hinterlegen, die bei der Abreise nach R\u00fcckgabe des Ausweises zur\u00fcckerstattet wird. Wenn Sie einen K\u00fchlschrank f\u00fcr Ihren Stellplatz mieten, wird eine Kaution von 50 \u20ac f\u00e4llig.<\/p>\n<\/div>\n<\/div>\n<\/div>\n<\/div>\n\n\n\n<div class=\"wp-block-columns section_listing\">\n<div class=\"wp-block-column contenu\" style=\"flex-basis:100%\">\n<div class=\"wp-block-columns\">\n<div class=\"wp-block-column is-vertically-aligned-center\" style=\"flex-basis:33.33%\">\n<p><strong>Muss ich einen Termin f\u00fcr den Check-out vereinbaren?<\/strong><\/p>\n\n\n\n<p><\/p>\n<\/div>\n\n\n\n<div class=\"wp-block-column is-vertically-aligned-center\" style=\"flex-basis:66.66%\">\n<p>Das Auschecken der Mietobjekte wird von unserem Reinigungspersonal zum Zeitpunkt Ihrer Abreise durchgef\u00fchrt. Bitte vereinbaren Sie am Tag vor Ihrer Abreise einen Termin an der Rezeption. In jedem Fall m\u00fcssen Sie vor 10:00 Uhr auschecken.<\/p>\n<\/div>\n<\/div>\n<\/div>\n<\/div>\n\n\n\n<div class=\"wp-block-columns section_listing\">\n<div class=\"wp-block-column contenu\" style=\"flex-basis:100%\">\n<div class=\"wp-block-columns\">\n<div class=\"wp-block-column is-vertically-aligned-center\" style=\"flex-basis:33.33%\">\n<p><strong>Sind Bettw\u00e4sche und Handt\u00fccher <br>vorhanden?<\/strong><\/p>\n\n\n\n<p><\/p>\n<\/div>\n\n\n\n<div class=\"wp-block-column is-vertically-aligned-center\" style=\"flex-basis:66.66%\">\n<p>Bettlaken und Handt\u00fccher werden nicht gestellt. Wir k\u00f6nnen diesen Service jedoch f\u00fcr Sie \u00fcbernehmen:<\/p>\n\n\n\n<ul><li>Set f\u00fcr ein Doppelbett (1 Laken + 2 Kissenbez\u00fcge): 12\u20ac<\/li><li>Set f\u00fcr Einzelbett (1 Laken + 1 Kopfkissenbezug): 10\u20ac<\/li><li>Gro\u00dfes Handtuch: 4\u20ac<\/li><li>Kleines Handtuch oder Badeteppich: 3\u20ac<\/li><\/ul>\n<\/div>\n<\/div>\n\n\n\n<p><\/p>\n<\/div>\n<\/div>\n\n\n\n<div class=\"wp-block-columns section_listing\">\n<div class=\"wp-block-column contenu\" style=\"flex-basis:100%\">\n<div class=\"wp-block-columns\">\n<div class=\"wp-block-column is-vertically-aligned-center\" style=\"flex-basis:33.33%\">\n<p><strong>Vermieten Sie Betten<br>und oder Hochst\u00fchle f\u00fcr Babys?<\/strong><\/p>\n\n\n\n<p><\/p>\n<\/div>\n\n\n\n<div class=\"wp-block-column is-vertically-aligned-center\" style=\"flex-basis:66.66%\">\n<p>Ja, f\u00fcr 2 \u20ac pro Tag f\u00fcr das Bett. Wir empfehlen dringend, im Voraus zu buchen!<br>Wir haben keine Hochst\u00fchle zu vermieten.<\/p>\n<\/div>\n<\/div>\n<\/div>\n<\/div>\n\n\n\n<div class=\"wp-block-columns section_listing\">\n<div class=\"wp-block-column contenu\" style=\"flex-basis:100%\">\n<div class=\"wp-block-columns\">\n<div class=\"wp-block-column is-vertically-aligned-center\" style=\"flex-basis:33.33%\">\n<p><strong>Befinden sich die Stellpl\u00e4tze f\u00fcr <\/strong><br><strong>Vans \/ Wohnmobile \/ Wohnwagen<br>am Strand?<\/strong><\/p>\n\n\n\n<p><\/p>\n<\/div>\n\n\n\n<div class=\"wp-block-column is-vertically-aligned-center\" style=\"flex-basis:66.66%\">\n<p>Da das Gel\u00e4nde steil ist, k\u00f6nnen Lieferwagen\/Wohnmobile\/Wohnwagen im unteren Teil des Campingplatzes nicht verkehren. Die reservierten Stellpl\u00e4tze sind auf dem Campingplatzplan mit dem Buchstaben &#8222;V&#8220; gekennzeichnet.<\/p>\n<\/div>\n<\/div>\n<\/div>\n<\/div>\n\n\n\n<div class=\"wp-block-columns section_listing\">\n<div class=\"wp-block-column contenu\" style=\"flex-basis:100%\">\n<div class=\"wp-block-columns\">\n<div class=\"wp-block-column is-vertically-aligned-center\" style=\"flex-basis:33.33%\">\n<p><strong>Ist der Campingplatz barrierefrei <br>f\u00fcr Personen mit eingeschr\u00e4nkter Mobilit\u00e4t zug\u00e4nglich?<\/strong><\/p>\n\n\n\n<p><\/p>\n<\/div>\n\n\n\n<div class=\"wp-block-column is-vertically-aligned-center\" style=\"flex-basis:66.66%\">\n<p>Der Campingplatz ist so angelegt, dass auch Menschen mit Behinderungen auf dem Campingplatz \u00fcbernachten k\u00f6nnen. Das Gel\u00e4nde ist jedoch steil, und nicht alle Stellpl\u00e4tze und Mietobjekte sind behindertengerecht. Der Strand ist \u00fcber einen steilen Weg zu erreichen. Menschen mit Behinderungen werden gebeten, sich vor einer Buchung per E-Mail oder Telefon mit dem Campingplatz in Verbindung zu setzen.<\/p>\n<\/div>\n<\/div>\n<\/div>\n<\/div>\n\n\n\n<hr class=\"wp-block-separator has-text-color has-background has-primaire-background-color has-primaire-color\"\/>\n\n\n\n<div style=\"height:40px\" aria-hidden=\"true\" class=\"wp-block-spacer\"><\/div>\n\n\n\n<div class=\"wp-block-columns section_listing\">\n<div class=\"wp-block-column contenu\" style=\"flex-basis:100%\">\n<div class=\"wp-block-columns\">\n<div class=\"wp-block-column is-vertically-aligned-center\" style=\"flex-basis:33.33%\">\n<p><strong>Sind die Mietunterk\u00fcnfte mit einem TV-Ger\u00e4t ausgestattet?<\/strong><\/p>\n\n\n\n<p><\/p>\n<\/div>\n\n\n\n<div class=\"wp-block-column is-vertically-aligned-center\" style=\"flex-basis:66.66%\">\n<p>Nein, die Unterk\u00fcnfte sind nicht mit einem Fernseher ausgestattet, mit Ausnahme der Plein Air Chalets und unserer Wohnung.<\/p>\n<\/div>\n<\/div>\n<\/div>\n<\/div>\n\n\n\n<div class=\"wp-block-columns section_listing\">\n<div class=\"wp-block-column contenu\" style=\"flex-basis:100%\">\n<div class=\"wp-block-columns\">\n<div class=\"wp-block-column is-vertically-aligned-center\" style=\"flex-basis:33.33%\">\n<p><strong>Sind die Mietunterk\u00fcnfte mit einer Klimaanlage\/einer Heizung ausgestattet?<\/strong><\/p>\n\n\n\n<p><\/p>\n<\/div>\n\n\n\n<div class=\"wp-block-column is-vertically-aligned-center\" style=\"flex-basis:66.66%\">\n<p>Einige der Unterk\u00fcnfte sind mit einer umschaltbaren Klimaanlage ausgestattet, mit der die Unterkunft gek\u00fchlt oder geheizt werden kann:<\/p>\n\n\n\n<ul><li>Die Mobilheime<\/li><li>Die Chalets NOUMEA<\/li><li>Die Chalets TORONTO<\/li><li>Die Chalets STELLA<\/li><li>Die Chalets PLEIN AIR<\/li><\/ul>\n\n\n\n<p>Die Chalets &#8222;Classique&#8220; und &#8222;Classique plus&#8220; sind weder mit Klimaanlage noch mit Heizung ausgestattet.<\/p>\n<\/div>\n<\/div>\n<\/div>\n<\/div>\n\n\n\n<div class=\"wp-block-columns section_listing\">\n<div class=\"wp-block-column contenu\" style=\"flex-basis:100%\">\n<div class=\"wp-block-columns\">\n<div class=\"wp-block-column is-vertically-aligned-center\" style=\"flex-basis:33.33%\">\n<p><strong>Ist mein Hund  <br>in der Unterkunft erlaubt?&nbsp;<\/strong><\/p>\n\n\n\n<p><\/p>\n<\/div>\n\n\n\n<div class=\"wp-block-column is-vertically-aligned-center\" style=\"flex-basis:66.66%\">\n<p>Ja, gegen eine Geb\u00fchr von 5 \u20ac pro Tag und unter der Voraussetzung, dass es sich nicht um einen Hund der Kategorie 1 oder 2 handelt, d. h. um einen Kampfhund. Au\u00dferdem muss der Hund innerhalb des Campingplatzes an der Leine gef\u00fchrt werden und nach drau\u00dfen begleitet werden, um sein Gesch\u00e4ft zu verrichten. Der Hund darf unter keinen Umst\u00e4nden unbeaufsichtigt gelassen werden. Hunde sind im Poolbereich nicht erlaubt.<\/p>\n<\/div>\n<\/div>\n<\/div>\n<\/div>\n\n\n\n<div class=\"wp-block-columns section_listing\">\n<div class=\"wp-block-column contenu\" style=\"flex-basis:100%\">\n<div class=\"wp-block-columns\">\n<div class=\"wp-block-column is-vertically-aligned-center\" style=\"flex-basis:33.33%\">\n<p><strong>Ich w\u00fcrde gerne ein Zelt <br>neben der Mietunterkunft aufstellen, ist das m\u00f6glich?<\/strong><\/p>\n\n\n\n<p><\/p>\n<\/div>\n\n\n\n<div class=\"wp-block-column is-vertically-aligned-center\" style=\"flex-basis:66.66%\">\n<p>Nein, das ist strengstens untersagt.<\/p>\n\n\n\n<p>Sie k\u00f6nnen einen Wohnwagen- oder Zeltplatz buchen.<\/p>\n<\/div>\n<\/div>\n<\/div>\n<\/div>\n\n\n\n<div class=\"wp-block-columns section_listing\">\n<div class=\"wp-block-column contenu\" style=\"flex-basis:100%\">\n<div class=\"wp-block-columns\">\n<div class=\"wp-block-column is-vertically-aligned-center\" style=\"flex-basis:33.33%\">\n<p><strong>Ist Grillen erlaubt?<\/strong><\/p>\n\n\n\n<p><\/p>\n<\/div>\n\n\n\n<div class=\"wp-block-column is-vertically-aligned-center\" style=\"flex-basis:66.66%\">\n<p>Es sind nur Gasgrills zugelassen. Holzkohlegrills sowie alle elektrischen Kochger\u00e4te (Grills, Planchas usw.), die nicht vom Campingplatz geliefert werden, sind streng verboten. Wir bieten Ihnen die M\u00f6glichkeit, einen Gasgrill f\u00fcr 8 \u20ac pro Tag oder 50 \u20ac pro Woche zu mieten.<\/p>\n<\/div>\n<\/div>\n<\/div>\n<\/div>\n\n\n\n<hr class=\"wp-block-separator has-text-color has-background has-primaire-background-color has-primaire-color is-style-default\"\/>\n\n\n\n<div style=\"height:40px\" aria-hidden=\"true\" class=\"wp-block-spacer\"><\/div>\n\n\n\n<div class=\"wp-block-columns section_listing\">\n<div class=\"wp-block-column contenu\" style=\"flex-basis:100%\">\n<div class=\"wp-block-columns\">\n<div class=\"wp-block-column is-vertically-aligned-center\" style=\"flex-basis:33.33%\">\n<p><strong>Wann ist <br>der Pool ge\u00f6ffnet?<\/strong><\/p>\n\n\n\n<p><\/p>\n<\/div>\n\n\n\n<div class=\"wp-block-column is-vertically-aligned-center\" style=\"flex-basis:66.66%\">\n<p>Der Pool ist t\u00e4glich von 10:00 bis 19:00 Uhr ge\u00f6ffnet..<\/p>\n\n\n\n<p>Im Juli und August ist der Pool von 10:00 bis 20:00 Uhr ge\u00f6ffnet.<\/p>\n<\/div>\n<\/div>\n<\/div>\n<\/div>\n\n\n\n<div class=\"wp-block-columns section_listing\">\n<div class=\"wp-block-column contenu\" style=\"flex-basis:100%\">\n<div class=\"wp-block-columns\">\n<div class=\"wp-block-column is-vertically-aligned-center\" style=\"flex-basis:33.33%\">\n<p><strong>Ist der Pool beheizt?<\/strong><\/p>\n\n\n\n<p><\/p>\n<\/div>\n\n\n\n<div class=\"wp-block-column is-vertically-aligned-center\" style=\"flex-basis:66.66%\">\n<p>Der Pool ist w\u00e4hrend der gesamten \u00d6ffnungszeit beheizt.<\/p>\n<\/div>\n<\/div>\n<\/div>\n<\/div>\n\n\n\n<div class=\"wp-block-columns section_listing\">\n<div class=\"wp-block-column contenu\" style=\"flex-basis:100%\">\n<div class=\"wp-block-columns\">\n<div class=\"wp-block-column is-vertically-aligned-center\" style=\"flex-basis:33.33%\">\n<p><strong>Sind Badeshorts erlaubt?<\/strong><\/p>\n\n\n\n<p><\/p>\n<\/div>\n\n\n\n<div class=\"wp-block-column is-vertically-aligned-center\" style=\"flex-basis:66.66%\">\n<p>Nein. Aus hygienischen Gr\u00fcnden sind im Schwimmbad nur Badeanz\u00fcge\/Badehosen erlaubt.<\/p>\n<\/div>\n<\/div>\n<\/div>\n<\/div>\n\n\n\n<div class=\"wp-block-columns section_listing\">\n<div class=\"wp-block-column contenu\" style=\"flex-basis:100%\">\n<div class=\"wp-block-columns\">\n<div class=\"wp-block-column is-vertically-aligned-center\" style=\"flex-basis:33.33%\">\n<p><strong>Ist der Pool \u00fcberwacht?<\/strong><\/p>\n\n\n\n<p><\/p>\n<\/div>\n\n\n\n<div class=\"wp-block-column is-vertically-aligned-center\" style=\"flex-basis:66.66%\">\n<p>Nein, es gibt keinen Rettungsschwimmer. Im Juli und August ist jedoch ein Bademeister anwesend.<\/p>\n<\/div>\n<\/div>\n<\/div>\n<\/div>\n\n\n\n<div class=\"wp-block-columns section_listing\">\n<div class=\"wp-block-column contenu\" style=\"flex-basis:100%\">\n<div class=\"wp-block-columns\">\n<div class=\"wp-block-column is-vertically-aligned-center\" style=\"flex-basis:33.33%\">\n<p><strong>Darf man seine Schuhe <\/strong><br><strong>mit in den Poolbereich nehmen?<\/strong><\/p>\n\n\n\n<p><\/p>\n<\/div>\n\n\n\n<div class=\"wp-block-column is-vertically-aligned-center\" style=\"flex-basis:66.66%\">\n<p>Sie m\u00fcssen durch das Fu\u00dfbad gehen. Es gibt einen Platz zum Abstellen der Schuhe am Eingang zum Schwimmbad. Sie k\u00f6nnen Ihre Schuhe mit in den Poolbereich nehmen, wenn sie in einer Tasche aufbewahrt werden.<\/p>\n<\/div>\n<\/div>\n<\/div>\n<\/div>\n\n\n\n<hr class=\"wp-block-separator has-text-color has-background has-primaire-background-color has-primaire-color is-style-default\"\/>\n\n\n\n<div style=\"height:40px\" aria-hidden=\"true\" class=\"wp-block-spacer\"><\/div>\n\n\n\n<div class=\"wp-block-columns section_listing\">\n<div class=\"wp-block-column contenu\" style=\"flex-basis:100%\">\n<div class=\"wp-block-columns\">\n<div class=\"wp-block-column is-vertically-aligned-center\" style=\"flex-basis:33.33%\">\n<p><strong>Wird <br>die ganze Saison \u00fcber ein Animationsprogramm angeboten?<\/strong><\/p>\n\n\n\n<p><\/p>\n<\/div>\n\n\n\n<div class=\"wp-block-column is-vertically-aligned-center\" style=\"flex-basis:66.66%\">\n<p>Wir bieten nur im Juli und August Aktivit\u00e4ten an. Diese sind f\u00fcr ein j\u00fcngeres und \u00e4lteres Publikum gedacht!!!<\/p>\n<\/div>\n<\/div>\n<\/div>\n<\/div>\n\n\n\n<div class=\"wp-block-columns section_listing\">\n<div class=\"wp-block-column contenu\" style=\"flex-basis:100%\">\n<div class=\"wp-block-columns\">\n<div class=\"wp-block-column is-vertically-aligned-center\" style=\"flex-basis:33.33%\">\n<p><strong>Haben Sie einen Kinderclub?<\/strong><\/p>\n\n\n\n<p><\/p>\n<\/div>\n\n\n\n<div class=\"wp-block-column is-vertically-aligned-center\" style=\"flex-basis:66.66%\">\n<p>Nein, aber es gibt einen Spielplatz f\u00fcr Kinder und einen Multisportplatz.<\/p>\n<\/div>\n<\/div>\n<\/div>\n<\/div>\n\n\n\n<div class=\"wp-block-columns section_listing\">\n<div class=\"wp-block-column contenu\" style=\"flex-basis:100%\">\n<div class=\"wp-block-columns\">\n<div class=\"wp-block-column is-vertically-aligned-center\" style=\"flex-basis:33.33%\">\n<p><strong>Wie kommt man an den Strand?<\/strong><\/p>\n\n\n\n<p><\/p>\n<\/div>\n\n\n\n<div class=\"wp-block-column is-vertically-aligned-center\" style=\"flex-basis:66.66%\">\n<p>Der Campingplatz L&#8217;Esplanade bietet einen direkten Zugang zum Strand von Campitello. Sie k\u00f6nnen von den Stellpl\u00e4tzen aus dorthin laufen. Die Stellpl\u00e4tze im unteren Teil des Campingplatzes liegen ganz in der N\u00e4he des Strandes und die Stellpl\u00e4tze im oberen Teil sind etwa 500 Meter vom Strand entfernt.<\/p>\n<\/div>\n<\/div>\n<\/div>\n<\/div>\n\n\n\n<div class=\"wp-block-columns section_listing\">\n<div class=\"wp-block-column contenu\" style=\"flex-basis:100%\">\n<div class=\"wp-block-columns\">\n<div class=\"wp-block-column is-vertically-aligned-center\" style=\"flex-basis:33.33%\">\n<p><strong>Was bekomme ich im Lebensmittelladen? <\/strong><br><strong>Gibt es in der N\u00e4he Superm\u00e4rkte?<\/strong><\/p>\n\n\n\n<p><\/p>\n<\/div>\n\n\n\n<div class=\"wp-block-column is-vertically-aligned-center\" style=\"flex-basis:66.66%\">\n<p>Der Laden versorgt die G\u00e4ste des Campingplatzes mit Waren des t\u00e4glichen Bedarfs, kann aber einen Supermarkt nicht ersetzen. F\u00fcr mehr Auswahl finden Sie Superm\u00e4rkte in Propriano (10 Minuten mit dem Auto).<\/p>\n<\/div>\n<\/div>\n<\/div>\n<\/div>\n\n\n\n<div class=\"wp-block-columns section_listing\">\n<div class=\"wp-block-column contenu\" style=\"flex-basis:100%\">\n<div class=\"wp-block-columns\">\n<div class=\"wp-block-column is-vertically-aligned-center\" style=\"flex-basis:33.33%\">\n<p><strong>Kann man dort Brot und Backwaren kaufen?<\/strong><\/p>\n\n\n\n<p><\/p>\n<\/div>\n\n\n\n<div class=\"wp-block-column is-vertically-aligned-center\" style=\"flex-basis:66.66%\">\n<p>Wir haben einen Frischbrotservice. Brot und Geb\u00e4ck sollten am Vortag vor 18 Uhr bestellt werden.<\/p>\n<\/div>\n<\/div>\n<\/div>\n<\/div>\n\n\n\n<div class=\"wp-block-columns section_listing\">\n<div class=\"wp-block-column contenu\" style=\"flex-basis:100%\">\n<div class=\"wp-block-columns\">\n<div class=\"wp-block-column is-vertically-aligned-center\" style=\"flex-basis:33.33%\">\n<p><strong>Gibt es auf dem Campingplatz einen Waschsalon?<\/strong><\/p>\n\n\n\n<p><\/p>\n<\/div>\n\n\n\n<div class=\"wp-block-column is-vertically-aligned-center\" style=\"flex-basis:66.66%\">\n<p>Ja, in jedem Sanit\u00e4rgeb\u00e4ude finden Sie einen Waschsalon.<\/p>\n\n\n\n<p>An der Rezeption k\u00f6nnen Sie M\u00fcnzen f\u00fcr die Waschmaschinen mit Waschmittel kaufen (6 \u20ac). Sie k\u00f6nnen Ihr eigenes Waschmittel verwenden, aber die M\u00fcnze kostet immer noch 6 \u20ac. Sie k\u00f6nnen auch M\u00fcnzen f\u00fcr den Trockner f\u00fcr 5 \u20ac kaufen.<\/p>\n<\/div>\n<\/div>\n<\/div>\n<\/div>\n\n\n\n<div class=\"wp-block-columns section_listing\">\n<div class=\"wp-block-column contenu\" style=\"flex-basis:100%\">\n<div class=\"wp-block-columns\">\n<div class=\"wp-block-column is-vertically-aligned-center\" style=\"flex-basis:33.33%\">\n<p><strong>Gibt es auf dem Campingplatz WLAN?<\/strong><\/p>\n\n\n\n<p><\/p>\n<\/div>\n\n\n\n<div class=\"wp-block-column is-vertically-aligned-center\" style=\"flex-basis:66.66%\">\n<p>Wifi ist im Bar-\/Restaurantbereich und im Poolbereich des Campingplatzes kostenlos verf\u00fcgbar.<\/p>\n<\/div>\n<\/div>\n<\/div>\n<\/div>\n\n\n\n<div style=\"height:100px\" aria-hidden=\"true\" class=\"wp-block-spacer\"><\/div>\n","protected":false},"excerpt":{"rendered":"<p>FAQ Bereiten Sie sich auf Ihre Ankunft vor, indem Sie unsere FAQ und unser welcome booklet konsultieren. Wenn Sie die gesuchten Informationen nicht finden, z\u00f6gern Sie nicht, uns zu kontaktieren oder werfen Sie einen Blick auf unsere Seite mit praktischen Informationen. Wie kann ich buchen? Sie k\u00f6nnen direkt \u00fcber die Website buchen.Eine Anzahlung von 40 [&hellip;]<\/p>\n","protected":false},"author":1,"featured_media":8635,"parent":0,"menu_order":0,"comment_status":"closed","ping_status":"closed","template":"","meta":[],"yoast_head":"<!-- This site is optimized with the Yoast SEO plugin v17.2.1 - https:\/\/yoast.com\/wordpress\/plugins\/seo\/ -->\n<title>FAQ - Campingplatz l&#039;Esplanade<\/title>\n<meta name=\"description\" content=\"Haben Sie eine Frage bei der Vorbereitung Ihres Campingurlaubs in S\u00fcdkorsika? Wir sind hier, um alle Ihre Fragen zu beantworten.\" \/>\n<meta name=\"robots\" content=\"index, follow, max-snippet:-1, max-image-preview:large, max-video-preview:-1\" \/>\n<link rel=\"canonical\" href=\"https:\/\/www.campingesplanade.fr\/de\/faq\/\" \/>\n<meta property=\"og:locale\" content=\"de_DE\" \/>\n<meta property=\"og:type\" content=\"article\" \/>\n<meta property=\"og:title\" content=\"FAQ - Campingplatz l&#039;Esplanade\" \/>\n<meta property=\"og:description\" content=\"Haben Sie eine Frage bei der Vorbereitung Ihres Campingurlaubs in S\u00fcdkorsika? Wir sind hier, um alle Ihre Fragen zu beantworten.\" \/>\n<meta property=\"og:url\" content=\"https:\/\/www.campingesplanade.fr\/de\/faq\/\" \/>\n<meta property=\"og:site_name\" content=\"Campingplatz l&#039;Esplanade\" \/>\n<meta property=\"article:modified_time\" content=\"2025-06-09T15:00:51+00:00\" \/>\n<meta property=\"og:image\" content=\"https:\/\/www.campingesplanade.fr\/wp-content\/uploads\/2021\/08\/IMG_1725.jpg\" \/>\n<meta name=\"twitter:card\" content=\"summary_large_image\" \/>\n<meta name=\"twitter:label1\" content=\"Gesch\u00e4tzte Lesezeit\" \/>\n\t<meta name=\"twitter:data1\" content=\"5 Minuten\" \/>\n<script type=\"application\/ld+json\" class=\"yoast-schema-graph\">{\"@context\":\"https:\/\/schema.org\",\"@graph\":[{\"@type\":\"WebSite\",\"@id\":\"https:\/\/www.campingesplanade.fr\/#website\",\"url\":\"https:\/\/www.campingesplanade.fr\/\",\"name\":\"Campingplatz l'Esplanade\",\"description\":\"3-Sterne-Campingplatz auf Korsika\",\"potentialAction\":[{\"@type\":\"SearchAction\",\"target\":{\"@type\":\"EntryPoint\",\"urlTemplate\":\"https:\/\/www.campingesplanade.fr\/?s={search_term_string}\"},\"query-input\":\"required name=search_term_string\"}],\"inLanguage\":\"de-DE\"},{\"@type\":\"ImageObject\",\"@id\":\"https:\/\/www.campingesplanade.fr\/de\/faq\/#primaryimage\",\"inLanguage\":\"de-DE\",\"url\":\"https:\/\/www.campingesplanade.fr\/wp-content\/uploads\/2026\/01\/DJI_0009.webp\",\"contentUrl\":\"https:\/\/www.campingesplanade.fr\/wp-content\/uploads\/2026\/01\/DJI_0009.webp\",\"width\":1920,\"height\":1078,\"caption\":\"piscine camping corse-du-sud l'esplanade\"},{\"@type\":\"WebPage\",\"@id\":\"https:\/\/www.campingesplanade.fr\/de\/faq\/#webpage\",\"url\":\"https:\/\/www.campingesplanade.fr\/de\/faq\/\",\"name\":\"FAQ - Campingplatz l'Esplanade\",\"isPartOf\":{\"@id\":\"https:\/\/www.campingesplanade.fr\/#website\"},\"primaryImageOfPage\":{\"@id\":\"https:\/\/www.campingesplanade.fr\/de\/faq\/#primaryimage\"},\"datePublished\":\"2021-07-07T15:19:28+00:00\",\"dateModified\":\"2025-06-09T15:00:51+00:00\",\"description\":\"Haben Sie eine Frage bei der Vorbereitung Ihres Campingurlaubs in S\\u00fcdkorsika? Wir sind hier, um alle Ihre Fragen zu beantworten.\",\"breadcrumb\":{\"@id\":\"https:\/\/www.campingesplanade.fr\/de\/faq\/#breadcrumb\"},\"inLanguage\":\"de-DE\",\"potentialAction\":[{\"@type\":\"ReadAction\",\"target\":[\"https:\/\/www.campingesplanade.fr\/de\/faq\/\"]}]},{\"@type\":\"BreadcrumbList\",\"@id\":\"https:\/\/www.campingesplanade.fr\/de\/faq\/#breadcrumb\",\"itemListElement\":[{\"@type\":\"ListItem\",\"position\":1,\"name\":\"Accueil\",\"item\":\"https:\/\/www.campingesplanade.fr\/de\/\"},{\"@type\":\"ListItem\",\"position\":2,\"name\":\"FAQ\"}]}]}<\/script>\n<!-- \/ Yoast SEO plugin. -->","yoast_head_json":{"title":"FAQ - Campingplatz l'Esplanade","description":"Haben Sie eine Frage bei der Vorbereitung Ihres Campingurlaubs in S\u00fcdkorsika? Wir sind hier, um alle Ihre Fragen zu beantworten.","robots":{"index":"index","follow":"follow","max-snippet":"max-snippet:-1","max-image-preview":"max-image-preview:large","max-video-preview":"max-video-preview:-1"},"canonical":"https:\/\/www.campingesplanade.fr\/de\/faq\/","og_locale":"de_DE","og_type":"article","og_title":"FAQ - Campingplatz l'Esplanade","og_description":"Haben Sie eine Frage bei der Vorbereitung Ihres Campingurlaubs in S\u00fcdkorsika? Wir sind hier, um alle Ihre Fragen zu beantworten.","og_url":"https:\/\/www.campingesplanade.fr\/de\/faq\/","og_site_name":"Campingplatz l'Esplanade","article_modified_time":"2025-06-09T15:00:51+00:00","og_image":[{"url":"https:\/\/www.campingesplanade.fr\/wp-content\/uploads\/2021\/08\/IMG_1725.jpg"}],"twitter_card":"summary_large_image","twitter_misc":{"Gesch\u00e4tzte Lesezeit":"5 Minuten"},"schema":{"@context":"https:\/\/schema.org","@graph":[{"@type":"WebSite","@id":"https:\/\/www.campingesplanade.fr\/#website","url":"https:\/\/www.campingesplanade.fr\/","name":"Campingplatz l'Esplanade","description":"3-Sterne-Campingplatz auf Korsika","potentialAction":[{"@type":"SearchAction","target":{"@type":"EntryPoint","urlTemplate":"https:\/\/www.campingesplanade.fr\/?s={search_term_string}"},"query-input":"required name=search_term_string"}],"inLanguage":"de-DE"},{"@type":"ImageObject","@id":"https:\/\/www.campingesplanade.fr\/de\/faq\/#primaryimage","inLanguage":"de-DE","url":"https:\/\/www.campingesplanade.fr\/wp-content\/uploads\/2026\/01\/DJI_0009.webp","contentUrl":"https:\/\/www.campingesplanade.fr\/wp-content\/uploads\/2026\/01\/DJI_0009.webp","width":1920,"height":1078,"caption":"piscine camping corse-du-sud l'esplanade"},{"@type":"WebPage","@id":"https:\/\/www.campingesplanade.fr\/de\/faq\/#webpage","url":"https:\/\/www.campingesplanade.fr\/de\/faq\/","name":"FAQ - Campingplatz l'Esplanade","isPartOf":{"@id":"https:\/\/www.campingesplanade.fr\/#website"},"primaryImageOfPage":{"@id":"https:\/\/www.campingesplanade.fr\/de\/faq\/#primaryimage"},"datePublished":"2021-07-07T15:19:28+00:00","dateModified":"2025-06-09T15:00:51+00:00","description":"Haben Sie eine Frage bei der Vorbereitung Ihres Campingurlaubs in S\u00fcdkorsika? Wir sind hier, um alle Ihre Fragen zu beantworten.","breadcrumb":{"@id":"https:\/\/www.campingesplanade.fr\/de\/faq\/#breadcrumb"},"inLanguage":"de-DE","potentialAction":[{"@type":"ReadAction","target":["https:\/\/www.campingesplanade.fr\/de\/faq\/"]}]},{"@type":"BreadcrumbList","@id":"https:\/\/www.campingesplanade.fr\/de\/faq\/#breadcrumb","itemListElement":[{"@type":"ListItem","position":1,"name":"Accueil","item":"https:\/\/www.campingesplanade.fr\/de\/"},{"@type":"ListItem","position":2,"name":"FAQ"}]}]}},"_links":{"self":[{"href":"https:\/\/www.campingesplanade.fr\/de\/wp-json\/wp\/v2\/pages\/2029"}],"collection":[{"href":"https:\/\/www.campingesplanade.fr\/de\/wp-json\/wp\/v2\/pages"}],"about":[{"href":"https:\/\/www.campingesplanade.fr\/de\/wp-json\/wp\/v2\/types\/page"}],"author":[{"embeddable":true,"href":"https:\/\/www.campingesplanade.fr\/de\/wp-json\/wp\/v2\/users\/1"}],"replies":[{"embeddable":true,"href":"https:\/\/www.campingesplanade.fr\/de\/wp-json\/wp\/v2\/comments?post=2029"}],"version-history":[{"count":7,"href":"https:\/\/www.campingesplanade.fr\/de\/wp-json\/wp\/v2\/pages\/2029\/revisions"}],"predecessor-version":[{"id":7651,"href":"https:\/\/www.campingesplanade.fr\/de\/wp-json\/wp\/v2\/pages\/2029\/revisions\/7651"}],"wp:featuredmedia":[{"embeddable":true,"href":"https:\/\/www.campingesplanade.fr\/de\/wp-json\/wp\/v2\/media\/8635"}],"wp:attachment":[{"href":"https:\/\/www.campingesplanade.fr\/de\/wp-json\/wp\/v2\/media?parent=2029"}],"curies":[{"name":"wp","href":"https:\/\/api.w.org\/{rel}","templated":true}]}}