{"id":1987,"date":"2021-05-04T14:22:27","date_gmt":"2021-05-04T12:22:27","guid":{"rendered":"https:\/\/www.campingesplanade.fr\/vermietung\/"},"modified":"2026-03-26T16:15:33","modified_gmt":"2026-03-26T15:15:33","slug":"vermietung","status":"publish","type":"page","link":"https:\/\/www.campingesplanade.fr\/de\/vermietung\/","title":{"rendered":"Mobil-home"},"content":{"rendered":"\n<figure class=\"wp-block-image alignfull size-full section_banniere\"><img width=\"1920\" height=\"1280\" src=\"https:\/\/www.campingesplanade.fr\/wp-content\/uploads\/2021\/08\/IMG_1682.jpg\" alt=\"Camping L'esplanade : Img 1682\" class=\"wp-image-920\" srcset=\"https:\/\/www.campingesplanade.fr\/wp-content\/uploads\/2021\/08\/IMG_1682.jpg 1920w, https:\/\/www.campingesplanade.fr\/wp-content\/uploads\/2021\/08\/IMG_1682-300x200.jpg 300w, https:\/\/www.campingesplanade.fr\/wp-content\/uploads\/2021\/08\/IMG_1682-1024x683.jpg 1024w, https:\/\/www.campingesplanade.fr\/wp-content\/uploads\/2021\/08\/IMG_1682-768x512.jpg 768w, https:\/\/www.campingesplanade.fr\/wp-content\/uploads\/2021\/08\/IMG_1682-1536x1024.jpg 1536w\" sizes=\"(max-width: 1920px) 100vw, 1920px\" \/><\/figure>\n\n\n\n<div class=\"wp-block-group section_recherche-resa\"><div class=\"wp-block-group__inner-container\">\n<ctv-searchbar><\/ctv-searchbar>\n\n\n\n<p><\/p>\n\n\n\n<p class=\"has-text-align-center\">Sie erreichen uns per E-Mail unter <a href=\"mailto:campingesplanade@gmail.com\">campingesplanade@gmail.com<\/a> oder telefonisch unter <a itemprop=\"telephone\" href=\"tel:+334 95 76 05 03\">04 95 76 05 03<\/a><\/p>\n<\/div><\/div>\n\n\n\n<div class=\"wp-block-group section_introduction\"><div class=\"wp-block-group__inner-container\">\n<h1 class=\"has-text-align-left titi-toto\">Mobilheimvermietung in Propriano<\/h1>\n\n\n\n<p>M\u00f6chten Sie in den Urlaub fahren und alles entdecken, was Corse-du-Sud zu bieten hat?<br>Unser <a href=\"https:\/\/www.campingesplanade.fr\/de\/\" target=\"_blank\" rel=\"noreferrer noopener\">Campingplatz in Propriano <\/a>ist ein geselliger und gem\u00fctlicher Ort, der ideal f\u00fcr Sie ist. <strong>Auf dem 4-Sterne-Campingplatz<\/strong> L&#8217;Esplanade in einer unserer <strong>Mobilheimvermietungen in Propriano<\/strong>. L&#8217;Esplanade liegt nur 9 Kilometer von der Stadt Propriano entfernt.  <\/p>\n\n\n\n<div class=\"wp-block-columns\">\n<div class=\"wp-block-column\">\n<h2>Vermietung von Unterk\u00fcnften in Corse-du-Sud direkt am Meer<\/h2>\n\n\n\n<p><strong>Der Campingplatz bietet einen direkten Zugang<\/strong> zum Strand von Campitellu. Der Campingplatz liegt direkt am Meer und alle<strong> Mobilheime in Propriano<\/strong> bieten einen herrlichen Blick auf die umliegende Umgebung &#8211; ideal f\u00fcr Urlauber. Wir bieten unseren G\u00e4sten zahlreich<a href=\"https:\/\/www.campingesplanade.fr\/de\/dienste\/\" target=\"_blank\" rel=\"noreferrer noopener\">e 4-Sterne-Services <\/a>wie kostenloses Wi-Fi (Wi-Fi-Zone in der N\u00e4he des Restaurants und des Swimmingpools), direkten Zugang zum Meer und ein Restaurant mit Essen zum Mitnehmen oder vor Ort.  <\/p>\n\n\n\n<p class=\"has-text-align-left\">In der Hochsaison (Juli \/ August) bieten wir au\u00dferdem jeden Tag zahlreiche Aktivit\u00e4ten sowie Unterhaltungsprogramme f\u00fcr Kinder und Eltern auf unserem <strong>Campingplatz in Corse-du-Sud<\/strong> an. Wenn Sie Ihr <strong>Mobilheim in Propriano<\/strong> mieten, bieten wir Ihnen Bettw\u00e4sche und Handt\u00fccher zur Miete an.  Jede Unterkunft verf\u00fcgt \u00fcber einen nummerierten Parkplatz. Das Fahrzeug muss nicht zwingend neben der Unterkunft geparkt werden. <\/p>\n\n\n\n<p class=\"has-text-align-left mise-en-avant\">Wir laden Sie ein, direkt \u00fcber unser<strong> Online-Buchungssystem<\/strong> zu gehen, um Ihren Aufenthalt in einem <strong>Mobilheim in Corse-du-Sud<\/strong> zu organisieren.<\/p>\n\n\n<a href=\"https:\/\/www.campingesplanade.fr\/wp-content\/uploads\/2021\/04\/plan-esplanade-2026-scaled.jpg\" target=\"_blank\" rel=\"noopener\">Plan des Campingplatzes<\/a>\n<\/div>\n<\/div>\n\n\n\n<p><\/p>\n<\/div><\/div>\n\n\n\n<div class=\"wp-block-columns section_texte-photo\">\n<div class=\"wp-block-column\">\n<ctv-product data-product-id=\"144511\"><\/ctv-product>\n\n\n\n<ctv-product data-product-id=\"144510\"><\/ctv-product>\n\n\n\n<ctv-product data-product-id=\"83094\"><\/ctv-product>\n\n\n\n<ctv-product data-product-id=\"83105\"><\/ctv-product>\n\n\n\n<ctv-product data-product-id=\"58858\"><\/ctv-product>\n\n\n\n<ctv-product data-product-id=\"83097\"><\/ctv-product>\n<\/div>\n\n\n\n<div class=\"wp-block-column\">\n<ctv-product data-product-id=\"83099\"><\/ctv-product>\n\n\n\n<ctv-product data-product-id=\"115929\"><\/ctv-product>\n\n\n\n<ctv-product data-product-id=\"83095\"><\/ctv-product>\n\n\n\n<ctv-product data-product-id=\"83106\"><\/ctv-product>\n\n\n\n<ctv-product data-product-id=\"83096\"><\/ctv-product>\n\n\n\n<ctv-product data-product-id=\"88763\"><\/ctv-product>\n\n\n\n<ctv-product data-product-id=\"83108\"><\/ctv-product>\n<\/div>\n<\/div>\n\n\n\n<div class=\"wp-block-group alignwide section_introduction\"><div class=\"wp-block-group__inner-container\">\n<p class=\"has-text-align-center mise-en-avant\">Genie\u00dfen Sie 2026 einen Aufenthalt mit allem Komfort in unserem <strong>1-Zimmer-Mobilheim<\/strong> in der Formel &#8222;Etappe&#8220;, die Bettw\u00e4sche und Reinigung einschlie\u00dft, oder entdecken Sie unsere brandneuen <strong>3-Zimmer-Mobilheime <\/strong>f\u00fcr bis zu 6 Personen, f\u00fcr einen Urlaub mit der Familie oder mit Freunden im Zeichen von Charme und Geselligkeit.<\/p>\n<\/div><\/div>\n\n\n\n<div class=\"wp-block-columns section_texte-photo\" id=\"appartement\">\n<div class=\"wp-block-column is-vertically-aligned-center\">\n<h2>Wohnung Typ F3 50m\u00b2 (Vermietung von Samstag bis Samstag oder Sonntag)<\/h2>\n\n\n\n<p>Sie k\u00f6nnen unsere neue <strong>Mietunterkunft nutzen<\/strong>: ein klimatisiertes Appartement \u00fcber dem Empfang des Campingplatzes. Diese neue Mietunterkunft besteht aus 2 Schlafzimmern (1 Doppelbett 160 cm und 1 Triobett &#8222;Bett 140 cm + Bett 90 cm), einer ausgestatteten K\u00fcche (mit Geschirr f\u00fcr 5 Personen, Kaffeemaschine, Mikrowelle, Geschirrsp\u00fcler, Waschmaschine und K\u00fchlschrank). Klimatisierte Unterkunft  <\/p>\n\n\n\n<p class=\"mise-en-avant\">F\u00fcr noch mehr Privatsph\u00e4re bieten wir Ihnen ein voll <strong>ausgestattetes Badezimmer<\/strong>, sowie ein gro\u00dfes Wohn-\/Esszimmer und eine Terrasse mit Blick<strong> auf den Golf von Valinco-Propriano.<\/strong><\/p>\n\n\n\n<div class=\"wp-block-buttons\">\n<div class=\"wp-block-button bouton-reservation\"><a class=\"wp-block-button__link\"> Ihren Aufenthalt simulieren<\/a><\/div>\n<\/div>\n<\/div>\n\n\n\n<div class=\"wp-block-column\">\n<figure class=\"wp-block-gallery columns-3 is-cropped section_diaporama\"><ul class=\"blocks-gallery-grid\"><li class=\"blocks-gallery-item\"><figure><img width=\"2048\" height=\"1152\" src=\"https:\/\/www.campingesplanade.fr\/wp-content\/uploads\/2024\/06\/IMG_3844-scaled.jpeg\" alt=\"Camping L'esplanade : Img 3844\" data-id=\"5603\" data-link=\"https:\/\/www.campingesplanade.fr\/hebergements\/img_3844\/\" class=\"wp-image-5603\" srcset=\"https:\/\/www.campingesplanade.fr\/wp-content\/uploads\/2024\/06\/IMG_3844-scaled.jpeg 2048w, https:\/\/www.campingesplanade.fr\/wp-content\/uploads\/2024\/06\/IMG_3844-300x169.jpeg 300w, https:\/\/www.campingesplanade.fr\/wp-content\/uploads\/2024\/06\/IMG_3844-1024x576.jpeg 1024w, https:\/\/www.campingesplanade.fr\/wp-content\/uploads\/2024\/06\/IMG_3844-768x432.jpeg 768w, https:\/\/www.campingesplanade.fr\/wp-content\/uploads\/2024\/06\/IMG_3844-1536x864.jpeg 1536w\" sizes=\"(max-width: 2048px) 100vw, 2048px\" \/><\/figure><\/li><li class=\"blocks-gallery-item\"><figure><img width=\"2048\" height=\"1152\" src=\"https:\/\/www.campingesplanade.fr\/wp-content\/uploads\/2024\/06\/IMG_3930-scaled.jpeg\" alt=\"Camping L'esplanade : Img 3930\" data-id=\"5888\" data-full-url=\"https:\/\/www.campingesplanade.fr\/wp-content\/uploads\/2024\/06\/IMG_3930-scaled.jpeg\" data-link=\"https:\/\/www.campingesplanade.fr\/hebergements\/img_3930\/\" class=\"wp-image-5888\" srcset=\"https:\/\/www.campingesplanade.fr\/wp-content\/uploads\/2024\/06\/IMG_3930-scaled.jpeg 2048w, https:\/\/www.campingesplanade.fr\/wp-content\/uploads\/2024\/06\/IMG_3930-300x169.jpeg 300w, https:\/\/www.campingesplanade.fr\/wp-content\/uploads\/2024\/06\/IMG_3930-1024x576.jpeg 1024w, https:\/\/www.campingesplanade.fr\/wp-content\/uploads\/2024\/06\/IMG_3930-768x432.jpeg 768w, https:\/\/www.campingesplanade.fr\/wp-content\/uploads\/2024\/06\/IMG_3930-1536x864.jpeg 1536w\" sizes=\"(max-width: 2048px) 100vw, 2048px\" \/><\/figure><\/li><li class=\"blocks-gallery-item\"><figure><img width=\"2048\" height=\"1152\" src=\"https:\/\/www.campingesplanade.fr\/wp-content\/uploads\/2024\/06\/IMG_3839-scaled.jpeg\" alt=\"Camping L'esplanade : Img 3839\" data-id=\"5608\" data-link=\"https:\/\/www.campingesplanade.fr\/hebergements\/img_3839\/\" class=\"wp-image-5608\" srcset=\"https:\/\/www.campingesplanade.fr\/wp-content\/uploads\/2024\/06\/IMG_3839-scaled.jpeg 2048w, https:\/\/www.campingesplanade.fr\/wp-content\/uploads\/2024\/06\/IMG_3839-300x169.jpeg 300w, https:\/\/www.campingesplanade.fr\/wp-content\/uploads\/2024\/06\/IMG_3839-1024x576.jpeg 1024w, https:\/\/www.campingesplanade.fr\/wp-content\/uploads\/2024\/06\/IMG_3839-768x432.jpeg 768w, https:\/\/www.campingesplanade.fr\/wp-content\/uploads\/2024\/06\/IMG_3839-1536x864.jpeg 1536w\" sizes=\"(max-width: 2048px) 100vw, 2048px\" \/><\/figure><\/li><li class=\"blocks-gallery-item\"><figure><img width=\"2048\" height=\"1152\" src=\"https:\/\/www.campingesplanade.fr\/wp-content\/uploads\/2024\/06\/IMG_3835-scaled.jpeg\" alt=\"Camping L'esplanade : Img 3835\" data-id=\"5613\" data-link=\"https:\/\/www.campingesplanade.fr\/hebergements\/img_3835\/\" class=\"wp-image-5613\" srcset=\"https:\/\/www.campingesplanade.fr\/wp-content\/uploads\/2024\/06\/IMG_3835-scaled.jpeg 2048w, https:\/\/www.campingesplanade.fr\/wp-content\/uploads\/2024\/06\/IMG_3835-300x169.jpeg 300w, https:\/\/www.campingesplanade.fr\/wp-content\/uploads\/2024\/06\/IMG_3835-1024x576.jpeg 1024w, https:\/\/www.campingesplanade.fr\/wp-content\/uploads\/2024\/06\/IMG_3835-768x432.jpeg 768w, https:\/\/www.campingesplanade.fr\/wp-content\/uploads\/2024\/06\/IMG_3835-1536x864.jpeg 1536w\" sizes=\"(max-width: 2048px) 100vw, 2048px\" \/><\/figure><\/li><li class=\"blocks-gallery-item\"><figure><img width=\"2048\" height=\"1152\" src=\"https:\/\/www.campingesplanade.fr\/wp-content\/uploads\/2024\/06\/IMG_3827-scaled.jpeg\" alt=\"Camping L'esplanade : Img 3827\" data-id=\"5633\" data-link=\"https:\/\/www.campingesplanade.fr\/hebergements\/img_3827\/\" class=\"wp-image-5633\" srcset=\"https:\/\/www.campingesplanade.fr\/wp-content\/uploads\/2024\/06\/IMG_3827-scaled.jpeg 2048w, https:\/\/www.campingesplanade.fr\/wp-content\/uploads\/2024\/06\/IMG_3827-300x169.jpeg 300w, https:\/\/www.campingesplanade.fr\/wp-content\/uploads\/2024\/06\/IMG_3827-1024x576.jpeg 1024w, https:\/\/www.campingesplanade.fr\/wp-content\/uploads\/2024\/06\/IMG_3827-768x432.jpeg 768w, https:\/\/www.campingesplanade.fr\/wp-content\/uploads\/2024\/06\/IMG_3827-1536x864.jpeg 1536w\" sizes=\"(max-width: 2048px) 100vw, 2048px\" \/><\/figure><\/li><li class=\"blocks-gallery-item\"><figure><img width=\"2048\" height=\"1152\" src=\"https:\/\/www.campingesplanade.fr\/wp-content\/uploads\/2024\/06\/IMG_3818-1-scaled.jpeg\" alt=\"Camping L'esplanade : Img 3818 1\" data-id=\"5623\" data-link=\"https:\/\/www.campingesplanade.fr\/hebergements\/img_3818-1\/\" class=\"wp-image-5623\" srcset=\"https:\/\/www.campingesplanade.fr\/wp-content\/uploads\/2024\/06\/IMG_3818-1-scaled.jpeg 2048w, https:\/\/www.campingesplanade.fr\/wp-content\/uploads\/2024\/06\/IMG_3818-1-300x169.jpeg 300w, https:\/\/www.campingesplanade.fr\/wp-content\/uploads\/2024\/06\/IMG_3818-1-1024x576.jpeg 1024w, https:\/\/www.campingesplanade.fr\/wp-content\/uploads\/2024\/06\/IMG_3818-1-768x432.jpeg 768w, https:\/\/www.campingesplanade.fr\/wp-content\/uploads\/2024\/06\/IMG_3818-1-1536x864.jpeg 1536w\" sizes=\"(max-width: 2048px) 100vw, 2048px\" \/><\/figure><\/li><li class=\"blocks-gallery-item\"><figure><img width=\"2048\" height=\"1152\" src=\"https:\/\/www.campingesplanade.fr\/wp-content\/uploads\/2024\/06\/IMG_3822-scaled.jpeg\" alt=\"Camping L'esplanade : Img 3822\" data-id=\"5628\" data-link=\"https:\/\/www.campingesplanade.fr\/hebergements\/img_3822\/\" class=\"wp-image-5628\" srcset=\"https:\/\/www.campingesplanade.fr\/wp-content\/uploads\/2024\/06\/IMG_3822-scaled.jpeg 2048w, https:\/\/www.campingesplanade.fr\/wp-content\/uploads\/2024\/06\/IMG_3822-300x169.jpeg 300w, https:\/\/www.campingesplanade.fr\/wp-content\/uploads\/2024\/06\/IMG_3822-1024x576.jpeg 1024w, https:\/\/www.campingesplanade.fr\/wp-content\/uploads\/2024\/06\/IMG_3822-768x432.jpeg 768w, https:\/\/www.campingesplanade.fr\/wp-content\/uploads\/2024\/06\/IMG_3822-1536x864.jpeg 1536w\" sizes=\"(max-width: 2048px) 100vw, 2048px\" \/><\/figure><\/li><li class=\"blocks-gallery-item\"><figure><img width=\"2048\" height=\"1152\" src=\"https:\/\/www.campingesplanade.fr\/wp-content\/uploads\/2024\/06\/IMG_3830-scaled.jpeg\" alt=\"Camping L'esplanade : Img 3830\" data-id=\"5638\" data-link=\"https:\/\/www.campingesplanade.fr\/hebergements\/img_3830\/\" class=\"wp-image-5638\" srcset=\"https:\/\/www.campingesplanade.fr\/wp-content\/uploads\/2024\/06\/IMG_3830-scaled.jpeg 2048w, https:\/\/www.campingesplanade.fr\/wp-content\/uploads\/2024\/06\/IMG_3830-300x169.jpeg 300w, https:\/\/www.campingesplanade.fr\/wp-content\/uploads\/2024\/06\/IMG_3830-1024x576.jpeg 1024w, https:\/\/www.campingesplanade.fr\/wp-content\/uploads\/2024\/06\/IMG_3830-768x432.jpeg 768w, https:\/\/www.campingesplanade.fr\/wp-content\/uploads\/2024\/06\/IMG_3830-1536x864.jpeg 1536w\" sizes=\"(max-width: 2048px) 100vw, 2048px\" \/><\/figure><\/li><li class=\"blocks-gallery-item\"><figure><img width=\"2048\" height=\"1152\" src=\"https:\/\/www.campingesplanade.fr\/wp-content\/uploads\/2024\/06\/IMG_3936-scaled.jpeg\" alt=\"Camping L'esplanade : Img 3936\" data-id=\"5883\" data-link=\"https:\/\/www.campingesplanade.fr\/hebergements\/img_3936\/\" class=\"wp-image-5883\" srcset=\"https:\/\/www.campingesplanade.fr\/wp-content\/uploads\/2024\/06\/IMG_3936-scaled.jpeg 2048w, https:\/\/www.campingesplanade.fr\/wp-content\/uploads\/2024\/06\/IMG_3936-300x169.jpeg 300w, https:\/\/www.campingesplanade.fr\/wp-content\/uploads\/2024\/06\/IMG_3936-1024x576.jpeg 1024w, https:\/\/www.campingesplanade.fr\/wp-content\/uploads\/2024\/06\/IMG_3936-768x432.jpeg 768w, https:\/\/www.campingesplanade.fr\/wp-content\/uploads\/2024\/06\/IMG_3936-1536x864.jpeg 1536w\" sizes=\"(max-width: 2048px) 100vw, 2048px\" \/><\/figure><\/li><\/ul><\/figure>\n<\/div>\n<\/div>\n\n\n\n<div class=\"wp-block-columns section_texte-photo\">\n<div class=\"wp-block-column\">\n<figure class=\"wp-block-gallery columns-3  section_diaporama\"><ul class=\"blocks-gallery-grid\"><li class=\"blocks-gallery-item\"><figure><img width=\"2048\" height=\"1536\" src=\"https:\/\/www.campingesplanade.fr\/wp-content\/uploads\/2024\/06\/IMG_20240616_112628-scaled.jpg\" alt=\"Camping L'esplanade : Img 20240616 112628\" data-id=\"5718\" data-full-url=\"https:\/\/www.campingesplanade.fr\/wp-content\/uploads\/2024\/06\/IMG_20240616_112628-scaled.jpg\" data-link=\"https:\/\/www.campingesplanade.fr\/hebergements\/img_20240616_112628\/\" class=\"wp-image-5718\" srcset=\"https:\/\/www.campingesplanade.fr\/wp-content\/uploads\/2024\/06\/IMG_20240616_112628-scaled.jpg 2048w, https:\/\/www.campingesplanade.fr\/wp-content\/uploads\/2024\/06\/IMG_20240616_112628-300x225.jpg 300w, https:\/\/www.campingesplanade.fr\/wp-content\/uploads\/2024\/06\/IMG_20240616_112628-1024x768.jpg 1024w, https:\/\/www.campingesplanade.fr\/wp-content\/uploads\/2024\/06\/IMG_20240616_112628-768x576.jpg 768w, https:\/\/www.campingesplanade.fr\/wp-content\/uploads\/2024\/06\/IMG_20240616_112628-1536x1152.jpg 1536w\" sizes=\"(max-width: 2048px) 100vw, 2048px\" \/><\/figure><\/li><li class=\"blocks-gallery-item\"><figure><img width=\"2048\" height=\"1538\" src=\"https:\/\/www.campingesplanade.fr\/wp-content\/uploads\/2024\/06\/IMG_20240616_113255-scaled.jpg\" alt=\"Camping L'esplanade : Img 7185\" data-id=\"5738\" data-full-url=\"https:\/\/www.campingesplanade.fr\/wp-content\/uploads\/2024\/06\/IMG_20240616_113255-scaled.jpg\" data-link=\"https:\/\/www.campingesplanade.fr\/hebergements\/img_20240616_113255\/\" class=\"wp-image-5738\" srcset=\"https:\/\/www.campingesplanade.fr\/wp-content\/uploads\/2024\/06\/IMG_20240616_113255-scaled.jpg 2048w, https:\/\/www.campingesplanade.fr\/wp-content\/uploads\/2024\/06\/IMG_20240616_113255-300x225.jpg 300w, https:\/\/www.campingesplanade.fr\/wp-content\/uploads\/2024\/06\/IMG_20240616_113255-1024x769.jpg 1024w, https:\/\/www.campingesplanade.fr\/wp-content\/uploads\/2024\/06\/IMG_20240616_113255-768x577.jpg 768w, https:\/\/www.campingesplanade.fr\/wp-content\/uploads\/2024\/06\/IMG_20240616_113255-1536x1154.jpg 1536w\" sizes=\"(max-width: 2048px) 100vw, 2048px\" \/><\/figure><\/li><li class=\"blocks-gallery-item\"><figure><img width=\"2048\" height=\"1152\" src=\"https:\/\/www.campingesplanade.fr\/wp-content\/uploads\/2024\/06\/IMG_3893-scaled.jpeg\" alt=\"Camping L'esplanade : Img 7728\" data-id=\"5877\" data-full-url=\"https:\/\/www.campingesplanade.fr\/wp-content\/uploads\/2024\/06\/IMG_3893-scaled.jpeg\" data-link=\"https:\/\/www.campingesplanade.fr\/hebergements\/img_3893\/\" class=\"wp-image-5877\" srcset=\"https:\/\/www.campingesplanade.fr\/wp-content\/uploads\/2024\/06\/IMG_3893-scaled.jpeg 2048w, https:\/\/www.campingesplanade.fr\/wp-content\/uploads\/2024\/06\/IMG_3893-300x169.jpeg 300w, https:\/\/www.campingesplanade.fr\/wp-content\/uploads\/2024\/06\/IMG_3893-1024x576.jpeg 1024w, https:\/\/www.campingesplanade.fr\/wp-content\/uploads\/2024\/06\/IMG_3893-768x432.jpeg 768w, https:\/\/www.campingesplanade.fr\/wp-content\/uploads\/2024\/06\/IMG_3893-1536x864.jpeg 1536w\" sizes=\"(max-width: 2048px) 100vw, 2048px\" \/><\/figure><\/li><li class=\"blocks-gallery-item\"><figure><img width=\"713\" height=\"475\" src=\"https:\/\/www.campingesplanade.fr\/wp-content\/uploads\/2024\/06\/chalet-plein-air_03.jpg\" alt=\"Camping L'esplanade : Img 7723\" data-id=\"5728\" data-full-url=\"https:\/\/www.campingesplanade.fr\/wp-content\/uploads\/2024\/06\/chalet-plein-air_03.jpg\" data-link=\"https:\/\/www.campingesplanade.fr\/hebergements\/chalet-plein-air_03\/\" class=\"wp-image-5728\" srcset=\"https:\/\/www.campingesplanade.fr\/wp-content\/uploads\/2024\/06\/chalet-plein-air_03.jpg 713w, https:\/\/www.campingesplanade.fr\/wp-content\/uploads\/2024\/06\/chalet-plein-air_03-300x200.jpg 300w\" sizes=\"(max-width: 713px) 100vw, 713px\" \/><\/figure><\/li><li class=\"blocks-gallery-item\"><figure><img width=\"2048\" height=\"1152\" src=\"https:\/\/www.campingesplanade.fr\/wp-content\/uploads\/2024\/06\/IMG_3807-scaled.jpeg\" alt=\"Camping L'esplanade : Img 3807\" data-id=\"5713\" data-full-url=\"https:\/\/www.campingesplanade.fr\/wp-content\/uploads\/2024\/06\/IMG_3807-scaled.jpeg\" data-link=\"https:\/\/www.campingesplanade.fr\/hebergements\/img_3807\/\" class=\"wp-image-5713\" srcset=\"https:\/\/www.campingesplanade.fr\/wp-content\/uploads\/2024\/06\/IMG_3807-scaled.jpeg 2048w, https:\/\/www.campingesplanade.fr\/wp-content\/uploads\/2024\/06\/IMG_3807-300x169.jpeg 300w, https:\/\/www.campingesplanade.fr\/wp-content\/uploads\/2024\/06\/IMG_3807-1024x576.jpeg 1024w, https:\/\/www.campingesplanade.fr\/wp-content\/uploads\/2024\/06\/IMG_3807-768x432.jpeg 768w, https:\/\/www.campingesplanade.fr\/wp-content\/uploads\/2024\/06\/IMG_3807-1536x864.jpeg 1536w\" sizes=\"(max-width: 2048px) 100vw, 2048px\" \/><\/figure><\/li><li class=\"blocks-gallery-item\"><figure><img width=\"2048\" height=\"1536\" src=\"https:\/\/www.campingesplanade.fr\/wp-content\/uploads\/2024\/06\/vue-Chalet-Stella-scaled.jpg\" alt=\"Camping L'esplanade : Bungalows Stella\" data-id=\"5708\" data-full-url=\"https:\/\/www.campingesplanade.fr\/wp-content\/uploads\/2024\/06\/vue-Chalet-Stella-scaled.jpg\" data-link=\"https:\/\/www.campingesplanade.fr\/hebergements\/vue-chalet-stella\/\" class=\"wp-image-5708\" srcset=\"https:\/\/www.campingesplanade.fr\/wp-content\/uploads\/2024\/06\/vue-Chalet-Stella-scaled.jpg 2048w, https:\/\/www.campingesplanade.fr\/wp-content\/uploads\/2024\/06\/vue-Chalet-Stella-300x225.jpg 300w, https:\/\/www.campingesplanade.fr\/wp-content\/uploads\/2024\/06\/vue-Chalet-Stella-1024x768.jpg 1024w, https:\/\/www.campingesplanade.fr\/wp-content\/uploads\/2024\/06\/vue-Chalet-Stella-768x576.jpg 768w, https:\/\/www.campingesplanade.fr\/wp-content\/uploads\/2024\/06\/vue-Chalet-Stella-1536x1152.jpg 1536w\" sizes=\"(max-width: 2048px) 100vw, 2048px\" \/><\/figure><\/li><li class=\"blocks-gallery-item\"><figure><img width=\"1536\" height=\"2048\" src=\"https:\/\/www.campingesplanade.fr\/wp-content\/uploads\/2024\/06\/Chalet-Stella-scaled.jpg\" alt=\"Camping L'esplanade : Bungalows Stella 02\" data-id=\"5703\" data-full-url=\"https:\/\/www.campingesplanade.fr\/wp-content\/uploads\/2024\/06\/Chalet-Stella-scaled.jpg\" data-link=\"https:\/\/www.campingesplanade.fr\/hebergements\/chalet-stella-2\/\" class=\"wp-image-5703\" srcset=\"https:\/\/www.campingesplanade.fr\/wp-content\/uploads\/2024\/06\/Chalet-Stella-scaled.jpg 1536w, https:\/\/www.campingesplanade.fr\/wp-content\/uploads\/2024\/06\/Chalet-Stella-225x300.jpg 225w, https:\/\/www.campingesplanade.fr\/wp-content\/uploads\/2024\/06\/Chalet-Stella-768x1024.jpg 768w, https:\/\/www.campingesplanade.fr\/wp-content\/uploads\/2024\/06\/Chalet-Stella-1152x1536.jpg 1152w\" sizes=\"(max-width: 1536px) 100vw, 1536px\" \/><\/figure><\/li><li class=\"blocks-gallery-item\"><figure><img width=\"2048\" height=\"1152\" src=\"https:\/\/www.campingesplanade.fr\/wp-content\/uploads\/2024\/08\/IMG-20240825-WA0019-scaled.jpg\" alt=\"Camping L'esplanade : Img 20240825 Wa0019\" data-id=\"6515\" data-full-url=\"https:\/\/www.campingesplanade.fr\/wp-content\/uploads\/2024\/08\/IMG-20240825-WA0019-scaled.jpg\" data-link=\"https:\/\/www.campingesplanade.fr\/hebergements\/img-20240825-wa0019\/\" class=\"wp-image-6515\" srcset=\"https:\/\/www.campingesplanade.fr\/wp-content\/uploads\/2024\/08\/IMG-20240825-WA0019-scaled.jpg 2048w, https:\/\/www.campingesplanade.fr\/wp-content\/uploads\/2024\/08\/IMG-20240825-WA0019-300x169.jpg 300w, https:\/\/www.campingesplanade.fr\/wp-content\/uploads\/2024\/08\/IMG-20240825-WA0019-1024x576.jpg 1024w, https:\/\/www.campingesplanade.fr\/wp-content\/uploads\/2024\/08\/IMG-20240825-WA0019-768x432.jpg 768w, https:\/\/www.campingesplanade.fr\/wp-content\/uploads\/2024\/08\/IMG-20240825-WA0019-1536x864.jpg 1536w\" sizes=\"(max-width: 2048px) 100vw, 2048px\" \/><\/figure><\/li><li class=\"blocks-gallery-item\"><figure><img width=\"2048\" height=\"1152\" src=\"https:\/\/www.campingesplanade.fr\/wp-content\/uploads\/2024\/08\/IMG-20240825-WA0001-scaled.jpg\" alt=\"Camping L'esplanade : Img 7724\" data-id=\"6509\" data-full-url=\"https:\/\/www.campingesplanade.fr\/wp-content\/uploads\/2024\/08\/IMG-20240825-WA0001-scaled.jpg\" data-link=\"https:\/\/www.campingesplanade.fr\/hebergements\/img-20240825-wa0001\/\" class=\"wp-image-6509\" srcset=\"https:\/\/www.campingesplanade.fr\/wp-content\/uploads\/2024\/08\/IMG-20240825-WA0001-scaled.jpg 2048w, https:\/\/www.campingesplanade.fr\/wp-content\/uploads\/2024\/08\/IMG-20240825-WA0001-300x169.jpg 300w, https:\/\/www.campingesplanade.fr\/wp-content\/uploads\/2024\/08\/IMG-20240825-WA0001-1024x576.jpg 1024w, https:\/\/www.campingesplanade.fr\/wp-content\/uploads\/2024\/08\/IMG-20240825-WA0001-768x432.jpg 768w, https:\/\/www.campingesplanade.fr\/wp-content\/uploads\/2024\/08\/IMG-20240825-WA0001-1536x864.jpg 1536w\" sizes=\"(max-width: 2048px) 100vw, 2048px\" \/><\/figure><\/li><\/ul><\/figure>\n\n\n\n<p><\/p>\n<\/div>\n\n\n\n<div class=\"wp-block-column is-vertically-aligned-center\">\n<h2>Entdecken Sie unsere Chalets<\/h2>\n\n\n\n<p>Neben der Vermietung von <strong>Mobilheimen in Propriano<\/strong> und mit dem Ziel, allen Anspr\u00fcchen und W\u00fcnschen gerecht zu werden, bieten wir verschiedene Arten von Chalets an, um die passende Unterkunft f\u00fcr Sie zu finden. Von 2 Personen bis zu mehr als 6 Personen werden Sie unter unserer Auswahl an Chalets auf unserem <a href=\"https:\/\/www.campingesplanade.fr\/camping-propriano\/\" target=\"_blank\" rel=\"noreferrer noopener\">4-Sterne-Campingplatz in Propriano<\/a> garantiert das Richtige finden.  Alle Chalets verf\u00fcgen \u00fcber eine sch\u00f6ne nat\u00fcrliche Helligkeit und bleiben dennoch und angenehm w\u00e4hrend Ihres gesamten Urlaubs. <\/p>\n\n\n\n<p>Aufwachen und die Meeresluft im Gesicht sp\u00fcren, w\u00e4hrend Sie Ihren selbst zubereiteten Kaffee auf Ihrer Terrasse genie\u00dfen, das ist der Komfort, den Ihnen unser <strong>Campingplatz zwischen Olmeto und Propriano<\/strong> verspricht. \u00dcbernachten Sie in unseren Chalets verschiedener Kategorien: Classic, Noum\u00e9a, Stella, Toronto.  Sie finden das passende Chalet mit voll ausgestatteter K\u00fcche, Badezimmer und \u00fcberdachter Terrasse. <\/p>\n\n\n\n<div class=\"wp-block-buttons\">\n<div class=\"wp-block-button bouton-reservation\"><a class=\"wp-block-button__link\"> Ihren Aufenthalt simulieren<\/a><\/div>\n<\/div>\n<\/div>\n<\/div>\n\n\n\n<div class=\"wp-block-columns section_texte-photo\" id=\"appartement\">\n<div class=\"wp-block-column is-vertically-aligned-center\">\n<h2> Mobilheime mit au\u00dfergew\u00f6hnlicher Aussicht in Propriano <\/h2>\n\n\n\n<p>Sie k\u00f6nnen also von unseren besten Angeboten f\u00fcr die <strong>Vermietung von Mobilheimen zwischen Olmeto und Propriano <\/strong>in Corse-du-Sud profitieren. Je nach Gr\u00f6\u00dfe Ihrer Familie oder Ihrer Gruppe von Freunden bieten sich Ihnen zwei L\u00f6sungen an. Die Ohara Confort Mobilheime sind n\u00e4mlich f\u00fcr 4 Personen mit 2 Schlafzimmern oder 6 Personen mit 3 Schlafzimmern ausgestattet.   <\/p>\n\n\n\n<p>Jedes Schlafzimmer ist mit qualitativ hochwertigen Betten ausgestattet, um Ihnen <strong>optimalen Komfort zu bieten<\/strong>. Die 8 bis 15 m\u00b2 gro\u00dfen Terrassen sind halb \u00fcberdacht. Die Klimaanlage hingegen ist umkehrbar und kann bei gro\u00dfer Hitze oder im Gegenteil bei morgendlicher K\u00fchle genutzt werden.  <\/p>\n\n\n\n<p class=\"mise-en-avant\">Noch mehr Privatsph\u00e4re bieten die separaten, ausgestatteten<strong> Badezimmer sowie<\/strong> ein gro\u00dfes Wohnzimmer mit einer voll ausgestatteten K\u00fcche. <\/p>\n\n\n\n<div class=\"wp-block-buttons\">\n<div class=\"wp-block-button bouton-reservation\"><a class=\"wp-block-button__link\"> Ihren Aufenthalt simulieren<\/a><\/div>\n<\/div>\n<\/div>\n\n\n\n<div class=\"wp-block-column\">\n<figure class=\"wp-block-gallery columns-3  section_diaporama\"><ul class=\"blocks-gallery-grid\"><li class=\"blocks-gallery-item\"><figure><img width=\"2048\" height=\"1536\" src=\"https:\/\/www.campingesplanade.fr\/wp-content\/uploads\/2024\/06\/IMG_20240616_111730-scaled.jpg\" alt=\"Camping L'esplanade : Img 20240616 111730\" data-id=\"5652\" data-link=\"https:\/\/www.campingesplanade.fr\/hebergements\/img_20240616_111730\/\" class=\"wp-image-5652\" srcset=\"https:\/\/www.campingesplanade.fr\/wp-content\/uploads\/2024\/06\/IMG_20240616_111730-scaled.jpg 2048w, https:\/\/www.campingesplanade.fr\/wp-content\/uploads\/2024\/06\/IMG_20240616_111730-300x225.jpg 300w, https:\/\/www.campingesplanade.fr\/wp-content\/uploads\/2024\/06\/IMG_20240616_111730-1024x768.jpg 1024w, https:\/\/www.campingesplanade.fr\/wp-content\/uploads\/2024\/06\/IMG_20240616_111730-768x576.jpg 768w, https:\/\/www.campingesplanade.fr\/wp-content\/uploads\/2024\/06\/IMG_20240616_111730-1536x1152.jpg 1536w\" sizes=\"(max-width: 2048px) 100vw, 2048px\" \/><\/figure><\/li><li class=\"blocks-gallery-item\"><figure><img width=\"1280\" height=\"960\" src=\"https:\/\/www.campingesplanade.fr\/wp-content\/uploads\/2024\/06\/IMG_20240615_174505-Photoroom.png\" alt=\"Camping L'esplanade : Img 20240615 174505 Photoroom\" data-id=\"5691\" data-full-url=\"https:\/\/www.campingesplanade.fr\/wp-content\/uploads\/2024\/06\/IMG_20240615_174505-Photoroom.png\" data-link=\"https:\/\/www.campingesplanade.fr\/hebergements\/img_20240615_174505-photoroom\/\" class=\"wp-image-5691\" srcset=\"https:\/\/www.campingesplanade.fr\/wp-content\/uploads\/2024\/06\/IMG_20240615_174505-Photoroom.png 1280w, https:\/\/www.campingesplanade.fr\/wp-content\/uploads\/2024\/06\/IMG_20240615_174505-Photoroom-300x225.png 300w, https:\/\/www.campingesplanade.fr\/wp-content\/uploads\/2024\/06\/IMG_20240615_174505-Photoroom-1024x768.png 1024w, https:\/\/www.campingesplanade.fr\/wp-content\/uploads\/2024\/06\/IMG_20240615_174505-Photoroom-768x576.png 768w\" sizes=\"(max-width: 1280px) 100vw, 1280px\" \/><\/figure><\/li><li class=\"blocks-gallery-item\"><figure><img width=\"960\" height=\"1280\" src=\"https:\/\/www.campingesplanade.fr\/wp-content\/uploads\/2024\/06\/Mobil-home-M39-Photoroom.png\" alt=\"Camping L'esplanade : Mobil Home M39 Photoroom\" data-id=\"5685\" data-full-url=\"https:\/\/www.campingesplanade.fr\/wp-content\/uploads\/2024\/06\/Mobil-home-M39-Photoroom.png\" data-link=\"https:\/\/www.campingesplanade.fr\/hebergements\/mobil-home-m39-photoroom\/\" class=\"wp-image-5685\" srcset=\"https:\/\/www.campingesplanade.fr\/wp-content\/uploads\/2024\/06\/Mobil-home-M39-Photoroom.png 960w, https:\/\/www.campingesplanade.fr\/wp-content\/uploads\/2024\/06\/Mobil-home-M39-Photoroom-225x300.png 225w, https:\/\/www.campingesplanade.fr\/wp-content\/uploads\/2024\/06\/Mobil-home-M39-Photoroom-768x1024.png 768w\" sizes=\"(max-width: 960px) 100vw, 960px\" \/><\/figure><\/li><li class=\"blocks-gallery-item\"><figure><img width=\"2048\" height=\"1536\" src=\"https:\/\/www.campingesplanade.fr\/wp-content\/uploads\/2024\/06\/IMG_20240615_175306-scaled.jpg\" alt=\"Camping L'esplanade : Img 20240615 175306\" data-id=\"5647\" data-link=\"https:\/\/www.campingesplanade.fr\/hebergements\/img_20240615_175306\/\" class=\"wp-image-5647\" srcset=\"https:\/\/www.campingesplanade.fr\/wp-content\/uploads\/2024\/06\/IMG_20240615_175306-scaled.jpg 2048w, https:\/\/www.campingesplanade.fr\/wp-content\/uploads\/2024\/06\/IMG_20240615_175306-300x225.jpg 300w, https:\/\/www.campingesplanade.fr\/wp-content\/uploads\/2024\/06\/IMG_20240615_175306-1024x768.jpg 1024w, https:\/\/www.campingesplanade.fr\/wp-content\/uploads\/2024\/06\/IMG_20240615_175306-768x576.jpg 768w, https:\/\/www.campingesplanade.fr\/wp-content\/uploads\/2024\/06\/IMG_20240615_175306-1536x1152.jpg 1536w\" sizes=\"(max-width: 2048px) 100vw, 2048px\" \/><\/figure><\/li><li class=\"blocks-gallery-item\"><figure><img width=\"2048\" height=\"1152\" src=\"https:\/\/www.campingesplanade.fr\/wp-content\/uploads\/2024\/06\/m08_terasse-scaled.jpeg\" alt=\"Camping L'esplanade : M08 Terasse\" data-id=\"5667\" data-full-url=\"https:\/\/www.campingesplanade.fr\/wp-content\/uploads\/2024\/06\/m08_terasse-scaled.jpeg\" data-link=\"https:\/\/www.campingesplanade.fr\/hebergements\/m08_terasse\/\" class=\"wp-image-5667\" srcset=\"https:\/\/www.campingesplanade.fr\/wp-content\/uploads\/2024\/06\/m08_terasse-scaled.jpeg 2048w, https:\/\/www.campingesplanade.fr\/wp-content\/uploads\/2024\/06\/m08_terasse-300x169.jpeg 300w, https:\/\/www.campingesplanade.fr\/wp-content\/uploads\/2024\/06\/m08_terasse-1024x576.jpeg 1024w, https:\/\/www.campingesplanade.fr\/wp-content\/uploads\/2024\/06\/m08_terasse-768x432.jpeg 768w, https:\/\/www.campingesplanade.fr\/wp-content\/uploads\/2024\/06\/m08_terasse-1536x864.jpeg 1536w\" sizes=\"(max-width: 2048px) 100vw, 2048px\" \/><\/figure><\/li><\/ul><\/figure>\n<\/div>\n<\/div>\n\n\n\n<div class=\"wp-block-columns section_texte-photo\">\n<div class=\"wp-block-column\">\n<figure class=\"wp-block-gallery columns-3 is-cropped section_diaporama\"><ul class=\"blocks-gallery-grid\"><li class=\"blocks-gallery-item\"><figure><img width=\"1280\" height=\"1052\" src=\"https:\/\/www.campingesplanade.fr\/wp-content\/uploads\/2025\/09\/chambre.webp\" alt=\"Camping L'esplanade : Chambre\" data-id=\"8078\" data-link=\"https:\/\/www.campingesplanade.fr\/accueil\/chambre\/\" class=\"wp-image-8078\" srcset=\"https:\/\/www.campingesplanade.fr\/wp-content\/uploads\/2025\/09\/chambre.webp 1280w, https:\/\/www.campingesplanade.fr\/wp-content\/uploads\/2025\/09\/chambre-300x247.webp 300w, https:\/\/www.campingesplanade.fr\/wp-content\/uploads\/2025\/09\/chambre-1024x842.webp 1024w, https:\/\/www.campingesplanade.fr\/wp-content\/uploads\/2025\/09\/chambre-768x631.webp 768w\" sizes=\"(max-width: 1280px) 100vw, 1280px\" \/><\/figure><\/li><li class=\"blocks-gallery-item\"><figure><img width=\"1280\" height=\"892\" src=\"https:\/\/www.campingesplanade.fr\/wp-content\/uploads\/2025\/09\/cuisine.webp\" alt=\"Camping L'esplanade : Cuisine\" data-id=\"8133\" data-link=\"https:\/\/www.campingesplanade.fr\/mobil-home-propriano\/cuisine-2\/\" class=\"wp-image-8133\" srcset=\"https:\/\/www.campingesplanade.fr\/wp-content\/uploads\/2025\/09\/cuisine.webp 1280w, https:\/\/www.campingesplanade.fr\/wp-content\/uploads\/2025\/09\/cuisine-300x209.webp 300w, https:\/\/www.campingesplanade.fr\/wp-content\/uploads\/2025\/09\/cuisine-1024x714.webp 1024w, https:\/\/www.campingesplanade.fr\/wp-content\/uploads\/2025\/09\/cuisine-768x535.webp 768w\" sizes=\"(max-width: 1280px) 100vw, 1280px\" \/><\/figure><\/li><li class=\"blocks-gallery-item\"><figure><img width=\"1280\" height=\"852\" src=\"https:\/\/www.campingesplanade.fr\/wp-content\/uploads\/2025\/09\/salle.webp\" alt=\"Camping L'esplanade : Salle\" data-id=\"8138\" data-link=\"https:\/\/www.campingesplanade.fr\/mobil-home-propriano\/salle\/\" class=\"wp-image-8138\" srcset=\"https:\/\/www.campingesplanade.fr\/wp-content\/uploads\/2025\/09\/salle.webp 1280w, https:\/\/www.campingesplanade.fr\/wp-content\/uploads\/2025\/09\/salle-300x200.webp 300w, https:\/\/www.campingesplanade.fr\/wp-content\/uploads\/2025\/09\/salle-1024x682.webp 1024w, https:\/\/www.campingesplanade.fr\/wp-content\/uploads\/2025\/09\/salle-768x511.webp 768w\" sizes=\"(max-width: 1280px) 100vw, 1280px\" \/><\/figure><\/li><li class=\"blocks-gallery-item\"><figure><img width=\"1280\" height=\"960\" src=\"https:\/\/www.campingesplanade.fr\/wp-content\/uploads\/2025\/09\/vue-exterieure.webp\" alt=\"Camping L'esplanade : Vue Exterieure\" data-id=\"8143\" data-full-url=\"https:\/\/www.campingesplanade.fr\/wp-content\/uploads\/2025\/09\/vue-exterieure.webp\" data-link=\"https:\/\/www.campingesplanade.fr\/mobil-home-propriano\/vue-exterieure\/\" class=\"wp-image-8143\" srcset=\"https:\/\/www.campingesplanade.fr\/wp-content\/uploads\/2025\/09\/vue-exterieure.webp 1280w, https:\/\/www.campingesplanade.fr\/wp-content\/uploads\/2025\/09\/vue-exterieure-300x225.webp 300w, https:\/\/www.campingesplanade.fr\/wp-content\/uploads\/2025\/09\/vue-exterieure-1024x768.webp 1024w, https:\/\/www.campingesplanade.fr\/wp-content\/uploads\/2025\/09\/vue-exterieure-768x576.webp 768w\" sizes=\"(max-width: 1280px) 100vw, 1280px\" \/><\/figure><\/li><\/ul><\/figure>\n<\/div>\n\n\n\n<div class=\"wp-block-column is-vertically-aligned-center\">\n<h2>Mobilheim \u00c9tape 1 Schlafzimmer &#8211; der ideale Zwischenstopp<\/h2>\n\n\n\n<p>F\u00fcr einen komfortablen Zwischenstopp im Herzen der Macchia und nur einen Katzensprung vom Meer entfernt bietet Ihnen unser Mobilheim \u00c9tape 1 Zimmer den ganzen Charme und die Geselligkeit eines Campingplatzes mit dem Komfort eines Hotelaufenthalts. Es ist f\u00fcr eine Nacht konzipiert und vereint Flexibilit\u00e4t und Wohlbefinden, dank seiner Etappenformel, die Bettw\u00e4sche und Handt\u00fccher sowie die Reinigungspauschale beinhaltet. Sie reisen mit leichtem Gep\u00e4ck und genie\u00dfen einen Zwischenstopp ohne Einschr\u00e4nkungen!  <\/p>\n\n\n\n<p>Lassen Sie sich nach Ihrem Einzug von der au\u00dfergew\u00f6hnlichen Naturkulisse, die Sie umgibt, verzaubern und nutzen Sie die Dienstleistungen und Einrichtungen des Campingplatzes: Depot f\u00fcr frisches Brot, kleiner Lebensmittelladen und Restaurant, die von Mai bis September ge\u00f6ffnet sind, beheiztes Schwimmbad mit \u00dcberlaufrinne, Sportbereiche und nicht zu vergessen unsere pers\u00f6nlichen Tipps zur Erkundung der Region mit unseren lokalen Partnern.<\/p>\n\n\n\n<p>Eine Pause wie im Hotel&#8230; in einer au\u00dfergew\u00f6hnlichen nat\u00fcrlichen Umgebung im Herzen der Macchia und direkt am Meer!<\/p>\n\n\n\n<div class=\"wp-block-buttons\">\n<div class=\"wp-block-button bouton-reservation\"><a class=\"wp-block-button__link\"> Ihren Aufenthalt simulieren<\/a><\/div>\n<\/div>\n<\/div>\n<\/div>\n\n\n\n<div class=\"wp-block-columns section_texte-photo\">\n<div class=\"wp-block-column is-vertically-aligned-center\">\n<h2> Eine Lodge f\u00fcr den Familienurlaub <\/h2>\n\n\n\n<p>Neben unseren <strong>Mobilheimen in Propriano<\/strong> bieten wir auch die<strong> Lodge-Zelte &#8222;Victoria&#8220;<\/strong> an, die in ihren zwei ger\u00e4umigen Zimmern Platz f\u00fcr 5 Personen bieten.<\/p>\n\n\n\n<p>Diese Zelte haben eine <strong>Fl\u00e4che von 30 m\u00b2, <\/strong>sodass Sie bequem mit Ihren Freunden oder Ihrer Familie zusammenleben k\u00f6nnen. Sie bieten \u00fcberdachte Terrassen und alle Ausstattungen, die Sie w\u00e4hrend Ihres Aufenthalts ben\u00f6tigen k\u00f6nnten (Geschirr, Tisch, St\u00fchle, Bett, K\u00fchlschrank&#8230;). <\/p>\n\n\n\n<div class=\"wp-block-buttons\">\n<div class=\"wp-block-button bouton-reservation\"><a class=\"wp-block-button__link\"> Ihren Aufenthalt simulieren<\/a><\/div>\n<\/div>\n<\/div>\n\n\n\n<div class=\"wp-block-column\">\n<figure class=\"wp-block-gallery aligncenter columns-3  section_diaporama\"><ul class=\"blocks-gallery-grid\"><li class=\"blocks-gallery-item\"><figure><img width=\"1024\" height=\"574\" src=\"https:\/\/www.campingesplanade.fr\/wp-content\/uploads\/2024\/06\/IMG_20240531_171129-1024x574.jpg\" alt=\"Camping L'esplanade : Img 20240531 171129\" data-id=\"5765\" data-full-url=\"https:\/\/www.campingesplanade.fr\/wp-content\/uploads\/2024\/06\/IMG_20240531_171129-scaled.jpg\" data-link=\"https:\/\/www.campingesplanade.fr\/hebergements\/img_20240531_171129-2\/\" class=\"wp-image-5765\" srcset=\"https:\/\/www.campingesplanade.fr\/wp-content\/uploads\/2024\/06\/IMG_20240531_171129-1024x574.jpg 1024w, https:\/\/www.campingesplanade.fr\/wp-content\/uploads\/2024\/06\/IMG_20240531_171129-300x168.jpg 300w, https:\/\/www.campingesplanade.fr\/wp-content\/uploads\/2024\/06\/IMG_20240531_171129-768x431.jpg 768w, https:\/\/www.campingesplanade.fr\/wp-content\/uploads\/2024\/06\/IMG_20240531_171129-1536x862.jpg 1536w, https:\/\/www.campingesplanade.fr\/wp-content\/uploads\/2024\/06\/IMG_20240531_171129-scaled.jpg 2048w\" sizes=\"(max-width: 1024px) 100vw, 1024px\" \/><\/figure><\/li><li class=\"blocks-gallery-item\"><figure><img width=\"1024\" height=\"576\" src=\"https:\/\/www.campingesplanade.fr\/wp-content\/uploads\/2024\/06\/IMG_20240531_171211-1024x576.jpg\" alt=\"Camping L'esplanade : Img 20240531 171211\" data-id=\"5780\" data-full-url=\"https:\/\/www.campingesplanade.fr\/wp-content\/uploads\/2024\/06\/IMG_20240531_171211-scaled.jpg\" data-link=\"https:\/\/www.campingesplanade.fr\/hebergements\/img_20240531_171211-2\/\" class=\"wp-image-5780\" srcset=\"https:\/\/www.campingesplanade.fr\/wp-content\/uploads\/2024\/06\/IMG_20240531_171211-1024x576.jpg 1024w, https:\/\/www.campingesplanade.fr\/wp-content\/uploads\/2024\/06\/IMG_20240531_171211-300x169.jpg 300w, https:\/\/www.campingesplanade.fr\/wp-content\/uploads\/2024\/06\/IMG_20240531_171211-768x432.jpg 768w, https:\/\/www.campingesplanade.fr\/wp-content\/uploads\/2024\/06\/IMG_20240531_171211-1536x864.jpg 1536w, https:\/\/www.campingesplanade.fr\/wp-content\/uploads\/2024\/06\/IMG_20240531_171211-scaled.jpg 2048w\" sizes=\"(max-width: 1024px) 100vw, 1024px\" \/><\/figure><\/li><li class=\"blocks-gallery-item\"><figure><img width=\"713\" height=\"475\" src=\"https:\/\/www.campingesplanade.fr\/wp-content\/uploads\/2021\/08\/categg_3_6.jpg\" alt=\"Camping L'esplanade : Categg 3 6\" data-id=\"1131\" data-link=\"https:\/\/www.campingesplanade.fr\/?attachment_id=1131\" class=\"wp-image-1131\" srcset=\"https:\/\/www.campingesplanade.fr\/wp-content\/uploads\/2021\/08\/categg_3_6.jpg 713w, https:\/\/www.campingesplanade.fr\/wp-content\/uploads\/2021\/08\/categg_3_6-300x200.jpg 300w\" sizes=\"(max-width: 713px) 100vw, 713px\" \/><\/figure><\/li><li class=\"blocks-gallery-item\"><figure><img width=\"1024\" height=\"576\" src=\"https:\/\/www.campingesplanade.fr\/wp-content\/uploads\/2024\/06\/IMG_20240602_111359-1024x576.jpg\" alt=\"Camping L'esplanade : Img 20240602 111359\" data-id=\"5775\" data-full-url=\"https:\/\/www.campingesplanade.fr\/wp-content\/uploads\/2024\/06\/IMG_20240602_111359-scaled.jpg\" data-link=\"https:\/\/www.campingesplanade.fr\/hebergements\/img_20240602_111359\/\" class=\"wp-image-5775\" srcset=\"https:\/\/www.campingesplanade.fr\/wp-content\/uploads\/2024\/06\/IMG_20240602_111359-1024x576.jpg 1024w, https:\/\/www.campingesplanade.fr\/wp-content\/uploads\/2024\/06\/IMG_20240602_111359-300x169.jpg 300w, https:\/\/www.campingesplanade.fr\/wp-content\/uploads\/2024\/06\/IMG_20240602_111359-768x432.jpg 768w, https:\/\/www.campingesplanade.fr\/wp-content\/uploads\/2024\/06\/IMG_20240602_111359-1536x864.jpg 1536w, https:\/\/www.campingesplanade.fr\/wp-content\/uploads\/2024\/06\/IMG_20240602_111359-scaled.jpg 2048w\" sizes=\"(max-width: 1024px) 100vw, 1024px\" \/><\/figure><\/li><li class=\"blocks-gallery-item\"><figure><img width=\"1024\" height=\"460\" src=\"https:\/\/www.campingesplanade.fr\/wp-content\/uploads\/2024\/06\/IMG_20240529_091530-1024x460.jpg\" alt=\"Camping L'esplanade : Img 20240529 091530\" data-id=\"5770\" data-full-url=\"https:\/\/www.campingesplanade.fr\/wp-content\/uploads\/2024\/06\/IMG_20240529_091530-scaled.jpg\" data-link=\"https:\/\/www.campingesplanade.fr\/hebergements\/img_20240529_091530\/\" class=\"wp-image-5770\" srcset=\"https:\/\/www.campingesplanade.fr\/wp-content\/uploads\/2024\/06\/IMG_20240529_091530-1024x460.jpg 1024w, https:\/\/www.campingesplanade.fr\/wp-content\/uploads\/2024\/06\/IMG_20240529_091530-300x135.jpg 300w, https:\/\/www.campingesplanade.fr\/wp-content\/uploads\/2024\/06\/IMG_20240529_091530-768x345.jpg 768w, https:\/\/www.campingesplanade.fr\/wp-content\/uploads\/2024\/06\/IMG_20240529_091530-1536x689.jpg 1536w, https:\/\/www.campingesplanade.fr\/wp-content\/uploads\/2024\/06\/IMG_20240529_091530-scaled.jpg 2048w\" sizes=\"(max-width: 1024px) 100vw, 1024px\" \/><\/figure><\/li><\/ul><\/figure>\n\n\n\n<p><\/p>\n<\/div>\n<\/div>\n\n\n\n<div class=\"wp-block-group section_redactionnel\"><div class=\"wp-block-group__inner-container\">\n<h2 class=\"has-text-align-center\">Ihr Familienurlaub in aller Gelassenheit<\/h2>\n\n\n\n<div class=\"wp-block-columns\">\n<div class=\"wp-block-column\" style=\"flex-basis:66.66%\">\n<p>Genie\u00dfen Sie mit der Familie oder mit Freunden einen ger\u00e4umigen und komfortablen Aufenthalt in unseren Unterk\u00fcnften <strong>f\u00fcr 6 Personen.<\/strong> Mit <strong>ihren 3 Schlafzimmern<\/strong> bieten sie jedem seinen eigenen Raum und erm\u00f6glichen es gleichzeitig, sch\u00f6ne Momente der Geselligkeit zu teilen.<\/p>\n\n\n\n<p>F\u00fcr Liebhaber weiter Horizonte bestechen unsere<strong> Chalets Plein-Air <\/strong>durch ihren <strong>herrlichen Meerblick<\/strong> und ihre ideale Aufteilung mit <strong>2 Doppelbetten und 2 Einzelbetten<\/strong>.<\/p>\n\n\n\n<p>Unsere <strong>Mobilheime mit 3 Schlafzimmern <\/strong>(M01, M06, M08, M10, M16, M20, M32, M38, M39 und M40) verf\u00fcgen ihrerseits \u00fcber ein <strong>Doppelbett und 4 Einzelbetten<\/strong>. Je nach Wunsch k\u00f6nnen Sie einen Platz in der N\u00e4he des Meeres, mit Meerblick oder<strong> in der N\u00e4he des Pools w\u00e4hlen<\/strong>. <\/p>\n\n\n\n<p>So k\u00f6nnen Sie Komfort, Zweckm\u00e4\u00dfigkeit und eine au\u00dfergew\u00f6hnliche Umgebung f\u00fcr einen gelungenen Familienurlaub kombinieren.<\/p>\n<\/div>\n\n\n\n<div class=\"wp-block-column is-vertically-aligned-center\" style=\"flex-basis:33.33%\">\n<div class=\"wp-block-buttons is-content-justification-center\">\n<div class=\"wp-block-button bouton-reservation\"><a class=\"wp-block-button__link\"> Ihren Aufenthalt simulieren<\/a><\/div>\n<\/div>\n<\/div>\n<\/div>\n<\/div><\/div>\n\n\n\n<div class=\"wp-block-group section_redactionnel\"><div class=\"wp-block-group__inner-container\">\n<h2>Entdecken Sie Propriano und Corse-du-Sud von Ihrem Mobilheim aus<\/h2>\n\n\n\n<div class=\"wp-block-columns\">\n<div class=\"wp-block-column\" style=\"flex-basis:100%\">\n<p>Von Ihrem <strong>Mobilheim in Corse-du-Sud <\/strong>im Herzen Korsikas aus enth\u00fcllt der geheimnisvolle <a href=\"https:\/\/www.campingesplanade.fr\/de\/umgebung\/golfe-de-valinco-propriano\/\" target=\"_blank\" rel=\"noreferrer noopener\">Golf von Valinco-Propriano<\/a> nach und nach seine Sch\u00e4tze und bietet eine au\u00dfergew\u00f6hnliche K\u00fcste mit smaragdgr\u00fcnem Wasser, die nur 200 Meter von unserem Campingplatz in Corse-du-Sud entfernt liegt. Dieses Reiseziel l\u00e4dt Sie dazu ein, <strong>Korsika und den ber\u00fchmten Golf von Valinco <\/strong>sowie seine herrlichen Str\u00e4nde zu entdecken. <\/p>\n\n\n\n<p>Der von Buchten durchzogene und lichtdurchflutete Golf von Valinco beherbergt ber\u00fchmte Str\u00e4nde, die zum Entspannen einladen. Neben den symboltr\u00e4chtigen Str\u00e4nden gibt es auch einige weniger bekannte Juwelen, die es wert sind, erkundet zu werden. Baracci zum Beispiel zeichnet sich durch seinen feinen Sand und das klare Wasser aus und bietet ein pr\u00e4chtiges Panorama auf die Berge. Der Strand von Puraja, der etwas weiter entfernt liegt, besticht durch seine wilde Sch\u00f6nheit und Ruhe und ist ein gut geh\u00fctetes Geheimnis f\u00fcr alle, die auf der Suche nach Authentizit\u00e4t sind. Der Lido-Strand ist ein beliebter Ort f\u00fcr Wassersportler und bietet einen idealen Spielplatz zum Surfen und Segeln.    <\/p>\n\n\n\n<p>Die schroffen Felsberge bieten eine Herausforderung f\u00fcr erfahrene Wanderer, w\u00e4hrend ihre H\u00e4nge nat\u00fcrliche und historische Sch\u00e4tze beherbergen. Die bewaldeten H\u00fcgel von Olmeto, die von \u00fcppigem Gr\u00fcn umh\u00fcllt sind, laden zu Erkundungen ein. Diese von Geschichten und Legenden durchzogene Gegend schl\u00e4ngelt ihre Pfade zwischen Eichen und Kastanienb\u00e4umen und enth\u00fcllt ein intimes Korsika von<strong> Ihrem Mobilheim in Propriano aus<\/strong>. <\/p>\n<\/div>\n<\/div>\n<\/div><\/div>\n","protected":false},"excerpt":{"rendered":"<p>Sie erreichen uns per E-Mail unter campingesplanade@gmail.com oder telefonisch unter Mobilheimvermietung in Propriano M\u00f6chten Sie in den Urlaub fahren und alles entdecken, was Corse-du-Sud zu bieten hat?Unser Campingplatz in Propriano ist ein geselliger und gem\u00fctlicher Ort, der ideal f\u00fcr Sie ist. Auf dem 4-Sterne-Campingplatz L&#8217;Esplanade in einer unserer Mobilheimvermietungen in Propriano. L&#8217;Esplanade liegt nur 9 [&hellip;]<\/p>\n","protected":false},"author":1,"featured_media":5721,"parent":0,"menu_order":0,"comment_status":"closed","ping_status":"closed","template":"","meta":[],"yoast_head":"<!-- This site is optimized with the Yoast SEO plugin v17.2.1 - https:\/\/yoast.com\/wordpress\/plugins\/seo\/ -->\n<title>Standort mobil-home Propriano | Camping en Corse-du-Sud<\/title>\n<meta name=\"description\" content=\"Buchen Sie Ihr Mobilheim in Propriano auf dem 4-Sterne-Campingplatz L&#039;Esplanade in Corse-du-Sud mit direktem Zugang zum Meer und Blick auf den Golf von Valinco.\" \/>\n<meta name=\"robots\" content=\"index, follow, max-snippet:-1, max-image-preview:large, max-video-preview:-1\" \/>\n<link rel=\"canonical\" href=\"https:\/\/www.campingesplanade.fr\/de\/vermietung\/\" \/>\n<meta property=\"og:locale\" content=\"de_DE\" \/>\n<meta property=\"og:type\" content=\"article\" \/>\n<meta property=\"og:title\" content=\"Standort mobil-home Propriano | Camping en Corse-du-Sud\" \/>\n<meta property=\"og:description\" content=\"Buchen Sie Ihr Mobilheim in Propriano auf dem 4-Sterne-Campingplatz L&#039;Esplanade in Corse-du-Sud mit direktem Zugang zum Meer und Blick auf den Golf von Valinco.\" \/>\n<meta property=\"og:url\" content=\"https:\/\/www.campingesplanade.fr\/de\/vermietung\/\" \/>\n<meta property=\"og:site_name\" content=\"Campingplatz l&#039;Esplanade\" \/>\n<meta property=\"article:modified_time\" content=\"2026-03-26T15:15:33+00:00\" \/>\n<meta property=\"og:image\" content=\"https:\/\/www.campingesplanade.fr\/wp-content\/uploads\/2024\/06\/IMG_20240616_112628-scaled.jpg\" \/>\n\t<meta property=\"og:image:width\" content=\"2048\" \/>\n\t<meta property=\"og:image:height\" content=\"1536\" \/>\n<meta name=\"twitter:card\" content=\"summary_large_image\" \/>\n<meta name=\"twitter:label1\" content=\"Gesch\u00e4tzte Lesezeit\" \/>\n\t<meta name=\"twitter:data1\" content=\"12 Minuten\" \/>\n<script type=\"application\/ld+json\" class=\"yoast-schema-graph\">{\"@context\":\"https:\/\/schema.org\",\"@graph\":[{\"@type\":\"WebSite\",\"@id\":\"https:\/\/www.campingesplanade.fr\/#website\",\"url\":\"https:\/\/www.campingesplanade.fr\/\",\"name\":\"Campingplatz l'Esplanade\",\"description\":\"3-Sterne-Campingplatz auf Korsika\",\"potentialAction\":[{\"@type\":\"SearchAction\",\"target\":{\"@type\":\"EntryPoint\",\"urlTemplate\":\"https:\/\/www.campingesplanade.fr\/?s={search_term_string}\"},\"query-input\":\"required name=search_term_string\"}],\"inLanguage\":\"de-DE\"},{\"@type\":\"ImageObject\",\"@id\":\"https:\/\/www.campingesplanade.fr\/de\/vermietung\/#primaryimage\",\"inLanguage\":\"de-DE\",\"url\":\"https:\/\/www.campingesplanade.fr\/wp-content\/uploads\/2024\/06\/IMG_20240616_112628-scaled.jpg\",\"contentUrl\":\"https:\/\/www.campingesplanade.fr\/wp-content\/uploads\/2024\/06\/IMG_20240616_112628-scaled.jpg\",\"width\":2048,\"height\":1536,\"caption\":\"Mobil-home en Corse-du-Sud - Camping Corse du Sud l'Esplanade\"},{\"@type\":\"WebPage\",\"@id\":\"https:\/\/www.campingesplanade.fr\/de\/vermietung\/#webpage\",\"url\":\"https:\/\/www.campingesplanade.fr\/de\/vermietung\/\",\"name\":\"Standort mobil-home Propriano | Camping en Corse-du-Sud\",\"isPartOf\":{\"@id\":\"https:\/\/www.campingesplanade.fr\/#website\"},\"primaryImageOfPage\":{\"@id\":\"https:\/\/www.campingesplanade.fr\/de\/vermietung\/#primaryimage\"},\"datePublished\":\"2021-05-04T12:22:27+00:00\",\"dateModified\":\"2026-03-26T15:15:33+00:00\",\"description\":\"Buchen Sie Ihr Mobilheim in Propriano auf dem 4-Sterne-Campingplatz L'Esplanade in Corse-du-Sud mit direktem Zugang zum Meer und Blick auf den Golf von Valinco.\",\"breadcrumb\":{\"@id\":\"https:\/\/www.campingesplanade.fr\/de\/vermietung\/#breadcrumb\"},\"inLanguage\":\"de-DE\",\"potentialAction\":[{\"@type\":\"ReadAction\",\"target\":[\"https:\/\/www.campingesplanade.fr\/de\/vermietung\/\"]}]},{\"@type\":\"BreadcrumbList\",\"@id\":\"https:\/\/www.campingesplanade.fr\/de\/vermietung\/#breadcrumb\",\"itemListElement\":[{\"@type\":\"ListItem\",\"position\":1,\"name\":\"Accueil\",\"item\":\"https:\/\/www.campingesplanade.fr\/de\/\"},{\"@type\":\"ListItem\",\"position\":2,\"name\":\"Mobil-home\"}]}]}<\/script>\n<!-- \/ Yoast SEO plugin. -->","yoast_head_json":{"title":"Standort mobil-home Propriano | Camping en Corse-du-Sud","description":"Buchen Sie Ihr Mobilheim in Propriano auf dem 4-Sterne-Campingplatz L'Esplanade in Corse-du-Sud mit direktem Zugang zum Meer und Blick auf den Golf von Valinco.","robots":{"index":"index","follow":"follow","max-snippet":"max-snippet:-1","max-image-preview":"max-image-preview:large","max-video-preview":"max-video-preview:-1"},"canonical":"https:\/\/www.campingesplanade.fr\/de\/vermietung\/","og_locale":"de_DE","og_type":"article","og_title":"Standort mobil-home Propriano | Camping en Corse-du-Sud","og_description":"Buchen Sie Ihr Mobilheim in Propriano auf dem 4-Sterne-Campingplatz L'Esplanade in Corse-du-Sud mit direktem Zugang zum Meer und Blick auf den Golf von Valinco.","og_url":"https:\/\/www.campingesplanade.fr\/de\/vermietung\/","og_site_name":"Campingplatz l'Esplanade","article_modified_time":"2026-03-26T15:15:33+00:00","og_image":[{"width":2048,"height":1536,"url":"https:\/\/www.campingesplanade.fr\/wp-content\/uploads\/2024\/06\/IMG_20240616_112628-scaled.jpg","path":"\/home\/esplanade\/public_html\/wp-content\/uploads\/2024\/06\/IMG_20240616_112628-scaled.jpg","size":"full","id":5721,"alt":"Mobil-home en Corse-du-Sud - Camping Corse du Sud l'Esplanade","pixels":3145728,"type":"image\/jpeg"}],"twitter_card":"summary_large_image","twitter_misc":{"Gesch\u00e4tzte Lesezeit":"12 Minuten"},"schema":{"@context":"https:\/\/schema.org","@graph":[{"@type":"WebSite","@id":"https:\/\/www.campingesplanade.fr\/#website","url":"https:\/\/www.campingesplanade.fr\/","name":"Campingplatz l'Esplanade","description":"3-Sterne-Campingplatz auf Korsika","potentialAction":[{"@type":"SearchAction","target":{"@type":"EntryPoint","urlTemplate":"https:\/\/www.campingesplanade.fr\/?s={search_term_string}"},"query-input":"required name=search_term_string"}],"inLanguage":"de-DE"},{"@type":"ImageObject","@id":"https:\/\/www.campingesplanade.fr\/de\/vermietung\/#primaryimage","inLanguage":"de-DE","url":"https:\/\/www.campingesplanade.fr\/wp-content\/uploads\/2024\/06\/IMG_20240616_112628-scaled.jpg","contentUrl":"https:\/\/www.campingesplanade.fr\/wp-content\/uploads\/2024\/06\/IMG_20240616_112628-scaled.jpg","width":2048,"height":1536,"caption":"Mobil-home en Corse-du-Sud - Camping Corse du Sud l'Esplanade"},{"@type":"WebPage","@id":"https:\/\/www.campingesplanade.fr\/de\/vermietung\/#webpage","url":"https:\/\/www.campingesplanade.fr\/de\/vermietung\/","name":"Standort mobil-home Propriano | Camping en Corse-du-Sud","isPartOf":{"@id":"https:\/\/www.campingesplanade.fr\/#website"},"primaryImageOfPage":{"@id":"https:\/\/www.campingesplanade.fr\/de\/vermietung\/#primaryimage"},"datePublished":"2021-05-04T12:22:27+00:00","dateModified":"2026-03-26T15:15:33+00:00","description":"Buchen Sie Ihr Mobilheim in Propriano auf dem 4-Sterne-Campingplatz L'Esplanade in Corse-du-Sud mit direktem Zugang zum Meer und Blick auf den Golf von Valinco.","breadcrumb":{"@id":"https:\/\/www.campingesplanade.fr\/de\/vermietung\/#breadcrumb"},"inLanguage":"de-DE","potentialAction":[{"@type":"ReadAction","target":["https:\/\/www.campingesplanade.fr\/de\/vermietung\/"]}]},{"@type":"BreadcrumbList","@id":"https:\/\/www.campingesplanade.fr\/de\/vermietung\/#breadcrumb","itemListElement":[{"@type":"ListItem","position":1,"name":"Accueil","item":"https:\/\/www.campingesplanade.fr\/de\/"},{"@type":"ListItem","position":2,"name":"Mobil-home"}]}]}},"_links":{"self":[{"href":"https:\/\/www.campingesplanade.fr\/de\/wp-json\/wp\/v2\/pages\/1987"}],"collection":[{"href":"https:\/\/www.campingesplanade.fr\/de\/wp-json\/wp\/v2\/pages"}],"about":[{"href":"https:\/\/www.campingesplanade.fr\/de\/wp-json\/wp\/v2\/types\/page"}],"author":[{"embeddable":true,"href":"https:\/\/www.campingesplanade.fr\/de\/wp-json\/wp\/v2\/users\/1"}],"replies":[{"embeddable":true,"href":"https:\/\/www.campingesplanade.fr\/de\/wp-json\/wp\/v2\/comments?post=1987"}],"version-history":[{"count":6,"href":"https:\/\/www.campingesplanade.fr\/de\/wp-json\/wp\/v2\/pages\/1987\/revisions"}],"predecessor-version":[{"id":8929,"href":"https:\/\/www.campingesplanade.fr\/de\/wp-json\/wp\/v2\/pages\/1987\/revisions\/8929"}],"wp:featuredmedia":[{"embeddable":true,"href":"https:\/\/www.campingesplanade.fr\/de\/wp-json\/wp\/v2\/media\/5721"}],"wp:attachment":[{"href":"https:\/\/www.campingesplanade.fr\/de\/wp-json\/wp\/v2\/media?parent=1987"}],"curies":[{"name":"wp","href":"https:\/\/api.w.org\/{rel}","templated":true}]}}